{"id":840,"date":"2019-11-27T10:13:06","date_gmt":"2019-11-27T09:13:06","guid":{"rendered":"http:\/\/www.mary-chaplin.com\/artiste-peintre\/?page_id=840"},"modified":"2026-01-03T10:02:22","modified_gmt":"2026-01-03T09:02:22","slug":"marines-vagues-paysages-baie-de-somme-et-cote-dalbatre","status":"publish","type":"page","link":"https:\/\/www.mary-chaplin.com\/artiste-peintre\/marines-vagues-paysages-baie-de-somme-et-cote-dalbatre\/","title":{"rendered":""},"content":{"rendered":"<p style=\"text-align: center;\"><style id=\"depicter-86-inline-pre-css\">\n\n.depicter-86:not(.depicter-ready){\n\theight:calc( 100vh - 0px );\n}\n\n<\/style>\n<div id=\"depicter-86\" class=\"depicter depicter-document depicter-revert depicter-86 depicter-layout-fullscreen\">\n\n<div class=\"depicter-loading-container depicter-loading rings-dark\"><svg class=\"depicter-single-svg-loading\" viewBox=\"0 0 45 45\" xmlns=\"http:\/\/www.w3.org\/2000\/svg\">\n   <g fill=\"none\" fill-rule=\"evenodd\" transform=\"translate(1 1)\" stroke-width=\"2\">\n      <circle cx=\"22\" cy=\"22\" r=\"6\" stroke-opacity=\"0\">\n         <animate attributeName=\"r\" begin=\"1.5s\" dur=\"3s\" values=\"6;22\" calcMode=\"linear\" repeatCount=\"indefinite\" \/>\n         <animate attributeName=\"stroke-opacity\" begin=\"1.5s\" dur=\"3s\" values=\"1;0\" calcMode=\"linear\" repeatCount=\"indefinite\" \/>\n         <animate attributeName=\"stroke-width\" begin=\"1.5s\" dur=\"3s\" values=\"2;0\" calcMode=\"linear\" repeatCount=\"indefinite\" \/>\n      <\/circle>\n      <circle cx=\"22\" cy=\"22\" r=\"6\" stroke-opacity=\"0\">\n         <animate attributeName=\"r\" begin=\"3s\" dur=\"3s\" values=\"6;22\" calcMode=\"linear\" repeatCount=\"indefinite\" \/>\n         <animate attributeName=\"stroke-opacity\" begin=\"3s\" dur=\"3s\" values=\"1;0\" calcMode=\"linear\" repeatCount=\"indefinite\" \/>\n         <animate attributeName=\"stroke-width\" begin=\"3s\" dur=\"3s\" values=\"2;0\" calcMode=\"linear\" repeatCount=\"indefinite\" \/>\n      <\/circle>\n      <circle cx=\"22\" cy=\"22\" r=\"8\">\n         <animate attributeName=\"r\" begin=\"0s\" dur=\"1.5s\" values=\"6;1;2;3;4;5;6\" calcMode=\"linear\" repeatCount=\"indefinite\" \/>\n      <\/circle>\n   <\/g>\n<\/svg>\n<\/div>\n\n<div class=\"depicter-overlay-layers\">\n<picture id=\"depicter-86-element-8\" class=\"depicter-element depicter-layer depicter-86-element-8\" data-type=\"image\" data-wrap=\"true\" data-name=\"Image 4\" data-local-id=\"element-8\" data-offset=\"x:116px;y:270px;origin:ml\" data-mobile-offset=\"x:-126px;y:345px;origin:ml\" data-width=\"595px,,595px\" data-height=\"80px,,80px\" data-responsive-scale=\"true,,\" data-crop=\"false\">\n<source data-depicter-srcset=\"https:\/\/www.mary-chaplin.com\/artiste-peintre\/wp-content\/uploads\/2022\/09\/cropped-logo-mc-2022-595x80.png, https:\/\/www.mary-chaplin.com\/artiste-peintre\/wp-content\/uploads\/2022\/09\/cropped-logo-mc-2022-1190x160.png 2x\" srcset=\"data:image\/gif;base64,R0lGODlhAQABAIAAAAAAAP\/\/\/yH5BAEAAAAALAAAAAABAAEAAAIBRAA7\" \/>\n<img decoding=\"async\" src=\"data:image\/gif;base64,R0lGODlhAQABAIAAAAAAAP\/\/\/yH5BAEAAAAALAAAAAABAAEAAAIBRAA7\" data-depicter-src=\"https:\/\/www.mary-chaplin.com\/artiste-peintre\/wp-content\/uploads\/2022\/09\/cropped-logo-mc-2022-595x80.png\" alt=\"\" \/>\n<\/picture>\n<h1 data-animation-in=\"{'direction':'right','easing':'easeInOutExpo','duration':2500,'movement':300,'type':'move'}\" data-between-in-out=\"false\" id=\"depicter-86-element-7\" class=\"depicter-element depicter-layer depicter-86-element-7\" data-type=\"text\" data-wrap=\"true\" data-name=\"Text 1\" data-local-id=\"element-7\" data-offset=\"x:73px;y:-209px;origin:mr\" data-tablet-offset=\"x:35px;y:-197px;origin:ml\" data-mobile-offset=\"x:12px;y:-301px;origin:mc\" data-width=\"330px,271.438px,271.438px\" data-height=\"auto,auto,auto\" data-responsive-scale=\"true,,\">D\u00e9couvrez ici mes<br>REFLETS D'EAU :<\/h1>\n\n<\/div>\n\n<div id=\"depicter-86-section-1\" class=\"depicter-section depicter-86-section-1\" data-name=\"Slide 1\" data-type=\"section\" data-local-id=\"section-1\">\n<picture class=\"depicter-bg\">\n<source data-depicter-srcset=\"https:\/\/www.mary-chaplin.com\/artiste-peintre\/wp-content\/uploads\/2022\/09\/vagues-et-marines-reflets-deau-1-768x543.jpg, https:\/\/www.mary-chaplin.com\/artiste-peintre\/wp-content\/uploads\/2022\/09\/vagues-et-marines-reflets-deau-1.jpg 2x\" srcset=\"data:image\/gif;base64,R0lGODlhAQABAIAAAAAAAP\/\/\/yH5BAEAAAAALAAAAAABAAEAAAIBRAA7\" media=\"(max-width: 1024px)\" \/>\n\n<source data-depicter-srcset=\"https:\/\/www.mary-chaplin.com\/artiste-peintre\/wp-content\/uploads\/2022\/09\/vagues-et-marines-reflets-deau-1.jpg, https:\/\/www.mary-chaplin.com\/artiste-peintre\/wp-content\/uploads\/2022\/09\/vagues-et-marines-reflets-deau-1-1024x724.jpg 2x\" srcset=\"data:image\/gif;base64,R0lGODlhAQABAIAAAAAAAP\/\/\/yH5BAEAAAAALAAAAAABAAEAAAIBRAA7\" media=\"(min-width: 1025px)\" \/>\n<img decoding=\"async\" src=\"data:image\/gif;base64,R0lGODlhAQABAIAAAAAAAP\/\/\/yH5BAEAAAAALAAAAAABAAEAAAIBRAA7\" alt=\"\" data-depicter-src=\"https:\/\/www.mary-chaplin.com\/artiste-peintre\/wp-content\/uploads\/2022\/09\/vagues-et-marines-reflets-deau-1.jpg\" \/>\n<\/picture>\n\n<\/div>\n\n<div id=\"depicter-86-section-23\" class=\"depicter-section depicter-86-section-23\" data-name=\"Slide 5\" data-type=\"section\" data-local-id=\"section-23\">\n<picture id=\"depicter-86-element-41\" class=\"depicter-element depicter-layer depicter-86-element-41\" data-type=\"image\" data-wrap=\"true\" data-name=\"Image 8\" data-local-id=\"element-41\" data-offset=\"x:0px;y:0px;origin:ml\" data-mobile-offset=\"x:-385px;y:-12px;origin:ml\" data-width=\"1205px,,1205px\" data-height=\"700px,,700px\" data-responsive-scale=\"true,,\" data-crop=\"false\">\n<source data-depicter-srcset=\"https:\/\/www.mary-chaplin.com\/artiste-peintre\/wp-content\/uploads\/2022\/01\/Vague-a-lame-11-mary-chaplin-artiste-1205x700.jpg, https:\/\/www.mary-chaplin.com\/artiste-peintre\/wp-content\/uploads\/2022\/01\/Vague-a-lame-11-mary-chaplin-artiste-2410x1400.jpg 2x\" srcset=\"data:image\/gif;base64,R0lGODlhAQABAIAAAAAAAP\/\/\/yH5BAEAAAAALAAAAAABAAEAAAIBRAA7\" media=\"(max-width: 767px)\" \/>\n\n<source data-depicter-srcset=\"https:\/\/www.mary-chaplin.com\/artiste-peintre\/wp-content\/uploads\/2022\/01\/Vague-a-lame-11-mary-chaplin-artiste-1205x700.jpg, https:\/\/www.mary-chaplin.com\/artiste-peintre\/wp-content\/uploads\/2022\/01\/Vague-a-lame-11-mary-chaplin-artiste-2410x1400.jpg 2x\" srcset=\"data:image\/gif;base64,R0lGODlhAQABAIAAAAAAAP\/\/\/yH5BAEAAAAALAAAAAABAAEAAAIBRAA7\" media=\"(min-width: 768px)\" \/>\n<img decoding=\"async\" src=\"data:image\/gif;base64,R0lGODlhAQABAIAAAAAAAP\/\/\/yH5BAEAAAAALAAAAAABAAEAAAIBRAA7\" data-depicter-src=\"https:\/\/www.mary-chaplin.com\/artiste-peintre\/wp-content\/uploads\/2022\/01\/Vague-a-lame-11-mary-chaplin-artiste-1205x700.jpg\" alt=\"Traveil sur la lumi\u00e8re et le mouvement des vagues\" \/>\n<\/picture><\/div>\n\n<div id=\"depicter-86-section-9\" class=\"depicter-section depicter-86-section-9\" data-name=\"Slide 2\" data-type=\"section\" data-local-id=\"section-9\">\n<picture id=\"depicter-86-element-43\" class=\"depicter-element depicter-layer depicter-86-element-43\" data-type=\"image\" data-wrap=\"true\" data-name=\"Image 10\" data-local-id=\"element-43\" data-offset=\"x:0px;y:0px;origin:ml\" data-mobile-offset=\"x:-404px;y:-20px;origin:ml\" data-width=\"1205px,,1205px\" data-height=\"700px,,700px\" data-responsive-scale=\"true,,\" data-crop=\"false\">\n<source data-depicter-srcset=\"https:\/\/www.mary-chaplin.com\/artiste-peintre\/wp-content\/uploads\/2021\/07\/vague-a-l_ame-9-Mary-Chaplin-artiste-w-1205x700.jpg, https:\/\/www.mary-chaplin.com\/artiste-peintre\/wp-content\/uploads\/2021\/07\/vague-a-l_ame-9-Mary-Chaplin-artiste-w-2410x1400.jpg 2x\" srcset=\"data:image\/gif;base64,R0lGODlhAQABAIAAAAAAAP\/\/\/yH5BAEAAAAALAAAAAABAAEAAAIBRAA7\" media=\"(max-width: 767px)\" \/>\n\n<source data-depicter-srcset=\"https:\/\/www.mary-chaplin.com\/artiste-peintre\/wp-content\/uploads\/2021\/07\/vague-a-l_ame-9-Mary-Chaplin-artiste-w-1205x700.jpg, https:\/\/www.mary-chaplin.com\/artiste-peintre\/wp-content\/uploads\/2021\/07\/vague-a-l_ame-9-Mary-Chaplin-artiste-w-2410x1400.jpg 2x\" srcset=\"data:image\/gif;base64,R0lGODlhAQABAIAAAAAAAP\/\/\/yH5BAEAAAAALAAAAAABAAEAAAIBRAA7\" media=\"(min-width: 768px)\" \/>\n<img decoding=\"async\" src=\"data:image\/gif;base64,R0lGODlhAQABAIAAAAAAAP\/\/\/yH5BAEAAAAALAAAAAABAAEAAAIBRAA7\" data-depicter-src=\"https:\/\/www.mary-chaplin.com\/artiste-peintre\/wp-content\/uploads\/2021\/07\/vague-a-l_ame-9-Mary-Chaplin-artiste-w-1205x700.jpg\" alt=\"Vague \u00e0 l&#039;\u00e2me N\u00b09\" \/>\n<\/picture><\/div>\n\n<div id=\"depicter-86-section-11\" class=\"depicter-section depicter-86-section-11\" data-name=\"Slide 3\" data-type=\"section\" data-local-id=\"section-11\">\n<div data-animation-in=\"{'direction':'bottom','easing':'easeOutQuart','duration':3500,'movement':1000,'fade':true,'type':'move'}\" data-animation-out=\"{'direction':'left','easing':'easeInOutQuart','duration':1600,'movement':0,'rotate':-35,'type':'move'}\" data-between-in-out=\"false\" id=\"depicter-86-element-40\" class=\"depicter-element depicter-layer depicter-86-element-40\" data-type=\"svg\" data-wrap=\"true\" data-name=\"SVG 3\" data-local-id=\"element-40\" data-offset=\"x:163px;y:29px;origin:mr\" data-mobile-offset=\"x:47px;y:29px;origin:ml\" data-width=\"150px,,\" data-height=\"130px,,\" data-responsive-scale=\"true,,\">\n\t<svg width=\"100%\" height=\"100%\" viewBox=\"0 0 100 87\"><path d=\"M50 0l50 86.984H0zm0 0\" \/><\/svg>\n<\/div>\n\n<picture id=\"depicter-86-element-44\" class=\"depicter-element depicter-layer depicter-86-element-44\" data-type=\"image\" data-wrap=\"true\" data-name=\"Image 11\" data-local-id=\"element-44\" data-offset=\"x:1px;y:-70px;origin:ml\" data-mobile-offset=\"x:-225px;y:-49px;origin:ml\" data-width=\"810px,,810px\" data-height=\"560px,,560px\" data-responsive-scale=\"true,,\" data-crop=\"false\">\n<source data-depicter-srcset=\"https:\/\/www.mary-chaplin.com\/artiste-peintre\/wp-content\/uploads\/2020\/03\/miroir_de_ciel_a_saint_quentin_en_tourrmont-810x560.jpg, https:\/\/www.mary-chaplin.com\/artiste-peintre\/wp-content\/uploads\/2020\/03\/miroir_de_ciel_a_saint_quentin_en_tourrmont-1620x1120.jpg 2x\" srcset=\"data:image\/gif;base64,R0lGODlhAQABAIAAAAAAAP\/\/\/yH5BAEAAAAALAAAAAABAAEAAAIBRAA7\" media=\"(max-width: 767px)\" \/>\n\n<source data-depicter-srcset=\"https:\/\/www.mary-chaplin.com\/artiste-peintre\/wp-content\/uploads\/2020\/03\/miroir_de_ciel_a_saint_quentin_en_tourrmont-810x560.jpg, https:\/\/www.mary-chaplin.com\/artiste-peintre\/wp-content\/uploads\/2020\/03\/miroir_de_ciel_a_saint_quentin_en_tourrmont-1620x1120.jpg 2x\" srcset=\"data:image\/gif;base64,R0lGODlhAQABAIAAAAAAAP\/\/\/yH5BAEAAAAALAAAAAABAAEAAAIBRAA7\" media=\"(min-width: 768px)\" \/>\n<img decoding=\"async\" src=\"data:image\/gif;base64,R0lGODlhAQABAIAAAAAAAP\/\/\/yH5BAEAAAAALAAAAAABAAEAAAIBRAA7\" data-depicter-src=\"https:\/\/www.mary-chaplin.com\/artiste-peintre\/wp-content\/uploads\/2020\/03\/miroir_de_ciel_a_saint_quentin_en_tourrmont-810x560.jpg\" alt=\"Miroir de ciel a Saint Quentin en Tourmont\" \/>\n<\/picture><\/div>\n<\/div>\n<script>\n(window.depicterSetups = window.depicterSetups || []).push(function(){\n\tDepicter.basePath = 'https:\/\/www.mary-chaplin.com\/artiste-peintre\/wp-content\/plugins\/depicter\/resources\/scripts\/player\/';\n\tconst dpPlayer = Depicter.setup('.depicter-86',\n\t\t{\"width\":[\"1200\",\"1024\",\"360\"],\"height\":[\"700\",\"700\",\"740\"],\"view\":\"fade\",\"keepAspectRatio\":false,\"preload\":0,\"layout\":\"fullscreen\",\"rtl\":false,\"initAfterAppear\":false,\"ajaxApiUrl\":\"https:\\\/\\\/www.mary-chaplin.com\\\/artiste-peintre\\\/wp-admin\\\/admin-ajax.php\",\"slideshow\":{\"duration\":3,\"pauseOnHover\":false,\"autostart\":true},\"mouseSwipe\":true,\"touchSwipe\":true,\"fullscreenMargin\":\"0\",\"useWatermark\":false}\n\t);\n});\n<\/script><\/p>\n<h1>Reflets d&rsquo;eau, vagues et marines&#8230;<\/h1>\n<p><a href=\"https:\/\/fr.wikipedia.org\/wiki\/Mary_Chaplin\" target=\"_blank\" rel=\"noopener\">Mary Chaplin<\/a> est n\u00e9e \u00e0 Favi\u00e8res pr\u00e8s du Crotoy en Baie de Somme. C&rsquo;est ainsi l&rsquo;endroit o\u00f9 elle a pass\u00e9 une grande partie de son enfance. La nature \u00e9tait le terrain de jeux de ses jeunes ann\u00e9es. En effet, ses parents habitaient la rue du Marais et la Maye longeait le jardin derri\u00e8re la maison. Ainsi le marais, la rivi\u00e8re et les promenades en Baie de Somme (avec son p\u00e8re amoureux des grands espaces de la Baie et <a href=\"https:\/\/visiter-baie-somme.com\/l-art-en-baie-de-somme\/\" target=\"_blank\" rel=\"noopener noreferrer\">aussi tailleur de blettes<\/a> ) faisaient partie de son quotidien. Ces sc\u00e8nes sont naturellement toujours aujourd&rsquo;hui des sujets d&rsquo;inspiration pour l&rsquo;artiste install\u00e9e \u00e0 Cany-Barville en Normandie.<\/p>\n<h2>Mary Chaplin, peintre luministe :<\/h2>\n<p>Elle se consacre parall\u00e8lement <a href=\"http:\/\/marychaplin-peintreluministe.com\/artiste\/\" target=\"_blank\" rel=\"noopener noreferrer\">\u00e0 une \u0153uvre abstraite<\/a>, mais dans son atelier install\u00e9 de Cany-Barville en bordure de Durdent, en Normandie pr\u00e8s de la c\u00f4te d&rsquo;Alb\u00e2tre, berceau de l&rsquo;impressionnisme, Mary se rend r\u00e9guli\u00e8rement pour chercher l&rsquo;inspiration \u00e0 Veulettes sur Mer, aux Petites Dalles et aux Grandes Dalles. Ces lieux magiques l&rsquo;hypnotisent, elle y passe des heures \u00e0 observer le mouvement des vagues. Mais elle retourne aussi r\u00e9guli\u00e8rement en Baie de Somme chercher l&rsquo;inspiration avec <a href=\"https:\/\/www.visiterlabaiedesomme.com\/\" target=\"_blank\" rel=\"noopener\">Arnaud Delattre, guide Nature<\/a> qui l&rsquo;accompagne dans la recherche de ses sujets.<\/p>\n<p>A noter entre autres,\u00a0 dans le cadre du Festival Normandie Impressionnisme Mary Chaplin a \u00e9t\u00e9 l&rsquo;invit\u00e9e d&rsquo;Honneur du <a href=\"https:\/\/fr.wikipedia.org\/wiki\/Festival_Normandie_impressionniste\" target=\"_blank\" rel=\"noopener\">45\u00e8me Salon de Peinture de Criel sur Mer consacr\u00e9 au th\u00e8me de l&rsquo;eau<\/a><\/p>\n<p>Vous l&rsquo;aurez compris, Mary est attir\u00e9e par les lumi\u00e8res de la Baie de Somme et celles de la c\u00f4te d\u2019Alb\u00e2tre. Elle adore particuli\u00e8rement les mar\u00e9es basses o\u00f9 le ciel se refl\u00e8te sur les bancs de sable humides. Une autre fois, ce sera la lumi\u00e8re sur la cr\u00eate d&rsquo;une vague qui l&rsquo;inspirera&#8230;<\/p>\n<h3>Principaux lieux de diffusion de son travail sur les reflets d&rsquo;eaux:<\/h3>\n<p><b>En 2023 a eu lieu \u00e0 <\/b>\u00a0 <a href=\"https:\/\/saintvaleryencaux.fr\/maison-henri-iv\/\" target=\"_blank\" rel=\"noopener\">la Maison Henri IV de St Valery en Caux<\/a>\u00a0 une exposition consacr\u00e9e \u00e0 mon travail sur l\u2019eau intitul\u00e9e <a href=\"https:\/\/www.seine-maritime-tourisme.com\/diffusio\/fr\/je-choisis\/un-evenement\/fete-manifestation\/saint-valery-en-caux\/exposition-histoire-d-eau_TFOFMANOR076V51QQZS.php\" target=\"_blank\" rel=\"noopener\">&lsquo;Histoire d&rsquo;eau&rsquo;<\/a><\/p>\n<p>&nbsp;<\/p>\n<figure id=\"attachment_1776\" aria-describedby=\"caption-attachment-1776\" style=\"width: 724px\" class=\"wp-caption aligncenter\"><img loading=\"lazy\" decoding=\"async\" class=\"wp-image-1776 size-large\" src=\"https:\/\/www.mary-chaplin.com\/artiste-peintre\/wp-content\/uploads\/2023\/05\/affiche-Mary-Chaplin-724x1024.jpeg\" alt=\"\" width=\"724\" height=\"1024\" srcset=\"https:\/\/www.mary-chaplin.com\/artiste-peintre\/wp-content\/uploads\/2023\/05\/affiche-Mary-Chaplin-724x1024.jpeg 724w, https:\/\/www.mary-chaplin.com\/artiste-peintre\/wp-content\/uploads\/2023\/05\/affiche-Mary-Chaplin-424x600.jpeg 424w, https:\/\/www.mary-chaplin.com\/artiste-peintre\/wp-content\/uploads\/2023\/05\/affiche-Mary-Chaplin-768x1086.jpeg 768w, https:\/\/www.mary-chaplin.com\/artiste-peintre\/wp-content\/uploads\/2023\/05\/affiche-Mary-Chaplin-200x283.jpeg 200w, https:\/\/www.mary-chaplin.com\/artiste-peintre\/wp-content\/uploads\/2023\/05\/affiche-Mary-Chaplin-148x210.jpeg 148w, https:\/\/www.mary-chaplin.com\/artiste-peintre\/wp-content\/uploads\/2023\/05\/affiche-Mary-Chaplin.jpeg 905w\" sizes=\"auto, (max-width: 724px) 100vw, 724px\" \/><figcaption id=\"caption-attachment-1776\" class=\"wp-caption-text\"><a href=\"https:\/\/saintvaleryencaux.fr\/maison-henri-iv\/\" target=\"_blank\" rel=\"noopener\">Exposition &lsquo;Histoire d&rsquo;eau&rsquo;<\/a><\/figcaption><\/figure>\n<p>&nbsp;<\/p>\n<p>La galerie <a href=\"https:\/\/signetcontemporaryart.com\/shop\/landscape-paintings\/blues-vi\/\" target=\"_blank\" rel=\"noopener noreferrer\">Signet Contemporary Art gallery , Oxford Street Chelsea Londres \u00a0<\/a><\/p>\n<p>Jusqu&rsquo;en 2023 la galerie\u00a0 Huis Huis de Jan Van Damme de Gand en Belgique a pr\u00e9sent\u00e9 mon travail sur les reflets d&rsquo;eau<\/p>\n<div id='gallery-1' class='gallery galleryid-840 gallery-columns-3 gallery-size-thumbnail'><figure class='gallery-item'>\n\t\t\t<div class='gallery-icon landscape'>\n\t\t\t\t<a href='https:\/\/www.mary-chaplin.com\/artiste-peintre\/wp-content\/uploads\/2026\/01\/vague-a-lame-27-116x81cm-scaled.jpg'><img loading=\"lazy\" decoding=\"async\" width=\"150\" height=\"150\" src=\"https:\/\/www.mary-chaplin.com\/artiste-peintre\/wp-content\/uploads\/2026\/01\/vague-a-lame-27-116x81cm-150x150.jpg\" class=\"attachment-thumbnail size-thumbnail\" alt=\"\" aria-describedby=\"gallery-1-2017\" \/><\/a>\n\t\t\t<\/div>\n\t\t\t\t<figcaption class='wp-caption-text gallery-caption' id='gallery-1-2017'>\n\t\t\t\tvague a l\u2019\u00e2me 27, 116x81cm\n\t\t\t\t<\/figcaption><\/figure><figure class='gallery-item'>\n\t\t\t<div class='gallery-icon landscape'>\n\t\t\t\t<a href='https:\/\/www.mary-chaplin.com\/artiste-peintre\/wp-content\/uploads\/2026\/01\/vague-a-lame-26-180-scaled.jpg'><img loading=\"lazy\" decoding=\"async\" width=\"150\" height=\"150\" src=\"https:\/\/www.mary-chaplin.com\/artiste-peintre\/wp-content\/uploads\/2026\/01\/vague-a-lame-26-180-150x150.jpg\" class=\"attachment-thumbnail size-thumbnail\" alt=\"\" aria-describedby=\"gallery-1-2016\" \/><\/a>\n\t\t\t<\/div>\n\t\t\t\t<figcaption class='wp-caption-text gallery-caption' id='gallery-1-2016'>\n\t\t\t\tVague \u00e0 l&rsquo;\u00e2me 26, 120x100cm\n\t\t\t\t<\/figcaption><\/figure><figure class='gallery-item'>\n\t\t\t<div class='gallery-icon landscape'>\n\t\t\t\t<a href='https:\/\/www.mary-chaplin.com\/artiste-peintre\/wp-content\/uploads\/2025\/05\/vague-a-lame-25-116x81-s.jpg'><img loading=\"lazy\" decoding=\"async\" width=\"150\" height=\"150\" src=\"https:\/\/www.mary-chaplin.com\/artiste-peintre\/wp-content\/uploads\/2025\/05\/vague-a-lame-25-116x81-s-150x150.jpg\" class=\"attachment-thumbnail size-thumbnail\" alt=\"\" aria-describedby=\"gallery-1-2007\" \/><\/a>\n\t\t\t<\/div>\n\t\t\t\t<figcaption class='wp-caption-text gallery-caption' id='gallery-1-2007'>\n\t\t\t\tVague \u00e0 l&rsquo;\u00e2me N\u00b0 25, acrylique sur toile 116x81cm Vendue\n\t\t\t\t<\/figcaption><\/figure><figure class='gallery-item'>\n\t\t\t<div class='gallery-icon landscape'>\n\t\t\t\t<a href='https:\/\/www.mary-chaplin.com\/artiste-peintre\/wp-content\/uploads\/2024\/03\/Vague-a-lame-n\u00b022-116x89cm-Mary-Chaplin-artiste.jpg'><img loading=\"lazy\" decoding=\"async\" width=\"150\" height=\"150\" src=\"https:\/\/www.mary-chaplin.com\/artiste-peintre\/wp-content\/uploads\/2024\/03\/Vague-a-lame-n\u00b022-116x89cm-Mary-Chaplin-artiste-150x150.jpg\" class=\"attachment-thumbnail size-thumbnail\" alt=\"\" aria-describedby=\"gallery-1-1931\" \/><\/a>\n\t\t\t<\/div>\n\t\t\t\t<figcaption class='wp-caption-text gallery-caption' id='gallery-1-1931'>\n\t\t\t\tVague \u00e0 l&rsquo;\u00e2me n\u00b022 116x89cm acrylique sur toile Vendue\n\t\t\t\t<\/figcaption><\/figure><figure class='gallery-item'>\n\t\t\t<div class='gallery-icon portrait'>\n\t\t\t\t<a href='https:\/\/www.mary-chaplin.com\/artiste-peintre\/wp-content\/uploads\/2024\/09\/vague-a-l-ame-24-116x73-din-situ.jpg'><img loading=\"lazy\" decoding=\"async\" width=\"150\" height=\"150\" src=\"https:\/\/www.mary-chaplin.com\/artiste-peintre\/wp-content\/uploads\/2024\/09\/vague-a-l-ame-24-116x73-din-situ-150x150.jpg\" class=\"attachment-thumbnail size-thumbnail\" alt=\"\" aria-describedby=\"gallery-1-1967\" \/><\/a>\n\t\t\t<\/div>\n\t\t\t\t<figcaption class='wp-caption-text gallery-caption' id='gallery-1-1967'>\n\t\t\t\tVague a l&rsquo; \u00e2me N\u00b0 24, acrylique sur toile, 116x73cm VENDUE\n\t\t\t\t<\/figcaption><\/figure><figure class='gallery-item'>\n\t\t\t<div class='gallery-icon landscape'>\n\t\t\t\t<a href='https:\/\/www.mary-chaplin.com\/artiste-peintre\/wp-content\/uploads\/2024\/08\/vague-N-\u00b023-116x89cm-mary-chaplin-pp.jpg'><img loading=\"lazy\" decoding=\"async\" width=\"150\" height=\"150\" src=\"https:\/\/www.mary-chaplin.com\/artiste-peintre\/wp-content\/uploads\/2024\/08\/vague-N-\u00b023-116x89cm-mary-chaplin-pp-150x150.jpg\" class=\"attachment-thumbnail size-thumbnail\" alt=\"\" aria-describedby=\"gallery-1-1964\" \/><\/a>\n\t\t\t<\/div>\n\t\t\t\t<figcaption class='wp-caption-text gallery-caption' id='gallery-1-1964'>\n\t\t\t\tvague N \u00b023 116 x 89cm (Veulettes sur mer)  VENDUE\n\t\t\t\t<\/figcaption><\/figure><figure class='gallery-item'>\n\t\t\t<div class='gallery-icon landscape'>\n\t\t\t\t<a href='https:\/\/www.mary-chaplin.com\/artiste-peintre\/wp-content\/uploads\/2023\/05\/vague-a-lame21-acrylique-sur-toile-120x100cm-Mary-Chaplin.jpg'><img loading=\"lazy\" decoding=\"async\" width=\"150\" height=\"150\" src=\"https:\/\/www.mary-chaplin.com\/artiste-peintre\/wp-content\/uploads\/2023\/05\/vague-a-lame21-acrylique-sur-toile-120x100cm-Mary-Chaplin-150x150.jpg\" class=\"attachment-thumbnail size-thumbnail\" alt=\"Image de l\u2019\u0153uvre intitul\u00e9e Vague a l\u2019\u00c2me n21 acrylique sur toile, 120x100cm de l&#039;artiste Mary Chaplin\" aria-describedby=\"gallery-1-1768\" \/><\/a>\n\t\t\t<\/div>\n\t\t\t\t<figcaption class='wp-caption-text gallery-caption' id='gallery-1-1768'>\n\t\t\t\tVague \u00e0 l&rsquo;\u00e2me 21 acrylique sur toile 120x100cm SOLD\n\t\t\t\t<\/figcaption><\/figure><figure class='gallery-item'>\n\t\t\t<div class='gallery-icon landscape'>\n\t\t\t\t<a href='https:\/\/www.mary-chaplin.com\/artiste-peintre\/wp-content\/uploads\/2023\/05\/vague-a-lame21-acrylique-sur-toile-120x100cm-Mary-Chaplin-peintre-detail-4.jpg'><img loading=\"lazy\" decoding=\"async\" width=\"150\" height=\"150\" src=\"https:\/\/www.mary-chaplin.com\/artiste-peintre\/wp-content\/uploads\/2023\/05\/vague-a-lame21-acrylique-sur-toile-120x100cm-Mary-Chaplin-peintre-detail-4-150x150.jpg\" class=\"attachment-thumbnail size-thumbnail\" alt=\"Image d&#039;un d\u00e9tail de l\u2019\u0153uvre intitul\u00e9e Vague a l\u2019\u00c2me n21 acrylique sur toile, 120x100cm de l&#039;artiste Mary Chaplin\" aria-describedby=\"gallery-1-1767\" \/><\/a>\n\t\t\t<\/div>\n\t\t\t\t<figcaption class='wp-caption-text gallery-caption' id='gallery-1-1767'>\n\t\t\t\tVague \u00e0 l&rsquo;\u00e2me 21 acrylique sur toile 120x100cm (d\u00e9tail de)\n\t\t\t\t<\/figcaption><\/figure><figure class='gallery-item'>\n\t\t\t<div class='gallery-icon landscape'>\n\t\t\t\t<a href='https:\/\/www.mary-chaplin.com\/artiste-peintre\/wp-content\/uploads\/2023\/04\/vague-a-lame-18-130x89-cm-Mary-Chaplin.jpg'><img loading=\"lazy\" decoding=\"async\" width=\"150\" height=\"150\" src=\"https:\/\/www.mary-chaplin.com\/artiste-peintre\/wp-content\/uploads\/2023\/04\/vague-a-lame-18-130x89-cm-Mary-Chaplin-150x150.jpg\" class=\"attachment-thumbnail size-thumbnail\" alt=\"Vague etretat\" aria-describedby=\"gallery-1-1743\" \/><\/a>\n\t\t\t<\/div>\n\t\t\t\t<figcaption class='wp-caption-text gallery-caption' id='gallery-1-1743'>\n\t\t\t\tvague \u00e0 l&rsquo;\u00e2me 18 130&#215;89 cm, vendue\n\t\t\t\t<\/figcaption><\/figure><figure class='gallery-item'>\n\t\t\t<div class='gallery-icon landscape'>\n\t\t\t\t<a href='https:\/\/www.mary-chaplin.com\/artiste-peintre\/wp-content\/uploads\/2022\/12\/vague-a-l-ame-no15-mary-chaplin-.jpg'><img loading=\"lazy\" decoding=\"async\" width=\"150\" height=\"150\" src=\"https:\/\/www.mary-chaplin.com\/artiste-peintre\/wp-content\/uploads\/2022\/12\/vague-a-l-ame-no15-mary-chaplin--150x150.jpg\" class=\"attachment-thumbnail size-thumbnail\" alt=\"\" aria-describedby=\"gallery-1-1731\" \/><\/a>\n\t\t\t<\/div>\n\t\t\t\t<figcaption class='wp-caption-text gallery-caption' id='gallery-1-1731'>\n\t\t\t\tVague \u00e0 l&rsquo;\u00e2me N\u00b015 ,116x89cm acrylique sur toile Vendue\n\t\t\t\t<\/figcaption><\/figure><figure class='gallery-item'>\n\t\t\t<div class='gallery-icon landscape'>\n\t\t\t\t<a href='https:\/\/www.mary-chaplin.com\/artiste-peintre\/wp-content\/uploads\/2023\/01\/Vague-a-lame-16Tempete-hivernale-aux-petites-Dalles-92x73-acrylique-sur-toile-w.jpg'><img loading=\"lazy\" decoding=\"async\" width=\"150\" height=\"150\" src=\"https:\/\/www.mary-chaplin.com\/artiste-peintre\/wp-content\/uploads\/2023\/01\/Vague-a-lame-16Tempete-hivernale-aux-petites-Dalles-92x73-acrylique-sur-toile-w-150x150.jpg\" class=\"attachment-thumbnail size-thumbnail\" alt=\"\" aria-describedby=\"gallery-1-1734\" \/><\/a>\n\t\t\t<\/div>\n\t\t\t\t<figcaption class='wp-caption-text gallery-caption' id='gallery-1-1734'>\n\t\t\t\tVague \u00e0 l&rsquo;\u00e2me 16 &lsquo;Temp\u00eate hivernale aux petites Dalles\u00a0\u00bb 92&#215;73 acrylique sur toile, vendue\n\t\t\t\t<\/figcaption><\/figure><figure class='gallery-item'>\n\t\t\t<div class='gallery-icon landscape'>\n\t\t\t\t<a href='https:\/\/www.mary-chaplin.com\/artiste-peintre\/wp-content\/uploads\/2023\/04\/vague-a-l-ame-14-acrylique-sur-toile-92x73cmMary-Chaplin.jpg'><img loading=\"lazy\" decoding=\"async\" width=\"150\" height=\"150\" src=\"https:\/\/www.mary-chaplin.com\/artiste-peintre\/wp-content\/uploads\/2023\/04\/vague-a-l-ame-14-acrylique-sur-toile-92x73cmMary-Chaplin-150x150.jpg\" class=\"attachment-thumbnail size-thumbnail\" alt=\"Vague aux petites dalles\" aria-describedby=\"gallery-1-1741\" \/><\/a>\n\t\t\t<\/div>\n\t\t\t\t<figcaption class='wp-caption-text gallery-caption' id='gallery-1-1741'>\n\t\t\t\tvague \u00e0 l&rsquo;\u00e2me 14 acrylique sur toile 92x73cm VENDUE\n\t\t\t\t<\/figcaption><\/figure><figure class='gallery-item'>\n\t\t\t<div class='gallery-icon landscape'>\n\t\t\t\t<a href='https:\/\/www.mary-chaplin.com\/artiste-peintre\/wp-content\/uploads\/2023\/05\/vague-a-l-ame-n20-116x89-1.jpg'><img loading=\"lazy\" decoding=\"async\" width=\"150\" height=\"150\" src=\"https:\/\/www.mary-chaplin.com\/artiste-peintre\/wp-content\/uploads\/2023\/05\/vague-a-l-ame-n20-116x89-1-150x150.jpg\" class=\"attachment-thumbnail size-thumbnail\" alt=\"Image de l\u2019\u0153uvre intitul\u00e9e Vague a l\u2019\u00c2me n20 acrylique sur toile, 116x89cm de l&#039;artiste Mary Chaplin\" aria-describedby=\"gallery-1-1766\" \/><\/a>\n\t\t\t<\/div>\n\t\t\t\t<figcaption class='wp-caption-text gallery-caption' id='gallery-1-1766'>\n\t\t\t\tVague a l\u2019\u00c2me n20 acrylique sur toile,  116x89cm VENDUE\n\t\t\t\t<\/figcaption><\/figure><figure class='gallery-item'>\n\t\t\t<div class='gallery-icon landscape'>\n\t\t\t\t<a href='https:\/\/www.mary-chaplin.com\/artiste-peintre\/wp-content\/uploads\/2023\/04\/vague-a-lame-19-acrylique-sur-toile-116x73cmok-scaled.jpg'><img loading=\"lazy\" decoding=\"async\" width=\"150\" height=\"150\" src=\"https:\/\/www.mary-chaplin.com\/artiste-peintre\/wp-content\/uploads\/2023\/04\/vague-a-lame-19-acrylique-sur-toile-116x73cmok-150x150.jpg\" class=\"attachment-thumbnail size-thumbnail\" alt=\"Vague \u00e0 Veulettes\" aria-describedby=\"gallery-1-1744\" \/><\/a>\n\t\t\t<\/div>\n\t\t\t\t<figcaption class='wp-caption-text gallery-caption' id='gallery-1-1744'>\n\t\t\t\tvague \u00e0 l&rsquo;\u00e2me  19 acrylique sur toile 116x73cm vendue\n\t\t\t\t<\/figcaption><\/figure><figure class='gallery-item'>\n\t\t\t<div class='gallery-icon landscape'>\n\t\t\t\t<a href='https:\/\/www.mary-chaplin.com\/artiste-peintre\/wp-content\/uploads\/2023\/04\/Mary-Chaplin-vague-a-lame-17-130x89-1.jpg'><img loading=\"lazy\" decoding=\"async\" width=\"150\" height=\"150\" src=\"https:\/\/www.mary-chaplin.com\/artiste-peintre\/wp-content\/uploads\/2023\/04\/Mary-Chaplin-vague-a-lame-17-130x89-1-150x150.jpg\" class=\"attachment-thumbnail size-thumbnail\" alt=\"Vague \u00e0 Veulettes sur mer\" aria-describedby=\"gallery-1-1742\" \/><\/a>\n\t\t\t<\/div>\n\t\t\t\t<figcaption class='wp-caption-text gallery-caption' id='gallery-1-1742'>\n\t\t\t\tvague \u00e0 l&rsquo;\u00e2me 17 130x89cm Vendue\n\t\t\t\t<\/figcaption><\/figure><figure class='gallery-item'>\n\t\t\t<div class='gallery-icon landscape'>\n\t\t\t\t<a href='https:\/\/www.mary-chaplin.com\/artiste-peintre\/wp-content\/uploads\/2023\/05\/aurore-en-Baie-de-Somme-huile-80x80cm-Mary-Chaplin-peintre.jpg'><img loading=\"lazy\" decoding=\"async\" width=\"150\" height=\"150\" src=\"https:\/\/www.mary-chaplin.com\/artiste-peintre\/wp-content\/uploads\/2023\/05\/aurore-en-Baie-de-Somme-huile-80x80cm-Mary-Chaplin-peintre-150x150.jpg\" class=\"attachment-thumbnail size-thumbnail\" alt=\"photo de l\u2019\u0153uvre qui repr\u00e9sente Aurore en Baie de Somme France\" aria-describedby=\"gallery-1-1769\" srcset=\"https:\/\/www.mary-chaplin.com\/artiste-peintre\/wp-content\/uploads\/2023\/05\/aurore-en-Baie-de-Somme-huile-80x80cm-Mary-Chaplin-peintre-150x150.jpg 150w, https:\/\/www.mary-chaplin.com\/artiste-peintre\/wp-content\/uploads\/2023\/05\/aurore-en-Baie-de-Somme-huile-80x80cm-Mary-Chaplin-peintre-600x600.jpg 600w, https:\/\/www.mary-chaplin.com\/artiste-peintre\/wp-content\/uploads\/2023\/05\/aurore-en-Baie-de-Somme-huile-80x80cm-Mary-Chaplin-peintre-1024x1024.jpg 1024w, https:\/\/www.mary-chaplin.com\/artiste-peintre\/wp-content\/uploads\/2023\/05\/aurore-en-Baie-de-Somme-huile-80x80cm-Mary-Chaplin-peintre-768x768.jpg 768w, https:\/\/www.mary-chaplin.com\/artiste-peintre\/wp-content\/uploads\/2023\/05\/aurore-en-Baie-de-Somme-huile-80x80cm-Mary-Chaplin-peintre-200x200.jpg 200w, https:\/\/www.mary-chaplin.com\/artiste-peintre\/wp-content\/uploads\/2023\/05\/aurore-en-Baie-de-Somme-huile-80x80cm-Mary-Chaplin-peintre-210x210.jpg 210w, https:\/\/www.mary-chaplin.com\/artiste-peintre\/wp-content\/uploads\/2023\/05\/aurore-en-Baie-de-Somme-huile-80x80cm-Mary-Chaplin-peintre.jpg 1417w\" sizes=\"auto, (max-width: 150px) 100vw, 150px\" \/><\/a>\n\t\t\t<\/div>\n\t\t\t\t<figcaption class='wp-caption-text gallery-caption' id='gallery-1-1769'>\n\t\t\t\tAurore en Baie de Somme, 80x80cm huile sur toile vendue\n\t\t\t\t<\/figcaption><\/figure><figure class='gallery-item'>\n\t\t\t<div class='gallery-icon landscape'>\n\t\t\t\t<a href='https:\/\/www.mary-chaplin.com\/artiste-peintre\/wp-content\/uploads\/2023\/02\/Un-jour-d-ete-2022-aux-grandes-dalles-116x73cm-m-chaplin--scaled.jpg'><img loading=\"lazy\" decoding=\"async\" width=\"150\" height=\"150\" src=\"https:\/\/www.mary-chaplin.com\/artiste-peintre\/wp-content\/uploads\/2023\/02\/Un-jour-d-ete-2022-aux-grandes-dalles-116x73cm-m-chaplin--150x150.jpg\" class=\"attachment-thumbnail size-thumbnail\" alt=\"Un jour d&#039;\u00e9t\u00e9 2022 \u00e0 la plage des Grandes Dalles \u00e0 Sassetot le Mauconduit\" aria-describedby=\"gallery-1-1737\" \/><\/a>\n\t\t\t<\/div>\n\t\t\t\t<figcaption class='wp-caption-text gallery-caption' id='gallery-1-1737'>\n\t\t\t\tUn jour d&rsquo;\u00e9t\u00e9 2022 \u00e0 la plage des Grandes Dalles 116x73cm vendue \n\t\t\t\t<\/figcaption><\/figure><figure class='gallery-item'>\n\t\t\t<div class='gallery-icon landscape'>\n\t\t\t\t<a href='https:\/\/www.mary-chaplin.com\/artiste-peintre\/wp-content\/uploads\/2023\/04\/vague-a-lame13-acrylique-sur-toile-116x89Mary-Chaplin.jpg'><img loading=\"lazy\" decoding=\"async\" width=\"150\" height=\"150\" src=\"https:\/\/www.mary-chaplin.com\/artiste-peintre\/wp-content\/uploads\/2023\/04\/vague-a-lame13-acrylique-sur-toile-116x89Mary-Chaplin-150x150.jpg\" class=\"attachment-thumbnail size-thumbnail\" alt=\"vague \u00e0 l&#039;ame13, acrylique sur toile 116x89cm\" aria-describedby=\"gallery-1-1747\" \/><\/a>\n\t\t\t<\/div>\n\t\t\t\t<figcaption class='wp-caption-text gallery-caption' id='gallery-1-1747'>\n\t\t\t\tvague \u00e0 l&rsquo;ame13, acrylique sur toile 116x89cm Vendue\n\t\t\t\t<\/figcaption><\/figure><figure class='gallery-item'>\n\t\t\t<div class='gallery-icon landscape'>\n\t\t\t\t<a href='https:\/\/www.mary-chaplin.com\/artiste-peintre\/wp-content\/uploads\/2022\/10\/Vague-a-lame-11-mary-chaplin-artiste.jpg'><img loading=\"lazy\" decoding=\"async\" width=\"150\" height=\"150\" src=\"https:\/\/www.mary-chaplin.com\/artiste-peintre\/wp-content\/uploads\/2022\/10\/Vague-a-lame-11-mary-chaplin-artiste-150x150.jpg\" class=\"attachment-thumbnail size-thumbnail\" alt=\"Vague \u00e0 l&#039;ame 11 Vendue\" aria-describedby=\"gallery-1-1677\" \/><\/a>\n\t\t\t<\/div>\n\t\t\t\t<figcaption class='wp-caption-text gallery-caption' id='gallery-1-1677'>\n\t\t\t\tVague \u00e0 l\u2019\u00e2me 11 Vendue\n\t\t\t\t<\/figcaption><\/figure><figure class='gallery-item'>\n\t\t\t<div class='gallery-icon landscape'>\n\t\t\t\t<a href='https:\/\/www.mary-chaplin.com\/artiste-peintre\/wp-content\/uploads\/2022\/10\/vague-a-l-ame-12-92x65cm-Mary-Chaplin-1.jpg'><img loading=\"lazy\" decoding=\"async\" width=\"150\" height=\"150\" src=\"https:\/\/www.mary-chaplin.com\/artiste-peintre\/wp-content\/uploads\/2022\/10\/vague-a-l-ame-12-92x65cm-Mary-Chaplin-1-150x150.jpg\" class=\"attachment-thumbnail size-thumbnail\" alt=\"Vague a l \u00e2me 12 acrylique sur toile : 92x65cm\" aria-describedby=\"gallery-1-1676\" \/><\/a>\n\t\t\t<\/div>\n\t\t\t\t<figcaption class='wp-caption-text gallery-caption' id='gallery-1-1676'>\n\t\t\t\tVague a l \u00e2me 12 acrylique sur toile : 92x65cm  \u0153uvre vendue \n\t\t\t\t<\/figcaption><\/figure><figure class='gallery-item'>\n\t\t\t<div class='gallery-icon landscape'>\n\t\t\t\t<a href='https:\/\/www.mary-chaplin.com\/artiste-peintre\/wp-content\/uploads\/2022\/10\/Mary-Chaplin-vague-a-lame-10-.jpg'><img loading=\"lazy\" decoding=\"async\" width=\"150\" height=\"150\" src=\"https:\/\/www.mary-chaplin.com\/artiste-peintre\/wp-content\/uploads\/2022\/10\/Mary-Chaplin-vague-a-lame-10--150x150.jpg\" class=\"attachment-thumbnail size-thumbnail\" alt=\"vague a l&#039;ame 10\" aria-describedby=\"gallery-1-1675\" \/><\/a>\n\t\t\t<\/div>\n\t\t\t\t<figcaption class='wp-caption-text gallery-caption' id='gallery-1-1675'>\n\t\t\t\t vague a L\u2019\u00e2me 10, VENDUE\n\t\t\t\t<\/figcaption><\/figure><figure class='gallery-item'>\n\t\t\t<div class='gallery-icon landscape'>\n\t\t\t\t<a href='https:\/\/www.mary-chaplin.com\/artiste-peintre\/wp-content\/uploads\/2022\/10\/coup-de-vent-aux-petites-dalles-mary-Chaplin-peintre-acrylique-sur-toile-genies-1015x76-1-scaled.jpg'><img loading=\"lazy\" decoding=\"async\" width=\"150\" height=\"150\" src=\"https:\/\/www.mary-chaplin.com\/artiste-peintre\/wp-content\/uploads\/2022\/10\/coup-de-vent-aux-petites-dalles-mary-Chaplin-peintre-acrylique-sur-toile-genies-1015x76-1-150x150.jpg\" class=\"attachment-thumbnail size-thumbnail\" alt=\"Coup de vent aux Petites Dalles acrylique sur toile, 101,5x76 VENDUE\" aria-describedby=\"gallery-1-1679\" \/><\/a>\n\t\t\t<\/div>\n\t\t\t\t<figcaption class='wp-caption-text gallery-caption' id='gallery-1-1679'>\n\t\t\t\tCoup de vent aux Petites Dalles acrylique sur toile, 101,5&#215;76 VENDUE\n\t\t\t\t<\/figcaption><\/figure><figure class='gallery-item'>\n\t\t\t<div class='gallery-icon landscape'>\n\t\t\t\t<a href='https:\/\/www.mary-chaplin.com\/artiste-peintre\/wp-content\/uploads\/2019\/12\/Mary-Chaplin-vague-a-lame-8-huile-sur-toile-116x73-w.jpg'><img loading=\"lazy\" decoding=\"async\" width=\"150\" height=\"150\" src=\"https:\/\/www.mary-chaplin.com\/artiste-peintre\/wp-content\/uploads\/2019\/12\/Mary-Chaplin-vague-a-lame-8-huile-sur-toile-116x73-w-150x150.jpg\" class=\"attachment-thumbnail size-thumbnail\" alt=\"Mary Chaplin vague a l&#039;ame 8, huile sur toile 116x73cm\" aria-describedby=\"gallery-1-914\" \/><\/a>\n\t\t\t<\/div>\n\t\t\t\t<figcaption class='wp-caption-text gallery-caption' id='gallery-1-914'>\n\t\t\t\tMary Chaplin vague a l&rsquo;ame, vendue\n\t\t\t\t<\/figcaption><\/figure><figure class='gallery-item'>\n\t\t\t<div class='gallery-icon landscape'>\n\t\t\t\t<a href='https:\/\/www.mary-chaplin.com\/artiste-peintre\/wp-content\/uploads\/2019\/11\/Mary-Chaplin-vague-a-l_-ame-5-acrylic-on-canvas-116x89cm.jpg'><img loading=\"lazy\" decoding=\"async\" width=\"150\" height=\"150\" src=\"https:\/\/www.mary-chaplin.com\/artiste-peintre\/wp-content\/uploads\/2019\/11\/Mary-Chaplin-vague-a-l_-ame-5-acrylic-on-canvas-116x89cm-150x150.jpg\" class=\"attachment-thumbnail size-thumbnail\" alt=\"Vague \u00e0 l&#039;\u00e2me N\u00b05 acrylique sur toile 116x89cm Vendue\" aria-describedby=\"gallery-1-856\" \/><\/a>\n\t\t\t<\/div>\n\t\t\t\t<figcaption class='wp-caption-text gallery-caption' id='gallery-1-856'>\n\t\t\t\tVague \u00e0 l&rsquo;\u00e2me N\u00b05 acrylique sur toile 116x89cm Vendue\n\t\t\t\t<\/figcaption><\/figure><figure class='gallery-item'>\n\t\t\t<div class='gallery-icon landscape'>\n\t\t\t\t<a href='https:\/\/www.mary-chaplin.com\/artiste-peintre\/wp-content\/uploads\/2019\/11\/Mary-Chaplin-vague-a-l_-ame-7-acrylique-sur-toile120x100cm.jpg'><img loading=\"lazy\" decoding=\"async\" width=\"150\" height=\"150\" src=\"https:\/\/www.mary-chaplin.com\/artiste-peintre\/wp-content\/uploads\/2019\/11\/Mary-Chaplin-vague-a-l_-ame-7-acrylique-sur-toile120x100cm-150x150.jpg\" class=\"attachment-thumbnail size-thumbnail\" alt=\"vague-a-l_ ame 7 acrylique sur toile120x100cm\" aria-describedby=\"gallery-1-857\" \/><\/a>\n\t\t\t<\/div>\n\t\t\t\t<figcaption class='wp-caption-text gallery-caption' id='gallery-1-857'>\n\t\t\t\tVague \u00e0 l&rsquo;\u00c2me N\u00b07, acrylique sur toile, 120x100cm vendue\n\t\t\t\t<\/figcaption><\/figure><figure class='gallery-item'>\n\t\t\t<div class='gallery-icon landscape'>\n\t\t\t\t<a href='https:\/\/www.mary-chaplin.com\/artiste-peintre\/wp-content\/uploads\/2019\/11\/Mary-Chaplin-vague-a-l_ame-6-acrylic116x89cm.jpg'><img loading=\"lazy\" decoding=\"async\" width=\"150\" height=\"150\" src=\"https:\/\/www.mary-chaplin.com\/artiste-peintre\/wp-content\/uploads\/2019\/11\/Mary-Chaplin-vague-a-l_ame-6-acrylic116x89cm-150x150.jpg\" class=\"attachment-thumbnail size-thumbnail\" alt=\"Mary Chaplin vague-a-l_ame 6 acrylic116x89cm\" aria-describedby=\"gallery-1-858\" \/><\/a>\n\t\t\t<\/div>\n\t\t\t\t<figcaption class='wp-caption-text gallery-caption' id='gallery-1-858'>\n\t\t\t\tVague \u00e0 l&rsquo;\u00c2me N\u00b06, acrylique sur toile, 116x89cm SOLD\n\t\t\t\t<\/figcaption><\/figure><figure class='gallery-item'>\n\t\t\t<div class='gallery-icon landscape'>\n\t\t\t\t<a href='https:\/\/www.mary-chaplin.com\/artiste-peintre\/wp-content\/uploads\/2019\/11\/vague-a-l_-ame-2-acrylique-sur-toile116x73cm-Mary-Chaplin.jpg'><img loading=\"lazy\" decoding=\"async\" width=\"150\" height=\"150\" src=\"https:\/\/www.mary-chaplin.com\/artiste-peintre\/wp-content\/uploads\/2019\/11\/vague-a-l_-ame-2-acrylique-sur-toile116x73cm-Mary-Chaplin-150x150.jpg\" class=\"attachment-thumbnail size-thumbnail\" alt=\"Vague \u00e0 l&#039;\u00c2me N\u00b02, acrylique sur toile 116x73cm\" aria-describedby=\"gallery-1-859\" \/><\/a>\n\t\t\t<\/div>\n\t\t\t\t<figcaption class='wp-caption-text gallery-caption' id='gallery-1-859'>\n\t\t\t\tVague \u00e0 l&rsquo;\u00c2me N\u00b02, acrylique sur toile 116x73cm vendue\n\t\t\t\t<\/figcaption><\/figure><figure class='gallery-item'>\n\t\t\t<div class='gallery-icon landscape'>\n\t\t\t\t<a href='https:\/\/www.mary-chaplin.com\/artiste-peintre\/wp-content\/uploads\/2019\/11\/vague-a-l_ame-4-acrylique-sur-toile-116-x89cm-Mary-Chaplin.jpg'><img loading=\"lazy\" decoding=\"async\" width=\"150\" height=\"150\" src=\"https:\/\/www.mary-chaplin.com\/artiste-peintre\/wp-content\/uploads\/2019\/11\/vague-a-l_ame-4-acrylique-sur-toile-116-x89cm-Mary-Chaplin-150x150.jpg\" class=\"attachment-thumbnail size-thumbnail\" alt=\"Vague \u00e0 l&#039;\u00c2me N\u00b04, acrylique sur toile 116x89cm, Vendue\" aria-describedby=\"gallery-1-860\" \/><\/a>\n\t\t\t<\/div>\n\t\t\t\t<figcaption class='wp-caption-text gallery-caption' id='gallery-1-860'>\n\t\t\t\tVague \u00e0 l&rsquo;\u00c2me N\u00b04, acrylique sur toile 116x89cm, Vendue\n\t\t\t\t<\/figcaption><\/figure><figure class='gallery-item'>\n\t\t\t<div class='gallery-icon landscape'>\n\t\t\t\t<a href='https:\/\/www.mary-chaplin.com\/artiste-peintre\/wp-content\/uploads\/2019\/11\/vague-a-l_ame1acrylique-on-canva-s100x100cm-Mary-Chaplin.jpg'><img loading=\"lazy\" decoding=\"async\" width=\"150\" height=\"150\" src=\"https:\/\/www.mary-chaplin.com\/artiste-peintre\/wp-content\/uploads\/2019\/11\/vague-a-l_ame1acrylique-on-canva-s100x100cm-Mary-Chaplin-150x150.jpg\" class=\"attachment-thumbnail size-thumbnail\" alt=\"Vague \u00e0 l&#039;\u00c2me N\u00b01, acrylique sur toile 100x100cm\" aria-describedby=\"gallery-1-861\" srcset=\"https:\/\/www.mary-chaplin.com\/artiste-peintre\/wp-content\/uploads\/2019\/11\/vague-a-l_ame1acrylique-on-canva-s100x100cm-Mary-Chaplin-150x150.jpg 150w, https:\/\/www.mary-chaplin.com\/artiste-peintre\/wp-content\/uploads\/2019\/11\/vague-a-l_ame1acrylique-on-canva-s100x100cm-Mary-Chaplin-300x300.jpg 300w, https:\/\/www.mary-chaplin.com\/artiste-peintre\/wp-content\/uploads\/2019\/11\/vague-a-l_ame1acrylique-on-canva-s100x100cm-Mary-Chaplin-1024x1024.jpg 1024w, https:\/\/www.mary-chaplin.com\/artiste-peintre\/wp-content\/uploads\/2019\/11\/vague-a-l_ame1acrylique-on-canva-s100x100cm-Mary-Chaplin-768x768.jpg 768w, https:\/\/www.mary-chaplin.com\/artiste-peintre\/wp-content\/uploads\/2019\/11\/vague-a-l_ame1acrylique-on-canva-s100x100cm-Mary-Chaplin.jpg 1476w\" sizes=\"auto, (max-width: 150px) 100vw, 150px\" \/><\/a>\n\t\t\t<\/div>\n\t\t\t\t<figcaption class='wp-caption-text gallery-caption' id='gallery-1-861'>\n\t\t\t\tVague \u00e0 l&rsquo;\u00c2me N\u00b01, acrylique sur toile 100x100cm\n\t\t\t\t<\/figcaption><\/figure><figure class='gallery-item'>\n\t\t\t<div class='gallery-icon landscape'>\n\t\t\t\t<a href='https:\/\/www.mary-chaplin.com\/artiste-peintre\/wp-content\/uploads\/2019\/12\/Mary-Chaplin-vague-bleue-a-Sitges-huile-sur-toile-100x73-w.jpg'><img loading=\"lazy\" decoding=\"async\" width=\"150\" height=\"150\" src=\"https:\/\/www.mary-chaplin.com\/artiste-peintre\/wp-content\/uploads\/2019\/12\/Mary-Chaplin-vague-bleue-a-Sitges-huile-sur-toile-100x73-w-150x150.jpg\" class=\"attachment-thumbnail size-thumbnail\" alt=\"Mary Chaplin vague bleue a Sitges huile sur toile 100x73cm\" aria-describedby=\"gallery-1-915\" \/><\/a>\n\t\t\t<\/div>\n\t\t\t\t<figcaption class='wp-caption-text gallery-caption' id='gallery-1-915'>\n\t\t\t\tMary Chaplin vague bleue a Sitges huile sur toile 100x73cm\n\t\t\t\t<\/figcaption><\/figure><figure class='gallery-item'>\n\t\t\t<div class='gallery-icon landscape'>\n\t\t\t\t<a href='https:\/\/www.mary-chaplin.com\/artiste-peintre\/wp-content\/uploads\/2020\/01\/vague-a-l_-ame.jpg'><img loading=\"lazy\" decoding=\"async\" width=\"150\" height=\"150\" src=\"https:\/\/www.mary-chaplin.com\/artiste-peintre\/wp-content\/uploads\/2020\/01\/vague-a-l_-ame-150x150.jpg\" class=\"attachment-thumbnail size-thumbnail\" alt=\"\" aria-describedby=\"gallery-1-1026\" \/><\/a>\n\t\t\t<\/div>\n\t\t\t\t<figcaption class='wp-caption-text gallery-caption' id='gallery-1-1026'>\n\t\t\t\tD\u00e9tail de vague \u00e0 l&rsquo;\u00e2me N\u00b07\n\t\t\t\t<\/figcaption><\/figure><figure class='gallery-item'>\n\t\t\t<div class='gallery-icon landscape'>\n\t\t\t\t<a href='https:\/\/www.mary-chaplin.com\/artiste-peintre\/wp-content\/uploads\/2021\/07\/vague-a-l_ame-9-Mary-Chaplin-artiste-w.jpg'><img loading=\"lazy\" decoding=\"async\" width=\"150\" height=\"150\" src=\"https:\/\/www.mary-chaplin.com\/artiste-peintre\/wp-content\/uploads\/2021\/07\/vague-a-l_ame-9-Mary-Chaplin-artiste-w-150x150.jpg\" class=\"attachment-thumbnail size-thumbnail\" alt=\"Vague \u00e0 l&#039;\u00e2me N\u00b09\" aria-describedby=\"gallery-1-1211\" srcset=\"https:\/\/www.mary-chaplin.com\/artiste-peintre\/wp-content\/uploads\/2021\/07\/vague-a-l_ame-9-Mary-Chaplin-artiste-w-150x150.jpg 150w, https:\/\/www.mary-chaplin.com\/artiste-peintre\/wp-content\/uploads\/2021\/07\/vague-a-l_ame-9-Mary-Chaplin-artiste-w-300x300.jpg 300w, https:\/\/www.mary-chaplin.com\/artiste-peintre\/wp-content\/uploads\/2021\/07\/vague-a-l_ame-9-Mary-Chaplin-artiste-w-1024x1024.jpg 1024w, https:\/\/www.mary-chaplin.com\/artiste-peintre\/wp-content\/uploads\/2021\/07\/vague-a-l_ame-9-Mary-Chaplin-artiste-w-768x768.jpg 768w, https:\/\/www.mary-chaplin.com\/artiste-peintre\/wp-content\/uploads\/2021\/07\/vague-a-l_ame-9-Mary-Chaplin-artiste-w.jpg 1299w\" sizes=\"auto, (max-width: 150px) 100vw, 150px\" \/><\/a>\n\t\t\t<\/div>\n\t\t\t\t<figcaption class='wp-caption-text gallery-caption' id='gallery-1-1211'>\n\t\t\t\tVague a l&rsquo; \u00e2me N\u00b0 9 acrylique sur toile 120x120cm\n\t\t\t\t<\/figcaption><\/figure><figure class='gallery-item'>\n\t\t\t<div class='gallery-icon landscape'>\n\t\t\t\t<a href='https:\/\/www.mary-chaplin.com\/artiste-peintre\/wp-content\/uploads\/2022\/12\/Percee-a-maree-basse-a-la-Maye-Mary-Chaplin-scaled.jpg'><img loading=\"lazy\" decoding=\"async\" width=\"150\" height=\"150\" src=\"https:\/\/www.mary-chaplin.com\/artiste-peintre\/wp-content\/uploads\/2022\/12\/Percee-a-maree-basse-a-la-Maye-Mary-Chaplin-150x150.jpg\" class=\"attachment-thumbnail size-thumbnail\" alt=\"\" aria-describedby=\"gallery-1-1698\" \/><\/a>\n\t\t\t<\/div>\n\t\t\t\t<figcaption class='wp-caption-text gallery-caption' id='gallery-1-1698'>\n\t\t\t\tPerc\u00e9e a mar\u00e9e basse a la Maye huile sur toile 100&#215;73 vendue\n\t\t\t\t<\/figcaption><\/figure><figure class='gallery-item'>\n\t\t\t<div class='gallery-icon landscape'>\n\t\t\t\t<a href='https:\/\/www.mary-chaplin.com\/artiste-peintre\/wp-content\/uploads\/2022\/12\/vague-a-lame3-acrylicsurtoile116x89w.jpg'><img loading=\"lazy\" decoding=\"async\" width=\"150\" height=\"150\" src=\"https:\/\/www.mary-chaplin.com\/artiste-peintre\/wp-content\/uploads\/2022\/12\/vague-a-lame3-acrylicsurtoile116x89w-150x150.jpg\" class=\"attachment-thumbnail size-thumbnail\" alt=\"\" aria-describedby=\"gallery-1-1699\" \/><\/a>\n\t\t\t<\/div>\n\t\t\t\t<figcaption class='wp-caption-text gallery-caption' id='gallery-1-1699'>\n\t\t\t\tvague a l&rsquo;\u00c2me 3 acrylique sur toile 116&#215;89 Vendue\n\t\t\t\t<\/figcaption><\/figure>\n\t\t<\/div>\n\n<h4>Paysages, marines Baie de Somme et C\u00f4te d&rsquo;Alb\u00e2tre.<\/h4>\n<div id='gallery-2' class='gallery galleryid-840 gallery-columns-3 gallery-size-thumbnail'><figure class='gallery-item'>\n\t\t\t<div class='gallery-icon landscape'>\n\t\t\t\t<a href='https:\/\/www.mary-chaplin.com\/artiste-peintre\/marines-vagues-paysages-baie-de-somme-et-cote-dalbatre\/un-jour-d-ete-2022-aux-grandes-dalles-116x73cm-m-chaplin\/'><img loading=\"lazy\" decoding=\"async\" width=\"150\" height=\"150\" src=\"https:\/\/www.mary-chaplin.com\/artiste-peintre\/wp-content\/uploads\/2023\/02\/Un-jour-d-ete-2022-aux-grandes-dalles-116x73cm-m-chaplin--150x150.jpg\" class=\"attachment-thumbnail size-thumbnail\" alt=\"Un jour d&#039;\u00e9t\u00e9 2022 \u00e0 la plage des Grandes Dalles \u00e0 Sassetot le Mauconduit\" aria-describedby=\"gallery-2-1737\" \/><\/a>\n\t\t\t<\/div>\n\t\t\t\t<figcaption class='wp-caption-text gallery-caption' id='gallery-2-1737'>\n\t\t\t\tUn jour d&rsquo;\u00e9t\u00e9 2022 \u00e0 la plage des Grandes Dalles 116x73cm vendue \n\t\t\t\t<\/figcaption><\/figure><figure class='gallery-item'>\n\t\t\t<div class='gallery-icon landscape'>\n\t\t\t\t<a href='https:\/\/www.mary-chaplin.com\/artiste-peintre\/marines-vagues-paysages-baie-de-somme-et-cote-dalbatre\/aurore-en-baie-de-somme-huile-80x80cm-mary-chaplin-peintre\/'><img loading=\"lazy\" decoding=\"async\" width=\"150\" height=\"150\" src=\"https:\/\/www.mary-chaplin.com\/artiste-peintre\/wp-content\/uploads\/2023\/05\/aurore-en-Baie-de-Somme-huile-80x80cm-Mary-Chaplin-peintre-150x150.jpg\" class=\"attachment-thumbnail size-thumbnail\" alt=\"photo de l\u2019\u0153uvre qui repr\u00e9sente Aurore en Baie de Somme France\" aria-describedby=\"gallery-2-1769\" srcset=\"https:\/\/www.mary-chaplin.com\/artiste-peintre\/wp-content\/uploads\/2023\/05\/aurore-en-Baie-de-Somme-huile-80x80cm-Mary-Chaplin-peintre-150x150.jpg 150w, https:\/\/www.mary-chaplin.com\/artiste-peintre\/wp-content\/uploads\/2023\/05\/aurore-en-Baie-de-Somme-huile-80x80cm-Mary-Chaplin-peintre-600x600.jpg 600w, https:\/\/www.mary-chaplin.com\/artiste-peintre\/wp-content\/uploads\/2023\/05\/aurore-en-Baie-de-Somme-huile-80x80cm-Mary-Chaplin-peintre-1024x1024.jpg 1024w, https:\/\/www.mary-chaplin.com\/artiste-peintre\/wp-content\/uploads\/2023\/05\/aurore-en-Baie-de-Somme-huile-80x80cm-Mary-Chaplin-peintre-768x768.jpg 768w, https:\/\/www.mary-chaplin.com\/artiste-peintre\/wp-content\/uploads\/2023\/05\/aurore-en-Baie-de-Somme-huile-80x80cm-Mary-Chaplin-peintre-200x200.jpg 200w, https:\/\/www.mary-chaplin.com\/artiste-peintre\/wp-content\/uploads\/2023\/05\/aurore-en-Baie-de-Somme-huile-80x80cm-Mary-Chaplin-peintre-210x210.jpg 210w, https:\/\/www.mary-chaplin.com\/artiste-peintre\/wp-content\/uploads\/2023\/05\/aurore-en-Baie-de-Somme-huile-80x80cm-Mary-Chaplin-peintre.jpg 1417w\" sizes=\"auto, (max-width: 150px) 100vw, 150px\" \/><\/a>\n\t\t\t<\/div>\n\t\t\t\t<figcaption class='wp-caption-text gallery-caption' id='gallery-2-1769'>\n\t\t\t\tAurore en Baie de Somme, 80x80cm huile sur toile vendue\n\t\t\t\t<\/figcaption><\/figure><figure class='gallery-item'>\n\t\t\t<div class='gallery-icon landscape'>\n\t\t\t\t<a href='https:\/\/www.mary-chaplin.com\/artiste-peintre\/marines-vagues-paysages-baie-de-somme-et-cote-dalbatre\/lete-a-la-plage-des-grandes-dalles-huile-sur-toile-80-x-60cm-mary-chaplin\/'><img loading=\"lazy\" decoding=\"async\" width=\"150\" height=\"150\" src=\"https:\/\/www.mary-chaplin.com\/artiste-peintre\/wp-content\/uploads\/2024\/03\/lete-a-la-plage-des-grandes-dalles-huile-sur-toile-80-x-60cm-Mary-Chaplin-150x150.jpg\" class=\"attachment-thumbnail size-thumbnail\" alt=\"\" aria-describedby=\"gallery-2-1923\" \/><\/a>\n\t\t\t<\/div>\n\t\t\t\t<figcaption class='wp-caption-text gallery-caption' id='gallery-2-1923'>\n\t\t\t\t\u00c9claircie \u00e0 la plage des Grandes dalles huile sur toile, 80 x 60cm Vendue\n\t\t\t\t<\/figcaption><\/figure><figure class='gallery-item'>\n\t\t\t<div class='gallery-icon landscape'>\n\t\t\t\t<a href='https:\/\/www.mary-chaplin.com\/artiste-peintre\/marines-vagues-paysages-baie-de-somme-et-cote-dalbatre\/un-jour-dete-a-etretat-huile-sur-bois-50x50cm-mary-chaplin\/'><img loading=\"lazy\" decoding=\"async\" width=\"150\" height=\"150\" src=\"https:\/\/www.mary-chaplin.com\/artiste-peintre\/wp-content\/uploads\/2024\/03\/Un-jour-dete-a-Etretat-huile-sur-bois-50x50cm-Mary-Chaplin--150x150.jpg\" class=\"attachment-thumbnail size-thumbnail\" alt=\"\" aria-describedby=\"gallery-2-1925\" srcset=\"https:\/\/www.mary-chaplin.com\/artiste-peintre\/wp-content\/uploads\/2024\/03\/Un-jour-dete-a-Etretat-huile-sur-bois-50x50cm-Mary-Chaplin--150x150.jpg 150w, https:\/\/www.mary-chaplin.com\/artiste-peintre\/wp-content\/uploads\/2024\/03\/Un-jour-dete-a-Etretat-huile-sur-bois-50x50cm-Mary-Chaplin--600x600.jpg 600w, https:\/\/www.mary-chaplin.com\/artiste-peintre\/wp-content\/uploads\/2024\/03\/Un-jour-dete-a-Etretat-huile-sur-bois-50x50cm-Mary-Chaplin--1024x1024.jpg 1024w, https:\/\/www.mary-chaplin.com\/artiste-peintre\/wp-content\/uploads\/2024\/03\/Un-jour-dete-a-Etretat-huile-sur-bois-50x50cm-Mary-Chaplin--768x768.jpg 768w, https:\/\/www.mary-chaplin.com\/artiste-peintre\/wp-content\/uploads\/2024\/03\/Un-jour-dete-a-Etretat-huile-sur-bois-50x50cm-Mary-Chaplin--1536x1536.jpg 1536w, https:\/\/www.mary-chaplin.com\/artiste-peintre\/wp-content\/uploads\/2024\/03\/Un-jour-dete-a-Etretat-huile-sur-bois-50x50cm-Mary-Chaplin--200x200.jpg 200w, https:\/\/www.mary-chaplin.com\/artiste-peintre\/wp-content\/uploads\/2024\/03\/Un-jour-dete-a-Etretat-huile-sur-bois-50x50cm-Mary-Chaplin--210x210.jpg 210w, https:\/\/www.mary-chaplin.com\/artiste-peintre\/wp-content\/uploads\/2024\/03\/Un-jour-dete-a-Etretat-huile-sur-bois-50x50cm-Mary-Chaplin-.jpg 1673w\" sizes=\"auto, (max-width: 150px) 100vw, 150px\" \/><\/a>\n\t\t\t<\/div>\n\t\t\t\t<figcaption class='wp-caption-text gallery-caption' id='gallery-2-1925'>\n\t\t\t\tUn jour d&rsquo;\u00e9t\u00e9 \u00e0 \u00c9tretat, huile sur bois, 50x50cm Vendue\n\t\t\t\t<\/figcaption><\/figure>\n\t\t<\/div>\n\n<p>&nbsp;<\/p>\n<h2>Mes Natures d&rsquo;Oxymores sont apparues en 2017, ils sont associ\u00e9s \u00e0 mon travail sur l&rsquo;eau :<\/h2>\n<p>Cette direction de mon \u0153uvre est une synth\u00e8se de mon travail figuratif et non-figuratif. On pourra ainsi y retrouver une fusion de ces deux directions artistiques.<\/p>\n<p>Loin de vouloir\/pouvoir tout expliquer, je pense qu&rsquo;il appartiendra toujours <strong>au spectateur<\/strong> de faire son propre avis sur mon travail. J&rsquo;esp\u00e8re n\u00e9anmoins que par ce pan de ma cr\u00e9ation il saura entrer dans un chemin o\u00f9 la lumi\u00e8re et les impressions de l&rsquo;\u00e2me se m\u00e9langent pour donner naissance \u00e0 un \u00e9tat de valeur spirituel \u00ab\u00a0salvateur\u00a0\u00bb. Le fondement protecteur de la vie, de la NATURE et les r\u00e9sultantes divergentes d&rsquo;une n\u00e9cessit\u00e9 d&rsquo;un retour aux sources&#8230;<br \/>\nMais vous lirez ces tableaux comme bon vous semblera, car le v\u00e9cu de chacun et diff\u00e9rent de celui des autres. C&rsquo;est en conclusion le r\u00e9sum\u00e9 de mon travail sur <strong>les Natures d&rsquo;Oxymores : relier le fil abstrait, fragile et invisible qui nous unit autour de la temp\u00eate de nos \u00e9motions personnelles.<\/strong><\/p>\n<div id='gallery-3' class='gallery galleryid-840 gallery-columns-4 gallery-size-thumbnail'><figure class='gallery-item'>\n\t\t\t<div class='gallery-icon landscape'>\n\t\t\t\t<a href='https:\/\/www.mary-chaplin.com\/artiste-peintre\/wp-content\/uploads\/2017\/01\/brasillemntsdhiverhuilesurtoile100x100cmw.jpg'><img loading=\"lazy\" decoding=\"async\" width=\"150\" height=\"150\" src=\"https:\/\/www.mary-chaplin.com\/artiste-peintre\/wp-content\/uploads\/2017\/01\/brasillemntsdhiverhuilesurtoile100x100cmw-150x150.jpg\" class=\"attachment-thumbnail size-thumbnail\" alt=\"Brasillements d&#039;hiver huile sur toile 100x100cm\" aria-describedby=\"gallery-3-501\" srcset=\"https:\/\/www.mary-chaplin.com\/artiste-peintre\/wp-content\/uploads\/2017\/01\/brasillemntsdhiverhuilesurtoile100x100cmw-150x150.jpg 150w, https:\/\/www.mary-chaplin.com\/artiste-peintre\/wp-content\/uploads\/2017\/01\/brasillemntsdhiverhuilesurtoile100x100cmw-300x300.jpg 300w, https:\/\/www.mary-chaplin.com\/artiste-peintre\/wp-content\/uploads\/2017\/01\/brasillemntsdhiverhuilesurtoile100x100cmw-768x768.jpg 768w, https:\/\/www.mary-chaplin.com\/artiste-peintre\/wp-content\/uploads\/2017\/01\/brasillemntsdhiverhuilesurtoile100x100cmw-1024x1024.jpg 1024w, https:\/\/www.mary-chaplin.com\/artiste-peintre\/wp-content\/uploads\/2017\/01\/brasillemntsdhiverhuilesurtoile100x100cmw.jpg 1299w\" sizes=\"auto, (max-width: 150px) 100vw, 150px\" \/><\/a>\n\t\t\t<\/div>\n\t\t\t\t<figcaption class='wp-caption-text gallery-caption' id='gallery-3-501'>\n\t\t\t\tBrasillements d&rsquo;hiver huile sur toile 100x100cm SOLD\n\t\t\t\t<\/figcaption><\/figure><figure class='gallery-item'>\n\t\t\t<div class='gallery-icon landscape'>\n\t\t\t\t<a href='https:\/\/www.mary-chaplin.com\/artiste-peintre\/wp-content\/uploads\/2022\/02\/parcsabouchotsacrylique-sur-papier59x42-3bMary-CHaplin.jpg'><img loading=\"lazy\" decoding=\"async\" width=\"150\" height=\"150\" src=\"https:\/\/www.mary-chaplin.com\/artiste-peintre\/wp-content\/uploads\/2022\/02\/parcsabouchotsacrylique-sur-papier59x42-3bMary-CHaplin-150x150.jpg\" class=\"attachment-thumbnail size-thumbnail\" alt=\"Parcs \u00e0 bouchots\" aria-describedby=\"gallery-3-1343\" \/><\/a>\n\t\t\t<\/div>\n\t\t\t\t<figcaption class='wp-caption-text gallery-caption' id='gallery-3-1343'>\n\t\t\t\tparcs a bouchots, aurore N\u00b03acrylique sur papier59x42 cm\n\t\t\t\t<\/figcaption><\/figure><figure class='gallery-item'>\n\t\t\t<div class='gallery-icon landscape'>\n\t\t\t\t<a href='https:\/\/www.mary-chaplin.com\/artiste-peintre\/wp-content\/uploads\/2019\/08\/Matin-aux-parcs-a-Bouchots-a-St-Quentin-en-Tourmont-Baie-de-Somme-w.jpg'><img loading=\"lazy\" decoding=\"async\" width=\"150\" height=\"150\" src=\"https:\/\/www.mary-chaplin.com\/artiste-peintre\/wp-content\/uploads\/2019\/08\/Matin-aux-parcs-a-Bouchots-a-St-Quentin-en-Tourmont-Baie-de-Somme-w-150x150.jpg\" class=\"attachment-thumbnail size-thumbnail\" alt=\"\" aria-describedby=\"gallery-3-822\" \/><\/a>\n\t\t\t<\/div>\n\t\t\t\t<figcaption class='wp-caption-text gallery-caption' id='gallery-3-822'>\n\t\t\t\tMatin aux parcs \u00e0 Bouchots \u00e0 St Quentin-en-Tourmont Baie de Somme vendu\n\t\t\t\t<\/figcaption><\/figure><figure class='gallery-item'>\n\t\t\t<div class='gallery-icon landscape'>\n\t\t\t\t<a href='https:\/\/www.mary-chaplin.com\/artiste-peintre\/wp-content\/uploads\/2022\/02\/parcsabouchotsacrylique-sur-papier59x42-4-Mary-Chaplin.jpg'><img loading=\"lazy\" decoding=\"async\" width=\"150\" height=\"150\" src=\"https:\/\/www.mary-chaplin.com\/artiste-peintre\/wp-content\/uploads\/2022\/02\/parcsabouchotsacrylique-sur-papier59x42-4-Mary-Chaplin-150x150.jpg\" class=\"attachment-thumbnail size-thumbnail\" alt=\"\" aria-describedby=\"gallery-3-1344\" \/><\/a>\n\t\t\t<\/div>\n\t\t\t\t<figcaption class='wp-caption-text gallery-caption' id='gallery-3-1344'>\n\t\t\t\tparcs a bouchots, aurore N\u00b03acrylique sur papier59x42 cm\n\t\t\t\t<\/figcaption><\/figure><figure class='gallery-item'>\n\t\t\t<div class='gallery-icon landscape'>\n\t\t\t\t<a href='https:\/\/www.mary-chaplin.com\/artiste-peintre\/wp-content\/uploads\/2022\/02\/parcsabouchotsacrylique-sur-papier59x42-2-Mary-Chaplin.jpg'><img loading=\"lazy\" decoding=\"async\" width=\"150\" height=\"150\" src=\"https:\/\/www.mary-chaplin.com\/artiste-peintre\/wp-content\/uploads\/2022\/02\/parcsabouchotsacrylique-sur-papier59x42-2-Mary-Chaplin-150x150.jpg\" class=\"attachment-thumbnail size-thumbnail\" alt=\"parcs a bouchots, aurore N\u00b02 acrylique sur papier59x42 cm\" aria-describedby=\"gallery-3-1342\" \/><\/a>\n\t\t\t<\/div>\n\t\t\t\t<figcaption class='wp-caption-text gallery-caption' id='gallery-3-1342'>\n\t\t\t\tparcs a bouchots, aurore N\u00b02 acrylique sur papier59x42 cm\n\t\t\t\t<\/figcaption><\/figure><figure class='gallery-item'>\n\t\t\t<div class='gallery-icon landscape'>\n\t\t\t\t<a href='https:\/\/www.mary-chaplin.com\/artiste-peintre\/wp-content\/uploads\/2022\/02\/parcsabouchotsacrylique-sur-papier59x42-1Mary-Chaplin.jpg'><img loading=\"lazy\" decoding=\"async\" width=\"150\" height=\"150\" src=\"https:\/\/www.mary-chaplin.com\/artiste-peintre\/wp-content\/uploads\/2022\/02\/parcsabouchotsacrylique-sur-papier59x42-1Mary-Chaplin-150x150.jpg\" class=\"attachment-thumbnail size-thumbnail\" alt=\"parcs a bouchots, aurore N\u00b01 acrylique sur papier59x42 cm\" aria-describedby=\"gallery-3-1341\" \/><\/a>\n\t\t\t<\/div>\n\t\t\t\t<figcaption class='wp-caption-text gallery-caption' id='gallery-3-1341'>\n\t\t\t\tparcs a bouchots, aurore N\u00b01 acrylique sur papier59x42 cm\n\t\t\t\t<\/figcaption><\/figure><figure class='gallery-item'>\n\t\t\t<div class='gallery-icon landscape'>\n\t\t\t\t<a href='https:\/\/www.mary-chaplin.com\/artiste-peintre\/wp-content\/uploads\/2022\/02\/parcs-e-bouchots-lumiere-et-matiere-n\u00b03-50x50cmnature-doxymore-Mary-Chaplin.jpg'><img loading=\"lazy\" decoding=\"async\" width=\"150\" height=\"150\" src=\"https:\/\/www.mary-chaplin.com\/artiste-peintre\/wp-content\/uploads\/2022\/02\/parcs-e-bouchots-lumiere-et-matiere-n\u00b03-50x50cmnature-doxymore-Mary-Chaplin-150x150.jpg\" class=\"attachment-thumbnail size-thumbnail\" alt=\"parcs \u00e0 bouchots, lumiere et matiere n\u00b03 acrylique sur bois 60x60cm\" aria-describedby=\"gallery-3-1340\" srcset=\"https:\/\/www.mary-chaplin.com\/artiste-peintre\/wp-content\/uploads\/2022\/02\/parcs-e-bouchots-lumiere-et-matiere-n\u00b03-50x50cmnature-doxymore-Mary-Chaplin-150x150.jpg 150w, https:\/\/www.mary-chaplin.com\/artiste-peintre\/wp-content\/uploads\/2022\/02\/parcs-e-bouchots-lumiere-et-matiere-n\u00b03-50x50cmnature-doxymore-Mary-Chaplin-600x600.jpg 600w, https:\/\/www.mary-chaplin.com\/artiste-peintre\/wp-content\/uploads\/2022\/02\/parcs-e-bouchots-lumiere-et-matiere-n\u00b03-50x50cmnature-doxymore-Mary-Chaplin-1024x1024.jpg 1024w, https:\/\/www.mary-chaplin.com\/artiste-peintre\/wp-content\/uploads\/2022\/02\/parcs-e-bouchots-lumiere-et-matiere-n\u00b03-50x50cmnature-doxymore-Mary-Chaplin-768x768.jpg 768w, https:\/\/www.mary-chaplin.com\/artiste-peintre\/wp-content\/uploads\/2022\/02\/parcs-e-bouchots-lumiere-et-matiere-n\u00b03-50x50cmnature-doxymore-Mary-Chaplin.jpg 1476w\" sizes=\"auto, (max-width: 150px) 100vw, 150px\" \/><\/a>\n\t\t\t<\/div>\n\t\t\t\t<figcaption class='wp-caption-text gallery-caption' id='gallery-3-1340'>\n\t\t\t\tparcs \u00e0 bouchots, lumi\u00e8re et mati\u00e8re n\u00b03 acrylique sur bois 60x60cm \n\t\t\t\t<\/figcaption><\/figure><figure class='gallery-item'>\n\t\t\t<div class='gallery-icon landscape'>\n\t\t\t\t<a href='https:\/\/www.mary-chaplin.com\/artiste-peintre\/wp-content\/uploads\/2022\/02\/parcs-e-bouchots-lumiere-et-matiere-n\u00b02-50x50cm-nature-doxymore-Mary-CHaplin-.jpg'><img loading=\"lazy\" decoding=\"async\" width=\"150\" height=\"150\" src=\"https:\/\/www.mary-chaplin.com\/artiste-peintre\/wp-content\/uploads\/2022\/02\/parcs-e-bouchots-lumiere-et-matiere-n\u00b02-50x50cm-nature-doxymore-Mary-CHaplin--150x150.jpg\" class=\"attachment-thumbnail size-thumbnail\" alt=\"\" aria-describedby=\"gallery-3-1339\" srcset=\"https:\/\/www.mary-chaplin.com\/artiste-peintre\/wp-content\/uploads\/2022\/02\/parcs-e-bouchots-lumiere-et-matiere-n\u00b02-50x50cm-nature-doxymore-Mary-CHaplin--150x150.jpg 150w, https:\/\/www.mary-chaplin.com\/artiste-peintre\/wp-content\/uploads\/2022\/02\/parcs-e-bouchots-lumiere-et-matiere-n\u00b02-50x50cm-nature-doxymore-Mary-CHaplin--600x600.jpg 600w, https:\/\/www.mary-chaplin.com\/artiste-peintre\/wp-content\/uploads\/2022\/02\/parcs-e-bouchots-lumiere-et-matiere-n\u00b02-50x50cm-nature-doxymore-Mary-CHaplin--1024x1024.jpg 1024w, https:\/\/www.mary-chaplin.com\/artiste-peintre\/wp-content\/uploads\/2022\/02\/parcs-e-bouchots-lumiere-et-matiere-n\u00b02-50x50cm-nature-doxymore-Mary-CHaplin--768x768.jpg 768w, https:\/\/www.mary-chaplin.com\/artiste-peintre\/wp-content\/uploads\/2022\/02\/parcs-e-bouchots-lumiere-et-matiere-n\u00b02-50x50cm-nature-doxymore-Mary-CHaplin-.jpg 1476w\" sizes=\"auto, (max-width: 150px) 100vw, 150px\" \/><\/a>\n\t\t\t<\/div>\n\t\t\t\t<figcaption class='wp-caption-text gallery-caption' id='gallery-3-1339'>\n\t\t\t\tparcs \u00e0 bouchots, lumi\u00e8re et mati\u00e8re n\u00b03 acrylique sur bois 50x50cm Vendue\n\t\t\t\t<\/figcaption><\/figure><figure class='gallery-item'>\n\t\t\t<div class='gallery-icon landscape'>\n\t\t\t\t<a href='https:\/\/www.mary-chaplin.com\/artiste-peintre\/wp-content\/uploads\/2022\/02\/parcs-a-bouchots-matiere-et-lumiere-N\u00b01-50x50cm-nature-doxymoreMary-Chaplin-.jpg'><img loading=\"lazy\" decoding=\"async\" width=\"150\" height=\"150\" src=\"https:\/\/www.mary-chaplin.com\/artiste-peintre\/wp-content\/uploads\/2022\/02\/parcs-a-bouchots-matiere-et-lumiere-N\u00b01-50x50cm-nature-doxymoreMary-Chaplin--150x150.jpg\" class=\"attachment-thumbnail size-thumbnail\" alt=\"\" aria-describedby=\"gallery-3-1338\" srcset=\"https:\/\/www.mary-chaplin.com\/artiste-peintre\/wp-content\/uploads\/2022\/02\/parcs-a-bouchots-matiere-et-lumiere-N\u00b01-50x50cm-nature-doxymoreMary-Chaplin--150x150.jpg 150w, https:\/\/www.mary-chaplin.com\/artiste-peintre\/wp-content\/uploads\/2022\/02\/parcs-a-bouchots-matiere-et-lumiere-N\u00b01-50x50cm-nature-doxymoreMary-Chaplin--600x600.jpg 600w, https:\/\/www.mary-chaplin.com\/artiste-peintre\/wp-content\/uploads\/2022\/02\/parcs-a-bouchots-matiere-et-lumiere-N\u00b01-50x50cm-nature-doxymoreMary-Chaplin--1024x1024.jpg 1024w, https:\/\/www.mary-chaplin.com\/artiste-peintre\/wp-content\/uploads\/2022\/02\/parcs-a-bouchots-matiere-et-lumiere-N\u00b01-50x50cm-nature-doxymoreMary-Chaplin--768x768.jpg 768w, https:\/\/www.mary-chaplin.com\/artiste-peintre\/wp-content\/uploads\/2022\/02\/parcs-a-bouchots-matiere-et-lumiere-N\u00b01-50x50cm-nature-doxymoreMary-Chaplin-.jpg 1476w\" sizes=\"auto, (max-width: 150px) 100vw, 150px\" \/><\/a>\n\t\t\t<\/div>\n\t\t\t\t<figcaption class='wp-caption-text gallery-caption' id='gallery-3-1338'>\n\t\t\t\tparcs \u00e0 bouchots, lumi\u00e8re et mati\u00e8re n\u00b01 acrylique sur bois 50x50cm Vendue\n\t\t\t\t<\/figcaption><\/figure>\n\t\t<\/div>\n\n","protected":false},"excerpt":{"rendered":"<p>Reflets d&rsquo;eau, vagues et marines&#8230; Mary Chaplin est n\u00e9e \u00e0 Favi\u00e8res pr\u00e8s du Crotoy en Baie de Somme. C&rsquo;est ainsi l&rsquo;endroit o\u00f9 elle a pass\u00e9 une grande partie de son enfance. La nature \u00e9tait le terrain de jeux de ses jeunes ann\u00e9es. En effet, ses parents habitaient la rue du Marais et la Maye longeait [&hellip;]<\/p>\n","protected":false},"author":1,"featured_media":1931,"parent":0,"menu_order":0,"comment_status":"closed","ping_status":"closed","template":"page-full-width.php","meta":{"footnotes":""},"class_list":["post-840","page","type-page","status-publish","has-post-thumbnail","hentry"],"yoast_head":"<!-- This site is optimized with the Yoast SEO plugin v27.4 - https:\/\/yoast.com\/product\/yoast-seo-wordpress\/ -->\n<title>Reflets d&#039;eau, tableaux marines, art des vagues : Baie de Somme.<\/title>\n<meta name=\"description\" content=\"Artiste peintre contemporain impressionniste et abstrait en Baie de Somme, je vis en Normandie. Inspir\u00e9e par la mer, l&#039;art des vagues.\" \/>\n<meta name=\"robots\" content=\"index, follow, max-snippet:-1, max-image-preview:large, max-video-preview:-1\" \/>\n<link rel=\"canonical\" href=\"https:\/\/www.mary-chaplin.com\/artiste-peintre\/marines-vagues-paysages-baie-de-somme-et-cote-dalbatre\/\" \/>\n<meta property=\"og:locale\" content=\"fr_FR\" \/>\n<meta property=\"og:type\" content=\"article\" \/>\n<meta property=\"og:title\" content=\"Reflets d&#039;eau, tableaux marines, art des vagues : Baie de Somme.\" \/>\n<meta property=\"og:description\" content=\"Artiste peintre contemporain impressionniste et abstrait en Baie de Somme, je vis en Normandie. Inspir\u00e9e par la mer, l&#039;art des vagues.\" \/>\n<meta property=\"og:url\" content=\"https:\/\/www.mary-chaplin.com\/artiste-peintre\/marines-vagues-paysages-baie-de-somme-et-cote-dalbatre\/\" \/>\n<meta property=\"og:site_name\" content=\"Mary Chaplin Artiste peintre\" \/>\n<meta property=\"article:modified_time\" content=\"2026-01-03T09:02:22+00:00\" \/>\n<meta property=\"og:image\" content=\"https:\/\/www.mary-chaplin.com\/artiste-peintre\/wp-content\/uploads\/2024\/03\/Vague-a-lame-n\u00b022-116x89cm-Mary-Chaplin-artiste-1024x786.jpg\" \/>\n\t<meta property=\"og:image:width\" content=\"1024\" \/>\n\t<meta property=\"og:image:height\" content=\"786\" \/>\n\t<meta property=\"og:image:type\" content=\"image\/jpeg\" \/>\n<meta name=\"twitter:card\" content=\"summary_large_image\" \/>\n<script type=\"application\/ld+json\" class=\"yoast-schema-graph\">{\"@context\":\"https:\\\/\\\/schema.org\",\"@graph\":[{\"@type\":\"WebPage\",\"@id\":\"https:\\\/\\\/www.mary-chaplin.com\\\/artiste-peintre\\\/marines-vagues-paysages-baie-de-somme-et-cote-dalbatre\\\/\",\"url\":\"https:\\\/\\\/www.mary-chaplin.com\\\/artiste-peintre\\\/marines-vagues-paysages-baie-de-somme-et-cote-dalbatre\\\/\",\"name\":\"Reflets d'eau, tableaux marines, art des vagues : Baie de Somme.\",\"isPartOf\":{\"@id\":\"https:\\\/\\\/www.mary-chaplin.com\\\/artiste-peintre\\\/#website\"},\"primaryImageOfPage\":{\"@id\":\"https:\\\/\\\/www.mary-chaplin.com\\\/artiste-peintre\\\/marines-vagues-paysages-baie-de-somme-et-cote-dalbatre\\\/#primaryimage\"},\"image\":{\"@id\":\"https:\\\/\\\/www.mary-chaplin.com\\\/artiste-peintre\\\/marines-vagues-paysages-baie-de-somme-et-cote-dalbatre\\\/#primaryimage\"},\"thumbnailUrl\":\"https:\\\/\\\/www.mary-chaplin.com\\\/artiste-peintre\\\/wp-content\\\/uploads\\\/2024\\\/03\\\/Vague-a-lame-n\u00b022-116x89cm-Mary-Chaplin-artiste.jpg\",\"datePublished\":\"2019-11-27T09:13:06+00:00\",\"dateModified\":\"2026-01-03T09:02:22+00:00\",\"description\":\"Artiste peintre contemporain impressionniste et abstrait en Baie de Somme, je vis en Normandie. Inspir\u00e9e par la mer, l'art des vagues.\",\"inLanguage\":\"fr-FR\",\"potentialAction\":[{\"@type\":\"ReadAction\",\"target\":[\"https:\\\/\\\/www.mary-chaplin.com\\\/artiste-peintre\\\/marines-vagues-paysages-baie-de-somme-et-cote-dalbatre\\\/\"]}]},{\"@type\":\"ImageObject\",\"inLanguage\":\"fr-FR\",\"@id\":\"https:\\\/\\\/www.mary-chaplin.com\\\/artiste-peintre\\\/marines-vagues-paysages-baie-de-somme-et-cote-dalbatre\\\/#primaryimage\",\"url\":\"https:\\\/\\\/www.mary-chaplin.com\\\/artiste-peintre\\\/wp-content\\\/uploads\\\/2024\\\/03\\\/Vague-a-lame-n\u00b022-116x89cm-Mary-Chaplin-artiste.jpg\",\"contentUrl\":\"https:\\\/\\\/www.mary-chaplin.com\\\/artiste-peintre\\\/wp-content\\\/uploads\\\/2024\\\/03\\\/Vague-a-lame-n\u00b022-116x89cm-Mary-Chaplin-artiste.jpg\",\"width\":2126,\"height\":1632,\"caption\":\"Vague \u00e0 l'\u00e2me n\u00b022 116x89cm acrylique sur toile Vendue\"},{\"@type\":\"WebSite\",\"@id\":\"https:\\\/\\\/www.mary-chaplin.com\\\/artiste-peintre\\\/#website\",\"url\":\"https:\\\/\\\/www.mary-chaplin.com\\\/artiste-peintre\\\/\",\"name\":\"Mary Chaplin Artiste peintre\",\"description\":\"Artiste peintre Wailly Conty, Impressionnisme abstrait contemporain Hauts de France\",\"publisher\":{\"@id\":\"https:\\\/\\\/www.mary-chaplin.com\\\/artiste-peintre\\\/#organization\"},\"potentialAction\":[{\"@type\":\"SearchAction\",\"target\":{\"@type\":\"EntryPoint\",\"urlTemplate\":\"https:\\\/\\\/www.mary-chaplin.com\\\/artiste-peintre\\\/?s={search_term_string}\"},\"query-input\":{\"@type\":\"PropertyValueSpecification\",\"valueRequired\":true,\"valueName\":\"search_term_string\"}}],\"inLanguage\":\"fr-FR\"},{\"@type\":\"Organization\",\"@id\":\"https:\\\/\\\/www.mary-chaplin.com\\\/artiste-peintre\\\/#organization\",\"name\":\"Mary Chaplin Artiste peintre\",\"url\":\"https:\\\/\\\/www.mary-chaplin.com\\\/artiste-peintre\\\/\",\"logo\":{\"@type\":\"ImageObject\",\"inLanguage\":\"fr-FR\",\"@id\":\"https:\\\/\\\/www.mary-chaplin.com\\\/artiste-peintre\\\/#\\\/schema\\\/logo\\\/image\\\/\",\"url\":\"https:\\\/\\\/www.mary-chaplin.com\\\/artiste-peintre\\\/wp-content\\\/uploads\\\/2022\\\/09\\\/cropped-logo-mc.png\",\"contentUrl\":\"https:\\\/\\\/www.mary-chaplin.com\\\/artiste-peintre\\\/wp-content\\\/uploads\\\/2022\\\/09\\\/cropped-logo-mc.png\",\"width\":848,\"height\":137,\"caption\":\"Mary Chaplin Artiste peintre\"},\"image\":{\"@id\":\"https:\\\/\\\/www.mary-chaplin.com\\\/artiste-peintre\\\/#\\\/schema\\\/logo\\\/image\\\/\"}}]}<\/script>\n<!-- \/ Yoast SEO plugin. -->","yoast_head_json":{"title":"Reflets d'eau, tableaux marines, art des vagues : Baie de Somme.","description":"Artiste peintre contemporain impressionniste et abstrait en Baie de Somme, je vis en Normandie. Inspir\u00e9e par la mer, l'art des vagues.","robots":{"index":"index","follow":"follow","max-snippet":"max-snippet:-1","max-image-preview":"max-image-preview:large","max-video-preview":"max-video-preview:-1"},"canonical":"https:\/\/www.mary-chaplin.com\/artiste-peintre\/marines-vagues-paysages-baie-de-somme-et-cote-dalbatre\/","og_locale":"fr_FR","og_type":"article","og_title":"Reflets d'eau, tableaux marines, art des vagues : Baie de Somme.","og_description":"Artiste peintre contemporain impressionniste et abstrait en Baie de Somme, je vis en Normandie. Inspir\u00e9e par la mer, l'art des vagues.","og_url":"https:\/\/www.mary-chaplin.com\/artiste-peintre\/marines-vagues-paysages-baie-de-somme-et-cote-dalbatre\/","og_site_name":"Mary Chaplin Artiste peintre","article_modified_time":"2026-01-03T09:02:22+00:00","og_image":[{"width":1024,"height":786,"url":"https:\/\/www.mary-chaplin.com\/artiste-peintre\/wp-content\/uploads\/2024\/03\/Vague-a-lame-n\u00b022-116x89cm-Mary-Chaplin-artiste-1024x786.jpg","type":"image\/jpeg"}],"twitter_card":"summary_large_image","schema":{"@context":"https:\/\/schema.org","@graph":[{"@type":"WebPage","@id":"https:\/\/www.mary-chaplin.com\/artiste-peintre\/marines-vagues-paysages-baie-de-somme-et-cote-dalbatre\/","url":"https:\/\/www.mary-chaplin.com\/artiste-peintre\/marines-vagues-paysages-baie-de-somme-et-cote-dalbatre\/","name":"Reflets d'eau, tableaux marines, art des vagues : Baie de Somme.","isPartOf":{"@id":"https:\/\/www.mary-chaplin.com\/artiste-peintre\/#website"},"primaryImageOfPage":{"@id":"https:\/\/www.mary-chaplin.com\/artiste-peintre\/marines-vagues-paysages-baie-de-somme-et-cote-dalbatre\/#primaryimage"},"image":{"@id":"https:\/\/www.mary-chaplin.com\/artiste-peintre\/marines-vagues-paysages-baie-de-somme-et-cote-dalbatre\/#primaryimage"},"thumbnailUrl":"https:\/\/www.mary-chaplin.com\/artiste-peintre\/wp-content\/uploads\/2024\/03\/Vague-a-lame-n\u00b022-116x89cm-Mary-Chaplin-artiste.jpg","datePublished":"2019-11-27T09:13:06+00:00","dateModified":"2026-01-03T09:02:22+00:00","description":"Artiste peintre contemporain impressionniste et abstrait en Baie de Somme, je vis en Normandie. Inspir\u00e9e par la mer, l'art des vagues.","inLanguage":"fr-FR","potentialAction":[{"@type":"ReadAction","target":["https:\/\/www.mary-chaplin.com\/artiste-peintre\/marines-vagues-paysages-baie-de-somme-et-cote-dalbatre\/"]}]},{"@type":"ImageObject","inLanguage":"fr-FR","@id":"https:\/\/www.mary-chaplin.com\/artiste-peintre\/marines-vagues-paysages-baie-de-somme-et-cote-dalbatre\/#primaryimage","url":"https:\/\/www.mary-chaplin.com\/artiste-peintre\/wp-content\/uploads\/2024\/03\/Vague-a-lame-n\u00b022-116x89cm-Mary-Chaplin-artiste.jpg","contentUrl":"https:\/\/www.mary-chaplin.com\/artiste-peintre\/wp-content\/uploads\/2024\/03\/Vague-a-lame-n\u00b022-116x89cm-Mary-Chaplin-artiste.jpg","width":2126,"height":1632,"caption":"Vague \u00e0 l'\u00e2me n\u00b022 116x89cm acrylique sur toile Vendue"},{"@type":"WebSite","@id":"https:\/\/www.mary-chaplin.com\/artiste-peintre\/#website","url":"https:\/\/www.mary-chaplin.com\/artiste-peintre\/","name":"Mary Chaplin Artiste peintre","description":"Artiste peintre Wailly Conty, Impressionnisme abstrait contemporain Hauts de France","publisher":{"@id":"https:\/\/www.mary-chaplin.com\/artiste-peintre\/#organization"},"potentialAction":[{"@type":"SearchAction","target":{"@type":"EntryPoint","urlTemplate":"https:\/\/www.mary-chaplin.com\/artiste-peintre\/?s={search_term_string}"},"query-input":{"@type":"PropertyValueSpecification","valueRequired":true,"valueName":"search_term_string"}}],"inLanguage":"fr-FR"},{"@type":"Organization","@id":"https:\/\/www.mary-chaplin.com\/artiste-peintre\/#organization","name":"Mary Chaplin Artiste peintre","url":"https:\/\/www.mary-chaplin.com\/artiste-peintre\/","logo":{"@type":"ImageObject","inLanguage":"fr-FR","@id":"https:\/\/www.mary-chaplin.com\/artiste-peintre\/#\/schema\/logo\/image\/","url":"https:\/\/www.mary-chaplin.com\/artiste-peintre\/wp-content\/uploads\/2022\/09\/cropped-logo-mc.png","contentUrl":"https:\/\/www.mary-chaplin.com\/artiste-peintre\/wp-content\/uploads\/2022\/09\/cropped-logo-mc.png","width":848,"height":137,"caption":"Mary Chaplin Artiste peintre"},"image":{"@id":"https:\/\/www.mary-chaplin.com\/artiste-peintre\/#\/schema\/logo\/image\/"}}]}},"_links":{"self":[{"href":"https:\/\/www.mary-chaplin.com\/artiste-peintre\/wp-json\/wp\/v2\/pages\/840","targetHints":{"allow":["GET"]}}],"collection":[{"href":"https:\/\/www.mary-chaplin.com\/artiste-peintre\/wp-json\/wp\/v2\/pages"}],"about":[{"href":"https:\/\/www.mary-chaplin.com\/artiste-peintre\/wp-json\/wp\/v2\/types\/page"}],"author":[{"embeddable":true,"href":"https:\/\/www.mary-chaplin.com\/artiste-peintre\/wp-json\/wp\/v2\/users\/1"}],"replies":[{"embeddable":true,"href":"https:\/\/www.mary-chaplin.com\/artiste-peintre\/wp-json\/wp\/v2\/comments?post=840"}],"version-history":[{"count":64,"href":"https:\/\/www.mary-chaplin.com\/artiste-peintre\/wp-json\/wp\/v2\/pages\/840\/revisions"}],"predecessor-version":[{"id":2018,"href":"https:\/\/www.mary-chaplin.com\/artiste-peintre\/wp-json\/wp\/v2\/pages\/840\/revisions\/2018"}],"wp:featuredmedia":[{"embeddable":true,"href":"https:\/\/www.mary-chaplin.com\/artiste-peintre\/wp-json\/wp\/v2\/media\/1931"}],"wp:attachment":[{"href":"https:\/\/www.mary-chaplin.com\/artiste-peintre\/wp-json\/wp\/v2\/media?parent=840"}],"curies":[{"name":"wp","href":"https:\/\/api.w.org\/{rel}","templated":true}]}}