{"id":50,"date":"2014-12-05T16:51:33","date_gmt":"2014-12-05T15:51:33","guid":{"rendered":"http:\/\/www.mary-chaplin.com\/artiste-peintre\/?page_id=50"},"modified":"2025-01-20T14:36:38","modified_gmt":"2025-01-20T13:36:38","slug":"visiter-atelier-peintre-cany-barville","status":"publish","type":"page","link":"https:\/\/www.mary-chaplin.com\/artiste-peintre\/visiter-atelier-peintre-cany-barville\/","title":{"rendered":""},"content":{"rendered":"<h1 style=\"text-align: center;\"><style id=\"depicter-71-inline-pre-css\">\n\n\n<\/style>\n<div id=\"depicter-71\" class=\"depicter depicter-document depicter-revert depicter-71 depicter-layout-fullscreen\">\n\n<div class=\"depicter-loading-container depicter-loading rings-dark\"><svg class=\"depicter-single-svg-loading\" viewBox=\"0 0 45 45\" xmlns=\"http:\/\/www.w3.org\/2000\/svg\">\n   <g fill=\"none\" fill-rule=\"evenodd\" transform=\"translate(1 1)\" stroke-width=\"2\">\n      <circle cx=\"22\" cy=\"22\" r=\"6\" stroke-opacity=\"0\">\n         <animate attributeName=\"r\" begin=\"1.5s\" dur=\"3s\" values=\"6;22\" calcMode=\"linear\" repeatCount=\"indefinite\" \/>\n         <animate attributeName=\"stroke-opacity\" begin=\"1.5s\" dur=\"3s\" values=\"1;0\" calcMode=\"linear\" repeatCount=\"indefinite\" \/>\n         <animate attributeName=\"stroke-width\" begin=\"1.5s\" dur=\"3s\" values=\"2;0\" calcMode=\"linear\" repeatCount=\"indefinite\" \/>\n      <\/circle>\n      <circle cx=\"22\" cy=\"22\" r=\"6\" stroke-opacity=\"0\">\n         <animate attributeName=\"r\" begin=\"3s\" dur=\"3s\" values=\"6;22\" calcMode=\"linear\" repeatCount=\"indefinite\" \/>\n         <animate attributeName=\"stroke-opacity\" begin=\"3s\" dur=\"3s\" values=\"1;0\" calcMode=\"linear\" repeatCount=\"indefinite\" \/>\n         <animate attributeName=\"stroke-width\" begin=\"3s\" dur=\"3s\" values=\"2;0\" calcMode=\"linear\" repeatCount=\"indefinite\" \/>\n      <\/circle>\n      <circle cx=\"22\" cy=\"22\" r=\"8\">\n         <animate attributeName=\"r\" begin=\"0s\" dur=\"1.5s\" values=\"6;1;2;3;4;5;6\" calcMode=\"linear\" repeatCount=\"indefinite\" \/>\n      <\/circle>\n   <\/g>\n<\/svg>\n<\/div>\n\n<div class=\"depicter-overlay-layers\">\n<h1 id=\"depicter-71-element-12\" class=\"depicter-element depicter-layer depicter-71-element-12\" data-type=\"text\" data-wrap=\"true\" data-name=\"Text 1\" data-local-id=\"element-12\" data-offset=\"x:0px;y:-276px;origin:mc\" data-mobile-offset=\"x:-1px;y:-300px;origin:mc\" data-width=\"1172px,,305px\" data-height=\"auto,,auto\" data-responsive-scale=\"true,,\">Voyagez dans mon atelier et mes lieux d'expositions...<\/h1>\n\n<picture id=\"depicter-71-element-11\" class=\"depicter-element depicter-layer depicter-71-element-11\" data-type=\"image\" data-wrap=\"true\" data-name=\"Image 7\" data-local-id=\"element-11\" data-offset=\"x:25px;y:276px;origin:mr\" data-mobile-offset=\"x:0px;y:261px;origin:ml\" data-hide-on-sections=\"depicter-71-section-4\" data-width=\"595px,,355px\" data-height=\"80px,,78px\" data-responsive-scale=\"true,,\" data-crop=\"false\">\n<source data-depicter-srcset=\"https:\/\/www.mary-chaplin.com\/artiste-peintre\/wp-content\/uploads\/2022\/09\/logo-mc-2022-355x78.png, https:\/\/www.mary-chaplin.com\/artiste-peintre\/wp-content\/uploads\/2022\/09\/logo-mc-2022-710x156.png 2x\" srcset=\"data:image\/gif;base64,R0lGODlhAQABAIAAAAAAAP\/\/\/yH5BAEAAAAALAAAAAABAAEAAAIBRAA7\" media=\"(max-width: 767px)\" \/>\n\n<source data-depicter-srcset=\"https:\/\/www.mary-chaplin.com\/artiste-peintre\/wp-content\/uploads\/2022\/09\/logo-mc-2022-595x80.png, https:\/\/www.mary-chaplin.com\/artiste-peintre\/wp-content\/uploads\/2022\/09\/logo-mc-2022-1190x160.png 2x\" srcset=\"data:image\/gif;base64,R0lGODlhAQABAIAAAAAAAP\/\/\/yH5BAEAAAAALAAAAAABAAEAAAIBRAA7\" media=\"(min-width: 768px)\" \/>\n<img decoding=\"async\" src=\"data:image\/gif;base64,R0lGODlhAQABAIAAAAAAAP\/\/\/yH5BAEAAAAALAAAAAABAAEAAAIBRAA7\" data-depicter-src=\"https:\/\/www.mary-chaplin.com\/artiste-peintre\/wp-content\/uploads\/2022\/09\/logo-mc-2022-595x80.png\" alt=\"\" \/>\n<\/picture>\n<div data-animation-in=\"{'direction':'right','easing':'easeInOutExpo','duration':5000,'movement':{'value':900,'unit':'px'},'delay':500,'type':'move'}\" data-between-in-out=\"false\" id=\"depicter-71-element-13\" class=\"depicter-element depicter-layer depicter-71-element-13\" data-type=\"shape\" data-wrap=\"true\" data-name=\"Shape 1\" data-local-id=\"element-13\" data-offset=\"x:56px;y:-122px;origin:ml\" data-mobile-offset=\"x:-49px;y:-122px;origin:mc\" data-width=\"150px,,\" data-height=\"150px,,\" data-responsive-scale=\"true,,\"><\/div>\n\n<\/div>\n\n<div id=\"depicter-71-section-1\" class=\"depicter-section depicter-71-section-1\" data-name=\"Slide 1\" data-type=\"section\" data-local-id=\"section-1\">\n<picture id=\"depicter-71-element-3\" class=\"depicter-element depicter-layer depicter-71-element-3\" data-type=\"image\" data-wrap=\"true\" data-name=\"Image 2\" data-local-id=\"element-3\" data-offset=\"x:5px;y:-16px;origin:mc\" data-width=\"1161px,,\" data-height=\"435px,,\" data-responsive-scale=\"true,,\" data-crop=\"false\">\n<source data-depicter-srcset=\"https:\/\/www.mary-chaplin.com\/artiste-peintre\/wp-content\/uploads\/2020\/01\/Mary-chaplin-1161x435.jpg, https:\/\/www.mary-chaplin.com\/artiste-peintre\/wp-content\/uploads\/2020\/01\/Mary-chaplin-2322x870.jpg 2x\" srcset=\"data:image\/gif;base64,R0lGODlhAQABAIAAAAAAAP\/\/\/yH5BAEAAAAALAAAAAABAAEAAAIBRAA7\" \/>\n<img decoding=\"async\" src=\"data:image\/gif;base64,R0lGODlhAQABAIAAAAAAAP\/\/\/yH5BAEAAAAALAAAAAABAAEAAAIBRAA7\" data-depicter-src=\"https:\/\/www.mary-chaplin.com\/artiste-peintre\/wp-content\/uploads\/2020\/01\/Mary-chaplin-1161x435.jpg\" alt=\"\" \/>\n<\/picture><\/div>\n\n<div id=\"depicter-71-section-4\" class=\"depicter-section depicter-71-section-4\" data-name=\"Slide 2\" data-type=\"section\" data-local-id=\"section-4\">\n<picture id=\"depicter-71-element-5\" class=\"depicter-element depicter-layer depicter-71-element-5\" data-type=\"image\" data-wrap=\"true\" data-name=\"Image 3\" data-local-id=\"element-5\" data-offset=\"x:5px;y:90px;origin:mc\" data-width=\"1172px,,\" data-height=\"649px,,\" data-responsive-scale=\"true,,\" data-crop=\"false\">\n<source data-depicter-srcset=\"https:\/\/www.mary-chaplin.com\/artiste-peintre\/wp-content\/uploads\/2014\/12\/1galerieyvert-21-1172x649.jpg, https:\/\/www.mary-chaplin.com\/artiste-peintre\/wp-content\/uploads\/2014\/12\/1galerieyvert-21-2344x1298.jpg 2x\" srcset=\"data:image\/gif;base64,R0lGODlhAQABAIAAAAAAAP\/\/\/yH5BAEAAAAALAAAAAABAAEAAAIBRAA7\" \/>\n<img decoding=\"async\" src=\"data:image\/gif;base64,R0lGODlhAQABAIAAAAAAAP\/\/\/yH5BAEAAAAALAAAAAABAAEAAAIBRAA7\" data-depicter-src=\"https:\/\/www.mary-chaplin.com\/artiste-peintre\/wp-content\/uploads\/2014\/12\/1galerieyvert-21-1172x649.jpg\" alt=\"\" \/>\n<\/picture><\/div>\n\n<div id=\"depicter-71-section-6\" class=\"depicter-section depicter-71-section-6\" data-name=\"Slide 3\" data-type=\"section\" data-local-id=\"section-6\">\n<picture id=\"depicter-71-element-7\" class=\"depicter-element depicter-layer depicter-71-element-7\" data-type=\"image\" data-wrap=\"true\" data-name=\"Image 4\" data-local-id=\"element-7\" data-offset=\"x:5px;y:56px;origin:mc\" data-width=\"1172px,,\" data-height=\"575px,,\" data-responsive-scale=\"true,,\" data-crop=\"false\">\n<source data-depicter-srcset=\"https:\/\/www.mary-chaplin.com\/artiste-peintre\/wp-content\/uploads\/2014\/12\/1DSCN1684-1172x575.jpg, https:\/\/www.mary-chaplin.com\/artiste-peintre\/wp-content\/uploads\/2014\/12\/1DSCN1684-2344x1150.jpg 2x\" srcset=\"data:image\/gif;base64,R0lGODlhAQABAIAAAAAAAP\/\/\/yH5BAEAAAAALAAAAAABAAEAAAIBRAA7\" \/>\n<img decoding=\"async\" src=\"data:image\/gif;base64,R0lGODlhAQABAIAAAAAAAP\/\/\/yH5BAEAAAAALAAAAAABAAEAAAIBRAA7\" data-depicter-src=\"https:\/\/www.mary-chaplin.com\/artiste-peintre\/wp-content\/uploads\/2014\/12\/1DSCN1684-1172x575.jpg\" alt=\"Exposition avec M Enzo Marazzi Galerie Yvert Lyon\" \/>\n<\/picture><\/div>\n\n<div id=\"depicter-71-section-9\" class=\"depicter-section depicter-71-section-9\" data-name=\"Slide 4\" data-type=\"section\" data-local-id=\"section-9\">\n<picture id=\"depicter-71-element-14\" class=\"depicter-element depicter-layer depicter-71-element-14\" data-type=\"image\" data-wrap=\"true\" data-name=\"Image 8\" data-local-id=\"element-14\" data-offset=\"x:2px;y:55px;origin:mc\" data-tablet-offset=\"x:25px;y:-18px;origin:mc\" data-mobile-offset=\"x:-127px;y:-10px;origin:ml\" data-width=\"1167px,614px,614px\" data-height=\"562px,358px,358px\" data-responsive-scale=\"true,,\" data-crop=\"false\">\n<source data-depicter-srcset=\"https:\/\/www.mary-chaplin.com\/artiste-peintre\/wp-content\/uploads\/2022\/12\/fragments-de-memoire-scaled-1-614x358.jpg, https:\/\/www.mary-chaplin.com\/artiste-peintre\/wp-content\/uploads\/2022\/12\/fragments-de-memoire-scaled-1-1228x716.jpg 2x\" srcset=\"data:image\/gif;base64,R0lGODlhAQABAIAAAAAAAP\/\/\/yH5BAEAAAAALAAAAAABAAEAAAIBRAA7\" media=\"(max-width: 1024px)\" \/>\n\n<source data-depicter-srcset=\"https:\/\/www.mary-chaplin.com\/artiste-peintre\/wp-content\/uploads\/2022\/12\/fragments-de-memoire-scaled-1-1167x562.jpg, https:\/\/www.mary-chaplin.com\/artiste-peintre\/wp-content\/uploads\/2022\/12\/fragments-de-memoire-scaled-1-2334x1124.jpg 2x\" srcset=\"data:image\/gif;base64,R0lGODlhAQABAIAAAAAAAP\/\/\/yH5BAEAAAAALAAAAAABAAEAAAIBRAA7\" media=\"(min-width: 1025px)\" \/>\n<img decoding=\"async\" src=\"data:image\/gif;base64,R0lGODlhAQABAIAAAAAAAP\/\/\/yH5BAEAAAAALAAAAAABAAEAAAIBRAA7\" data-depicter-src=\"https:\/\/www.mary-chaplin.com\/artiste-peintre\/wp-content\/uploads\/2022\/12\/fragments-de-memoire-scaled-1-1167x562.jpg\" alt=\"\" \/>\n<\/picture><\/div>\n<\/div>\n<script>\n(window.depicterSetups = window.depicterSetups || []).push(function(){\n\tDepicter.basePath = 'https:\/\/www.mary-chaplin.com\/artiste-peintre\/wp-content\/plugins\/depicter\/resources\/scripts\/player\/';\n\tconst dpPlayer = Depicter.setup('.depicter-71',\n\t\t{\"width\":[\"1200\",\"1024\",\"360\"],\"height\":[\"700\",\"700\",\"740\"],\"view\":\"basic\",\"keepAspectRatio\":false,\"preload\":0,\"layout\":\"fullscreen\",\"rtl\":false,\"initAfterAppear\":false,\"ajaxApiUrl\":\"https:\\\/\\\/www.mary-chaplin.com\\\/artiste-peintre\\\/wp-admin\\\/admin-ajax.php\",\"slideshow\":{\"duration\":3,\"pauseOnHover\":false,\"autostart\":true},\"mouseSwipe\":true,\"touchSwipe\":true,\"useWatermark\":false}\n\t);\n});\n<\/script><\/h1>\n<h1>Mary Chaplin, artiste peintre figuratif et <a href=\"http:\/\/marychaplin-peintreluministe.com\/artiste\/\">abstrait.<\/a><\/h1>\n<p>Mary a install\u00e9 son nouvel atelier sur les Bords de la Durdent \u00e0 deux pas de la c\u00f4te d&rsquo;Alb\u00e2tre, <a href=\"https:\/\/cote-albatre-tourisme.fr\/commerce\/397-atelier-galerie-de-mary-chaplin\/#gallery-5\" target=\"_blank\" rel=\"noopener\"><strong>en centre ville de Cany-Barville<\/strong><\/a>, Normandie.\u00a0Elle y re\u00e7oit le public sur rendez-vous. Merci de bien vouloir prendre <a href=\"http:\/\/www.mary-chaplin.com\/artiste-peintre\/contact-mary-chaplin-artiste-peintre-luministe\/\">contact via le formulaire du site.<\/a><\/p>\n<h2><strong>L&rsquo;atelier de Mary Chaplin :<\/strong><\/h2>\n<p>C&rsquo;est un endroit savamment agenc\u00e9 et id\u00e9alement situ\u00e9 par son exposition \u00e0 la lumi\u00e8re. Guid\u00e9s par un architecte professionnel, les travaux aboutis ont donn\u00e9 naissance \u00e0 un cadre o\u00f9 se m\u00e9langent doucement les \u00e9nergies. La juste combinaison d&rsquo;une harmonie circulatoire enclins \u00e0 la perception et au ressentis de toutes <a href=\"http:\/\/www.mary-chaplin.com\/artiste-peintre\/mes-oeuvres\/\" target=\"_blank\" rel=\"noopener\">les oeuvres de l&rsquo;artiste<\/a>.<br \/>\nEn r\u00e9sum\u00e9 : en franchissant la porte de cet atelier, vous vous retrouverez imm\u00e9diatement volontairement plong\u00e9 dans l&rsquo;univers onirique et personnel de Mary.<\/p>\n<h3>Un chemin vers l&rsquo;ailleurs, une cloison de couleurs et un enchantement int\u00e9rieur.<\/h3>\n<p>Un univers que Mary (passionn\u00e9e intarissable) vous fera d\u00e9couvrir tout au long de votre visite. Un instant arr\u00eat\u00e9 qui ne vous laissera pas indiff\u00e9rent, destin\u00e9 \u00e0 toutes et tous (petits et grands, jeunes moins jeunes, amateurs d&rsquo;art ou passionn\u00e9s initi\u00e9s&#8230;).<\/p>\n<blockquote><p>A noter :<\/p>\n<p>Le travail de Mary Chaplin est aussi diffus\u00e9 par plusieurs galeries en Angleterre et Allemagne voir sa <a href=\"http:\/\/www.mary-chaplin.com\/artiste-peintre\/a-propos-presentation\/\" target=\"_blank\" rel=\"noopener\">pr\u00e9sentation<\/a>.<\/p><\/blockquote>\n<div id='gallery-1' class='gallery galleryid-50 gallery-columns-3 gallery-size-thumbnail'><figure class='gallery-item'>\n\t\t\t<div class='gallery-icon landscape'>\n\t\t\t\t<a href='https:\/\/www.mary-chaplin.com\/artiste-peintre\/wp-content\/uploads\/2025\/01\/Mary-Chaplin-lartiste-au-travail-dans-son-atelier-en-Normandie-1-scaled.jpg'><img loading=\"lazy\" decoding=\"async\" width=\"150\" height=\"150\" src=\"https:\/\/www.mary-chaplin.com\/artiste-peintre\/wp-content\/uploads\/2025\/01\/Mary-Chaplin-lartiste-au-travail-dans-son-atelier-en-Normandie-1-150x150.jpg\" class=\"attachment-thumbnail size-thumbnail\" alt=\"\" aria-describedby=\"gallery-1-1982\" \/><\/a>\n\t\t\t<\/div>\n\t\t\t\t<figcaption class='wp-caption-text gallery-caption' id='gallery-1-1982'>\n\t\t\t\tMary Chaplin travaille sur un grand format dans son atelier en Nomandie\n\t\t\t\t<\/figcaption><\/figure><figure class='gallery-item'>\n\t\t\t<div class='gallery-icon portrait'>\n\t\t\t\t<a href='https:\/\/www.mary-chaplin.com\/artiste-peintre\/wp-content\/uploads\/2025\/01\/Mary-Chaplin-lartiste-au-travail-dans-son-atelier-en-Normandie-2-scaled.jpg'><img loading=\"lazy\" decoding=\"async\" width=\"150\" height=\"150\" src=\"https:\/\/www.mary-chaplin.com\/artiste-peintre\/wp-content\/uploads\/2025\/01\/Mary-Chaplin-lartiste-au-travail-dans-son-atelier-en-Normandie-2-150x150.jpg\" class=\"attachment-thumbnail size-thumbnail\" alt=\"\" aria-describedby=\"gallery-1-1983\" \/><\/a>\n\t\t\t<\/div>\n\t\t\t\t<figcaption class='wp-caption-text gallery-caption' id='gallery-1-1983'>\n\t\t\t\tMary Chaplin travaille sur un grand format dans son atelier en Nomandie\n\t\t\t\t<\/figcaption><\/figure><figure class='gallery-item'>\n\t\t\t<div class='gallery-icon landscape'>\n\t\t\t\t<a href='https:\/\/www.mary-chaplin.com\/artiste-peintre\/wp-content\/uploads\/2025\/01\/Mary-Chaplin-lartiste-au-travail-dans-son-atelier-en-Normandie-3-scaled.jpg'><img loading=\"lazy\" decoding=\"async\" width=\"150\" height=\"150\" src=\"https:\/\/www.mary-chaplin.com\/artiste-peintre\/wp-content\/uploads\/2025\/01\/Mary-Chaplin-lartiste-au-travail-dans-son-atelier-en-Normandie-3-150x150.jpg\" class=\"attachment-thumbnail size-thumbnail\" alt=\"\" aria-describedby=\"gallery-1-1984\" \/><\/a>\n\t\t\t<\/div>\n\t\t\t\t<figcaption class='wp-caption-text gallery-caption' id='gallery-1-1984'>\n\t\t\t\tMary Chaplin travaille sur un grand format dans son atelier en Nomandie\n\t\t\t\t<\/figcaption><\/figure><figure class='gallery-item'>\n\t\t\t<div class='gallery-icon portrait'>\n\t\t\t\t<a href='https:\/\/www.mary-chaplin.com\/artiste-peintre\/wp-content\/uploads\/2024\/07\/exposition-chateau-de-Sommesnil-rendez-vous-aux-jardins-2024-scaled.jpg'><img loading=\"lazy\" decoding=\"async\" width=\"150\" height=\"150\" src=\"https:\/\/www.mary-chaplin.com\/artiste-peintre\/wp-content\/uploads\/2024\/07\/exposition-chateau-de-Sommesnil-rendez-vous-aux-jardins-2024-150x150.jpg\" class=\"attachment-thumbnail size-thumbnail\" alt=\"\" aria-describedby=\"gallery-1-1955\" \/><\/a>\n\t\t\t<\/div>\n\t\t\t\t<figcaption class='wp-caption-text gallery-caption' id='gallery-1-1955'>\n\t\t\t\tExposition\n au Ch\u00e2teau de Sommesnil pendant les rendez-vous aux jardins 2024\n\t\t\t\t<\/figcaption><\/figure><figure class='gallery-item'>\n\t\t\t<div class='gallery-icon landscape'>\n\t\t\t\t<a href='https:\/\/www.mary-chaplin.com\/artiste-peintre\/wp-content\/uploads\/2023\/11\/vernissage-galerie-SCHILL-Stuttgart.jpg'><img loading=\"lazy\" decoding=\"async\" width=\"150\" height=\"150\" src=\"https:\/\/www.mary-chaplin.com\/artiste-peintre\/wp-content\/uploads\/2023\/11\/vernissage-galerie-SCHILL-Stuttgart-150x150.jpg\" class=\"attachment-thumbnail size-thumbnail\" alt=\"\" aria-describedby=\"gallery-1-1846\" \/><\/a>\n\t\t\t<\/div>\n\t\t\t\t<figcaption class='wp-caption-text gallery-caption' id='gallery-1-1846'>\n\t\t\t\tVernissage Galerie Schill Stuttgart avec Dagmar Schill \u00e0 droite, Sarah et Nina \u00e0 ma gauche\n\t\t\t\t<\/figcaption><\/figure><figure class='gallery-item'>\n\t\t\t<div class='gallery-icon landscape'>\n\t\t\t\t<a href='https:\/\/www.mary-chaplin.com\/artiste-peintre\/wp-content\/uploads\/2023\/10\/looking-for-butterflies-triptyque-Mary-Chaplin-scaled.jpg'><img loading=\"lazy\" decoding=\"async\" width=\"150\" height=\"150\" src=\"https:\/\/www.mary-chaplin.com\/artiste-peintre\/wp-content\/uploads\/2023\/10\/looking-for-butterflies-triptyque-Mary-Chaplin-150x150.jpg\" class=\"attachment-thumbnail size-thumbnail\" alt=\"\" aria-describedby=\"gallery-1-1833\" \/><\/a>\n\t\t\t<\/div>\n\t\t\t\t<figcaption class='wp-caption-text gallery-caption' id='gallery-1-1833'>\n\t\t\t\tlooking for butterflies, triptyque\n\t\t\t\t<\/figcaption><\/figure><figure class='gallery-item'>\n\t\t\t<div class='gallery-icon landscape'>\n\t\t\t\t<a href='https:\/\/www.mary-chaplin.com\/artiste-peintre\/wp-content\/uploads\/2022\/05\/Jardin-secret-1-diptyque-2x120x150-Mary-Chaplin-in-situ-1.jpg'><img loading=\"lazy\" decoding=\"async\" width=\"150\" height=\"150\" src=\"https:\/\/www.mary-chaplin.com\/artiste-peintre\/wp-content\/uploads\/2022\/05\/Jardin-secret-1-diptyque-2x120x150-Mary-Chaplin-in-situ-1-150x150.jpg\" class=\"attachment-thumbnail size-thumbnail\" alt=\"Montrer l&#039;oeuvre en situation d&#039;exposition\" aria-describedby=\"gallery-1-1362\" \/><\/a>\n\t\t\t<\/div>\n\t\t\t\t<figcaption class='wp-caption-text gallery-caption' id='gallery-1-1362'>\n\t\t\t\tJardin secret 1, diptyque 2x120x150 Mary Chaplin in situ 1\n\t\t\t\t<\/figcaption><\/figure><figure class='gallery-item'>\n\t\t\t<div class='gallery-icon landscape'>\n\t\t\t\t<a href='https:\/\/www.mary-chaplin.com\/artiste-peintre\/wp-content\/uploads\/2022\/05\/Garden-of-lifediptyth-2x114x146-hommage-to-Joan-Mitchell-in-situ-1.jpg'><img loading=\"lazy\" decoding=\"async\" width=\"150\" height=\"150\" src=\"https:\/\/www.mary-chaplin.com\/artiste-peintre\/wp-content\/uploads\/2022\/05\/Garden-of-lifediptyth-2x114x146-hommage-to-Joan-Mitchell-in-situ-1-150x150.jpg\" class=\"attachment-thumbnail size-thumbnail\" alt=\"Montrer les grands formats en situation d&#039;exposition\" aria-describedby=\"gallery-1-1361\" \/><\/a>\n\t\t\t<\/div>\n\t\t\t\t<figcaption class='wp-caption-text gallery-caption' id='gallery-1-1361'>\n\t\t\t\tGarden of lifediptyth 2x114x146 hommage to Joan Mitchell in situ (1) \n\t\t\t\t<\/figcaption><\/figure><figure class='gallery-item'>\n\t\t\t<div class='gallery-icon landscape'>\n\t\t\t\t<a href='https:\/\/www.mary-chaplin.com\/artiste-peintre\/wp-content\/uploads\/2021\/05\/Mary-Chaplin-atelier-cany-barville.jpg'><img loading=\"lazy\" decoding=\"async\" width=\"150\" height=\"150\" src=\"https:\/\/www.mary-chaplin.com\/artiste-peintre\/wp-content\/uploads\/2021\/05\/Mary-Chaplin-atelier-cany-barville-150x150.jpg\" class=\"attachment-thumbnail size-thumbnail\" alt=\"Atelier de Mary Chaplin Cany-Barville Normandie\" aria-describedby=\"gallery-1-1188\" \/><\/a>\n\t\t\t<\/div>\n\t\t\t\t<figcaption class='wp-caption-text gallery-caption' id='gallery-1-1188'>\n\t\t\t\tAtelier de Mary Chaplin Cany-Barville Normandie\n\t\t\t\t<\/figcaption><\/figure><figure class='gallery-item'>\n\t\t\t<div class='gallery-icon landscape'>\n\t\t\t\t<a href='https:\/\/www.mary-chaplin.com\/artiste-peintre\/wp-content\/uploads\/2020\/11\/Mary-Chaplin-studio-abstract-impressionism-august.jpg'><img loading=\"lazy\" decoding=\"async\" width=\"150\" height=\"150\" src=\"https:\/\/www.mary-chaplin.com\/artiste-peintre\/wp-content\/uploads\/2020\/11\/Mary-Chaplin-studio-abstract-impressionism-august-150x150.jpg\" class=\"attachment-thumbnail size-thumbnail\" alt=\"\" aria-describedby=\"gallery-1-1150\" \/><\/a>\n\t\t\t<\/div>\n\t\t\t\t<figcaption class='wp-caption-text gallery-caption' id='gallery-1-1150'>\n\t\t\t\tMary Chaplin devant un grand format Atelier de Wailly \n\t\t\t\t<\/figcaption><\/figure><figure class='gallery-item'>\n\t\t\t<div class='gallery-icon landscape'>\n\t\t\t\t<a href='https:\/\/www.mary-chaplin.com\/artiste-peintre\/wp-content\/uploads\/2019\/05\/portrait-datelier-Mary-Chaplinw.jpg'><img loading=\"lazy\" decoding=\"async\" width=\"150\" height=\"150\" src=\"https:\/\/www.mary-chaplin.com\/artiste-peintre\/wp-content\/uploads\/2019\/05\/portrait-datelier-Mary-Chaplinw-150x150.jpg\" class=\"attachment-thumbnail size-thumbnail\" alt=\"Portrait d&#039;atelier de Mary Chaplin devant &#039;Garden of life&#039; hommage \u00e0 Joan Mitchell\" aria-describedby=\"gallery-1-815\" \/><\/a>\n\t\t\t<\/div>\n\t\t\t\t<figcaption class='wp-caption-text gallery-caption' id='gallery-1-815'>\n\t\t\t\tPortrait d&rsquo;atelier de Mary Chaplin devant &lsquo;Garden of life&rsquo; hommage \u00e0 Joan Mitchell\n\t\t\t\t<\/figcaption><\/figure><figure class='gallery-item'>\n\t\t\t<div class='gallery-icon landscape'>\n\t\t\t\t<a href='https:\/\/www.mary-chaplin.com\/artiste-peintre\/wp-content\/uploads\/2019\/08\/le-jardin-dAnais-Mary-Chaplin-w.jpg'><img loading=\"lazy\" decoding=\"async\" width=\"150\" height=\"150\" src=\"https:\/\/www.mary-chaplin.com\/artiste-peintre\/wp-content\/uploads\/2019\/08\/le-jardin-dAnais-Mary-Chaplin-w-150x150.jpg\" class=\"attachment-thumbnail size-thumbnail\" alt=\"le jardin d&#039;Anais, jardin bleu abstrait\" aria-describedby=\"gallery-1-829\" \/><\/a>\n\t\t\t<\/div>\n\t\t\t\t<figcaption class='wp-caption-text gallery-caption' id='gallery-1-829'>\n\t\t\t\tA l&rsquo;atelier : le jardin d\u2019Ana\u00efs de Mary Chaplin \n\t\t\t\t<\/figcaption><\/figure><figure class='gallery-item'>\n\t\t\t<div class='gallery-icon landscape'>\n\t\t\t\t<a href='https:\/\/www.mary-chaplin.com\/artiste-peintre\/wp-content\/uploads\/2019\/05\/portrait-atelier2019w.jpg'><img loading=\"lazy\" decoding=\"async\" width=\"150\" height=\"150\" src=\"https:\/\/www.mary-chaplin.com\/artiste-peintre\/wp-content\/uploads\/2019\/05\/portrait-atelier2019w-150x150.jpg\" class=\"attachment-thumbnail size-thumbnail\" alt=\"Portrait de Mary Chaplin\" aria-describedby=\"gallery-1-818\" \/><\/a>\n\t\t\t<\/div>\n\t\t\t\t<figcaption class='wp-caption-text gallery-caption' id='gallery-1-818'>\n\t\t\t\tPortrait de Mary Chaplin  \u00e0 Wailly devant &lsquo;le jardin de Fran\u00e7oise&rsquo;, oeuvre vendue \n\t\t\t\t<\/figcaption><\/figure><figure class='gallery-item'>\n\t\t\t<div class='gallery-icon portrait'>\n\t\t\t\t<a href='https:\/\/www.mary-chaplin.com\/artiste-peintre\/wp-content\/uploads\/2018\/01\/Mary-Chaplin-studiowp.jpg'><img loading=\"lazy\" decoding=\"async\" width=\"150\" height=\"150\" src=\"https:\/\/www.mary-chaplin.com\/artiste-peintre\/wp-content\/uploads\/2018\/01\/Mary-Chaplin-studiowp-150x150.jpg\" class=\"attachment-thumbnail size-thumbnail\" alt=\"Atelier de Mary Chaplin\" aria-describedby=\"gallery-1-717\" \/><\/a>\n\t\t\t<\/div>\n\t\t\t\t<figcaption class='wp-caption-text gallery-caption' id='gallery-1-717'>\n\t\t\t\tAtelier de Mary Chaplin\n\t\t\t\t<\/figcaption><\/figure><figure class='gallery-item'>\n\t\t\t<div class='gallery-icon landscape'>\n\t\t\t\t<a href='https:\/\/www.mary-chaplin.com\/artiste-peintre\/wp-content\/uploads\/2018\/01\/portrait-Mary-Chaplin.jpg'><img loading=\"lazy\" decoding=\"async\" width=\"150\" height=\"150\" src=\"https:\/\/www.mary-chaplin.com\/artiste-peintre\/wp-content\/uploads\/2018\/01\/portrait-Mary-Chaplin-150x150.jpg\" class=\"attachment-thumbnail size-thumbnail\" alt=\"\" aria-describedby=\"gallery-1-694\" \/><\/a>\n\t\t\t<\/div>\n\t\t\t\t<figcaption class='wp-caption-text gallery-caption' id='gallery-1-694'>\n\t\t\t\tAu travail dans son jardin de Wailly (Somme)\n\t\t\t\t<\/figcaption><\/figure><figure class='gallery-item'>\n\t\t\t<div class='gallery-icon landscape'>\n\t\t\t\t<a href='https:\/\/www.mary-chaplin.com\/artiste-peintre\/wp-content\/uploads\/2014\/12\/DSCN8809.jpg'><img loading=\"lazy\" decoding=\"async\" width=\"150\" height=\"150\" src=\"https:\/\/www.mary-chaplin.com\/artiste-peintre\/wp-content\/uploads\/2014\/12\/DSCN8809-150x150.jpg\" class=\"attachment-thumbnail size-thumbnail\" alt=\"photo d&#039;atelier, Wailly \u00e9t\u00e9 2016\" aria-describedby=\"gallery-1-546\" \/><\/a>\n\t\t\t<\/div>\n\t\t\t\t<figcaption class='wp-caption-text gallery-caption' id='gallery-1-546'>\n\t\t\t\tphoto d&rsquo;atelier, Wailly \u00e9t\u00e9 2016\n\t\t\t\t<\/figcaption><\/figure><figure class='gallery-item'>\n\t\t\t<div class='gallery-icon landscape'>\n\t\t\t\t<a href='https:\/\/www.mary-chaplin.com\/artiste-peintre\/wp-content\/uploads\/2015\/11\/IMGP6808okw.jpg'><img loading=\"lazy\" decoding=\"async\" width=\"150\" height=\"150\" src=\"https:\/\/www.mary-chaplin.com\/artiste-peintre\/wp-content\/uploads\/2015\/11\/IMGP6808okw-150x150.jpg\" class=\"attachment-thumbnail size-thumbnail\" alt=\"\" aria-describedby=\"gallery-1-399\" \/><\/a>\n\t\t\t<\/div>\n\t\t\t\t<figcaption class='wp-caption-text gallery-caption' id='gallery-1-399'>\n\t\t\t\tR\u00e9alisation d&rsquo;une commande\n\t\t\t\t<\/figcaption><\/figure><figure class='gallery-item'>\n\t\t\t<div class='gallery-icon landscape'>\n\t\t\t\t<a href='https:\/\/www.mary-chaplin.com\/artiste-peintre\/wp-content\/uploads\/2015\/11\/IMGP6799okw.jpg'><img loading=\"lazy\" decoding=\"async\" width=\"150\" height=\"150\" src=\"https:\/\/www.mary-chaplin.com\/artiste-peintre\/wp-content\/uploads\/2015\/11\/IMGP6799okw-150x150.jpg\" class=\"attachment-thumbnail size-thumbnail\" alt=\"\" aria-describedby=\"gallery-1-400\" \/><\/a>\n\t\t\t<\/div>\n\t\t\t\t<figcaption class='wp-caption-text gallery-caption' id='gallery-1-400'>\n\t\t\t\tR\u00e9alisation d&rsquo;une commande\n\t\t\t\t<\/figcaption><\/figure><figure class='gallery-item'>\n\t\t\t<div class='gallery-icon landscape'>\n\t\t\t\t<a href='https:\/\/www.mary-chaplin.com\/artiste-peintre\/wp-content\/uploads\/2020\/01\/atelier-mary.jpg'><img loading=\"lazy\" decoding=\"async\" width=\"150\" height=\"150\" src=\"https:\/\/www.mary-chaplin.com\/artiste-peintre\/wp-content\/uploads\/2020\/01\/atelier-mary-150x150.jpg\" class=\"attachment-thumbnail size-thumbnail\" alt=\"\" aria-describedby=\"gallery-1-1024\" \/><\/a>\n\t\t\t<\/div>\n\t\t\t\t<figcaption class='wp-caption-text gallery-caption' id='gallery-1-1024'>\n\t\t\t\tR\u00e9alisation d&rsquo;une commande\n\t\t\t\t<\/figcaption><\/figure><figure class='gallery-item'>\n\t\t\t<div class='gallery-icon portrait'>\n\t\t\t\t<a href='https:\/\/www.mary-chaplin.com\/artiste-peintre\/wp-content\/uploads\/2014\/12\/IMGP6802.jpg'><img loading=\"lazy\" decoding=\"async\" width=\"150\" height=\"150\" src=\"https:\/\/www.mary-chaplin.com\/artiste-peintre\/wp-content\/uploads\/2014\/12\/IMGP6802-150x150.jpg\" class=\"attachment-thumbnail size-thumbnail\" alt=\"Galerie Photo d&#039;atelier\" aria-describedby=\"gallery-1-405\" \/><\/a>\n\t\t\t<\/div>\n\t\t\t\t<figcaption class='wp-caption-text gallery-caption' id='gallery-1-405'>\n\t\t\t\tR\u00e9alisation d&rsquo;une commande Galerie Photo d&rsquo;atelier\n\t\t\t\t<\/figcaption><\/figure><figure class='gallery-item'>\n\t\t\t<div class='gallery-icon landscape'>\n\t\t\t\t<a href='https:\/\/www.mary-chaplin.com\/artiste-peintre\/wp-content\/uploads\/2022\/05\/Wisteria-and-roses-100x100cm-in-situ-2.jpg'><img loading=\"lazy\" decoding=\"async\" width=\"150\" height=\"150\" src=\"https:\/\/www.mary-chaplin.com\/artiste-peintre\/wp-content\/uploads\/2022\/05\/Wisteria-and-roses-100x100cm-in-situ-2-150x150.jpg\" class=\"attachment-thumbnail size-thumbnail\" alt=\"Wisteria and roses 100x100cm in situ (2)\" aria-describedby=\"gallery-1-1363\" \/><\/a>\n\t\t\t<\/div>\n\t\t\t\t<figcaption class='wp-caption-text gallery-caption' id='gallery-1-1363'>\n\t\t\t\tWisteria and roses 100x100cm in situ (2)\n\t\t\t\t<\/figcaption><\/figure><figure class='gallery-item'>\n\t\t\t<div class='gallery-icon landscape'>\n\t\t\t\t<a href='https:\/\/www.mary-chaplin.com\/artiste-peintre\/wp-content\/uploads\/2022\/12\/fragments-de-memoire-scaled.jpg'><img loading=\"lazy\" decoding=\"async\" width=\"150\" height=\"150\" src=\"https:\/\/www.mary-chaplin.com\/artiste-peintre\/wp-content\/uploads\/2022\/12\/fragments-de-memoire-150x150.jpg\" class=\"attachment-thumbnail size-thumbnail\" alt=\"\" aria-describedby=\"gallery-1-1720\" \/><\/a>\n\t\t\t<\/div>\n\t\t\t\t<figcaption class='wp-caption-text gallery-caption' id='gallery-1-1720'>\n\t\t\t\tExpo st Riquier Permanence de l&rsquo;\u00e9ph\u00e9m\u00e8re installation de Fragments de M\u00e9moire\n\t\t\t\t<\/figcaption><\/figure><figure class='gallery-item'>\n\t\t\t<div class='gallery-icon landscape'>\n\t\t\t\t<a href='https:\/\/www.mary-chaplin.com\/artiste-peintre\/wp-content\/uploads\/2022\/12\/exposition-Mary-Chaplin-Musee-de-St-Riquier.jpg'><img loading=\"lazy\" decoding=\"async\" width=\"150\" height=\"150\" src=\"https:\/\/www.mary-chaplin.com\/artiste-peintre\/wp-content\/uploads\/2022\/12\/exposition-Mary-Chaplin-Musee-de-St-Riquier-150x150.jpg\" class=\"attachment-thumbnail size-thumbnail\" alt=\"\" aria-describedby=\"gallery-1-1719\" \/><\/a>\n\t\t\t<\/div>\n\t\t\t\t<figcaption class='wp-caption-text gallery-caption' id='gallery-1-1719'>\n\t\t\t\tExpo st Riquier Permanence de l&rsquo;\u00e9ph\u00e9m\u00e8re\n\t\t\t\t<\/figcaption><\/figure><figure class='gallery-item'>\n\t\t\t<div class='gallery-icon portrait'>\n\t\t\t\t<a href='https:\/\/www.mary-chaplin.com\/artiste-peintre\/wp-content\/uploads\/2022\/12\/exposition-mary-chaplin-musee-departemental-de-st-riquier.jpg'><img loading=\"lazy\" decoding=\"async\" width=\"150\" height=\"150\" src=\"https:\/\/www.mary-chaplin.com\/artiste-peintre\/wp-content\/uploads\/2022\/12\/exposition-mary-chaplin-musee-departemental-de-st-riquier-150x150.jpg\" class=\"attachment-thumbnail size-thumbnail\" alt=\"\" aria-describedby=\"gallery-1-1718\" \/><\/a>\n\t\t\t<\/div>\n\t\t\t\t<figcaption class='wp-caption-text gallery-caption' id='gallery-1-1718'>\n\t\t\t\tExpo st Riquier Permanence de l&rsquo;\u00e9ph\u00e9m\u00e8re\n\t\t\t\t<\/figcaption><\/figure><figure class='gallery-item'>\n\t\t\t<div class='gallery-icon landscape'>\n\t\t\t\t<a href='https:\/\/www.mary-chaplin.com\/artiste-peintre\/wp-content\/uploads\/2022\/12\/exposition-mary-chaplin-musee-departemental-de-st-riquier-reflexions-silencieuses-scaled.jpg'><img loading=\"lazy\" decoding=\"async\" width=\"150\" height=\"150\" src=\"https:\/\/www.mary-chaplin.com\/artiste-peintre\/wp-content\/uploads\/2022\/12\/exposition-mary-chaplin-musee-departemental-de-st-riquier-reflexions-silencieuses-150x150.jpg\" class=\"attachment-thumbnail size-thumbnail\" alt=\"\" aria-describedby=\"gallery-1-1717\" \/><\/a>\n\t\t\t<\/div>\n\t\t\t\t<figcaption class='wp-caption-text gallery-caption' id='gallery-1-1717'>\n\t\t\t\tExpo st Riquier Permanence de l&rsquo;\u00e9ph\u00e9m\u00e8re\n\t\t\t\t<\/figcaption><\/figure><figure class='gallery-item'>\n\t\t\t<div class='gallery-icon landscape'>\n\t\t\t\t<a href='https:\/\/www.mary-chaplin.com\/artiste-peintre\/wp-content\/uploads\/2022\/12\/exposition-mary-chaplin-musee-departemental-de-st-riquier-oxymores-2.jpg'><img loading=\"lazy\" decoding=\"async\" width=\"150\" height=\"150\" src=\"https:\/\/www.mary-chaplin.com\/artiste-peintre\/wp-content\/uploads\/2022\/12\/exposition-mary-chaplin-musee-departemental-de-st-riquier-oxymores-2-150x150.jpg\" class=\"attachment-thumbnail size-thumbnail\" alt=\"\" aria-describedby=\"gallery-1-1716\" \/><\/a>\n\t\t\t<\/div>\n\t\t\t\t<figcaption class='wp-caption-text gallery-caption' id='gallery-1-1716'>\n\t\t\t\tExpo st Riquier Permanence de l&rsquo;\u00e9ph\u00e9m\u00e8re\n\t\t\t\t<\/figcaption><\/figure><figure class='gallery-item'>\n\t\t\t<div class='gallery-icon landscape'>\n\t\t\t\t<a href='https:\/\/www.mary-chaplin.com\/artiste-peintre\/wp-content\/uploads\/2022\/12\/exposition-mary-chaplin-musee-departemental-de-st-riquier-oxymore.jpg'><img loading=\"lazy\" decoding=\"async\" width=\"150\" height=\"150\" src=\"https:\/\/www.mary-chaplin.com\/artiste-peintre\/wp-content\/uploads\/2022\/12\/exposition-mary-chaplin-musee-departemental-de-st-riquier-oxymore-150x150.jpg\" class=\"attachment-thumbnail size-thumbnail\" alt=\"\" aria-describedby=\"gallery-1-1715\" \/><\/a>\n\t\t\t<\/div>\n\t\t\t\t<figcaption class='wp-caption-text gallery-caption' id='gallery-1-1715'>\n\t\t\t\tExpo st Riquier Permanence de l&rsquo;\u00e9ph\u00e9m\u00e8re\n\t\t\t\t<\/figcaption><\/figure><figure class='gallery-item'>\n\t\t\t<div class='gallery-icon landscape'>\n\t\t\t\t<a href='https:\/\/www.mary-chaplin.com\/artiste-peintre\/wp-content\/uploads\/2022\/12\/exposition-mary-chaplin-musee-departemental-de-st-riquier-5.jpg'><img loading=\"lazy\" decoding=\"async\" width=\"150\" height=\"150\" src=\"https:\/\/www.mary-chaplin.com\/artiste-peintre\/wp-content\/uploads\/2022\/12\/exposition-mary-chaplin-musee-departemental-de-st-riquier-5-150x150.jpg\" class=\"attachment-thumbnail size-thumbnail\" alt=\"\" aria-describedby=\"gallery-1-1714\" \/><\/a>\n\t\t\t<\/div>\n\t\t\t\t<figcaption class='wp-caption-text gallery-caption' id='gallery-1-1714'>\n\t\t\t\tExpo st Riquier Permanence de l&rsquo;\u00e9ph\u00e9m\u00e8re\n\t\t\t\t<\/figcaption><\/figure><figure class='gallery-item'>\n\t\t\t<div class='gallery-icon landscape'>\n\t\t\t\t<a href='https:\/\/www.mary-chaplin.com\/artiste-peintre\/wp-content\/uploads\/2022\/12\/exposition-mary-chaplin-musee-departemental-de-st-riquier-4.jpg'><img loading=\"lazy\" decoding=\"async\" width=\"150\" height=\"150\" src=\"https:\/\/www.mary-chaplin.com\/artiste-peintre\/wp-content\/uploads\/2022\/12\/exposition-mary-chaplin-musee-departemental-de-st-riquier-4-150x150.jpg\" class=\"attachment-thumbnail size-thumbnail\" alt=\"\" aria-describedby=\"gallery-1-1713\" \/><\/a>\n\t\t\t<\/div>\n\t\t\t\t<figcaption class='wp-caption-text gallery-caption' id='gallery-1-1713'>\n\t\t\t\tExpo st Riquier Permanence de l&rsquo;\u00e9ph\u00e9m\u00e8re\n\t\t\t\t<\/figcaption><\/figure><figure class='gallery-item'>\n\t\t\t<div class='gallery-icon portrait'>\n\t\t\t\t<a href='https:\/\/www.mary-chaplin.com\/artiste-peintre\/wp-content\/uploads\/2022\/12\/exposition-mary-chaplin-musee-departemental-de-st-riquier-3-scaled.jpg'><img loading=\"lazy\" decoding=\"async\" width=\"150\" height=\"150\" src=\"https:\/\/www.mary-chaplin.com\/artiste-peintre\/wp-content\/uploads\/2022\/12\/exposition-mary-chaplin-musee-departemental-de-st-riquier-3-150x150.jpg\" class=\"attachment-thumbnail size-thumbnail\" alt=\"\" aria-describedby=\"gallery-1-1712\" \/><\/a>\n\t\t\t<\/div>\n\t\t\t\t<figcaption class='wp-caption-text gallery-caption' id='gallery-1-1712'>\n\t\t\t\tExpo st Riquier Permanence de l&rsquo;\u00e9ph\u00e9m\u00e8re\n\t\t\t\t<\/figcaption><\/figure><figure class='gallery-item'>\n\t\t\t<div class='gallery-icon portrait'>\n\t\t\t\t<a href='https:\/\/www.mary-chaplin.com\/artiste-peintre\/wp-content\/uploads\/2022\/12\/exposition-mary-chaplin-musee-departemental-de-st-riquier-2.jpg'><img loading=\"lazy\" decoding=\"async\" width=\"150\" height=\"150\" src=\"https:\/\/www.mary-chaplin.com\/artiste-peintre\/wp-content\/uploads\/2022\/12\/exposition-mary-chaplin-musee-departemental-de-st-riquier-2-150x150.jpg\" class=\"attachment-thumbnail size-thumbnail\" alt=\"\" aria-describedby=\"gallery-1-1711\" \/><\/a>\n\t\t\t<\/div>\n\t\t\t\t<figcaption class='wp-caption-text gallery-caption' id='gallery-1-1711'>\n\t\t\t\tExpo st Riquier Permanence de l&rsquo;\u00e9ph\u00e9m\u00e8re\n\t\t\t\t<\/figcaption><\/figure><figure class='gallery-item'>\n\t\t\t<div class='gallery-icon landscape'>\n\t\t\t\t<a href='https:\/\/www.mary-chaplin.com\/artiste-peintre\/wp-content\/uploads\/2022\/12\/1-expo-striquier-5-scaled.jpg'><img loading=\"lazy\" decoding=\"async\" width=\"150\" height=\"150\" src=\"https:\/\/www.mary-chaplin.com\/artiste-peintre\/wp-content\/uploads\/2022\/12\/1-expo-striquier-5-150x150.jpg\" class=\"attachment-thumbnail size-thumbnail\" alt=\"\" aria-describedby=\"gallery-1-1710\" \/><\/a>\n\t\t\t<\/div>\n\t\t\t\t<figcaption class='wp-caption-text gallery-caption' id='gallery-1-1710'>\n\t\t\t\tExpo striquier Permanence de l&rsquo;\u00e9ph\u00e9m\u00e8re\n\t\t\t\t<\/figcaption><\/figure><figure class='gallery-item'>\n\t\t\t<div class='gallery-icon landscape'>\n\t\t\t\t<a href='https:\/\/www.mary-chaplin.com\/artiste-peintre\/wp-content\/uploads\/2022\/12\/expo-St-Riquier-deuonstration-pour-France-3-reportage-3-scaled.jpg'><img loading=\"lazy\" decoding=\"async\" width=\"150\" height=\"150\" src=\"https:\/\/www.mary-chaplin.com\/artiste-peintre\/wp-content\/uploads\/2022\/12\/expo-St-Riquier-deuonstration-pour-France-3-reportage-3-150x150.jpg\" class=\"attachment-thumbnail size-thumbnail\" alt=\"\" aria-describedby=\"gallery-1-1709\" \/><\/a>\n\t\t\t<\/div>\n\t\t\t\t<figcaption class='wp-caption-text gallery-caption' id='gallery-1-1709'>\n\t\t\t\texpo Permanence de l&rsquo;\u00e9ph\u00e9m\u00e8re reportage France 3 avec Yolande  Malgras journaliste \n\t\t\t\t<\/figcaption><\/figure><figure class='gallery-item'>\n\t\t\t<div class='gallery-icon landscape'>\n\t\t\t\t<a href='https:\/\/www.mary-chaplin.com\/artiste-peintre\/wp-content\/uploads\/2022\/12\/expo-St-Riquier-deuonstration-pour-France-3-reportage-2-scaled.jpg'><img loading=\"lazy\" decoding=\"async\" width=\"150\" height=\"150\" src=\"https:\/\/www.mary-chaplin.com\/artiste-peintre\/wp-content\/uploads\/2022\/12\/expo-St-Riquier-deuonstration-pour-France-3-reportage-2-150x150.jpg\" class=\"attachment-thumbnail size-thumbnail\" alt=\"\" aria-describedby=\"gallery-1-1708\" \/><\/a>\n\t\t\t<\/div>\n\t\t\t\t<figcaption class='wp-caption-text gallery-caption' id='gallery-1-1708'>\n\t\t\t\texpo Permanence de l&rsquo;\u00e9ph\u00e9m\u00e8re reportage France 3 avec Yolande  Malgras journaliste \n\t\t\t\t<\/figcaption><\/figure><figure class='gallery-item'>\n\t\t\t<div class='gallery-icon landscape'>\n\t\t\t\t<a href='https:\/\/www.mary-chaplin.com\/artiste-peintre\/wp-content\/uploads\/2022\/12\/expo-St-Riquier-deuonstration-pour-France-3-reportage-1-scaled.jpg'><img loading=\"lazy\" decoding=\"async\" width=\"150\" height=\"150\" src=\"https:\/\/www.mary-chaplin.com\/artiste-peintre\/wp-content\/uploads\/2022\/12\/expo-St-Riquier-deuonstration-pour-France-3-reportage-1-150x150.jpg\" class=\"attachment-thumbnail size-thumbnail\" alt=\"\" aria-describedby=\"gallery-1-1707\" \/><\/a>\n\t\t\t<\/div>\n\t\t\t\t<figcaption class='wp-caption-text gallery-caption' id='gallery-1-1707'>\n\t\t\t\texpo Permanence de l&rsquo;\u00e9ph\u00e9m\u00e8re reportage France 3 avec Yolande  Malgras journaliste \n\t\t\t\t<\/figcaption><\/figure><figure class='gallery-item'>\n\t\t\t<div class='gallery-icon landscape'>\n\t\t\t\t<a href='https:\/\/www.mary-chaplin.com\/artiste-peintre\/wp-content\/uploads\/2022\/12\/expo-de-St-Riquier-avec-Amandine-Kermann--scaled.jpg'><img loading=\"lazy\" decoding=\"async\" width=\"150\" height=\"150\" src=\"https:\/\/www.mary-chaplin.com\/artiste-peintre\/wp-content\/uploads\/2022\/12\/expo-de-St-Riquier-avec-Amandine-Kermann--150x150.jpg\" class=\"attachment-thumbnail size-thumbnail\" alt=\"\" aria-describedby=\"gallery-1-1706\" \/><\/a>\n\t\t\t<\/div>\n\t\t\t\t<figcaption class='wp-caption-text gallery-caption' id='gallery-1-1706'>\n\t\t\t\tAvec Amandine Kermann pendant le tournage de France 3\n\t\t\t\t<\/figcaption><\/figure><figure class='gallery-item'>\n\t\t\t<div class='gallery-icon landscape'>\n\t\t\t\t<a href='https:\/\/www.mary-chaplin.com\/artiste-peintre\/wp-content\/uploads\/2022\/12\/expo-avec-Yolande-Malgras-journaliste-France-3-scaled.jpg'><img loading=\"lazy\" decoding=\"async\" width=\"150\" height=\"150\" src=\"https:\/\/www.mary-chaplin.com\/artiste-peintre\/wp-content\/uploads\/2022\/12\/expo-avec-Yolande-Malgras-journaliste-France-3-150x150.jpg\" class=\"attachment-thumbnail size-thumbnail\" alt=\"\" aria-describedby=\"gallery-1-1705\" \/><\/a>\n\t\t\t<\/div>\n\t\t\t\t<figcaption class='wp-caption-text gallery-caption' id='gallery-1-1705'>\n\t\t\t\texpo Permanence de l&rsquo;\u00e9ph\u00e9m\u00e8re reportage France 3 avec Yolande  Malgras journaliste France 3\n\t\t\t\t<\/figcaption><\/figure>\n\t\t<\/div>\n\n<h2 style=\"text-align: center;\">Photos en atelier et sur plusieurs lieux d&rsquo;expositions :<\/h2>\n<div id='gallery-2' class='gallery galleryid-50 gallery-columns-3 gallery-size-thumbnail'><figure class='gallery-item'>\n\t\t\t<div class='gallery-icon landscape'>\n\t\t\t\t<a href='https:\/\/www.mary-chaplin.com\/artiste-peintre\/wp-content\/uploads\/2021\/05\/Mary-Chaplin-atelier-cany-barville.jpg'><img loading=\"lazy\" decoding=\"async\" width=\"150\" height=\"150\" src=\"https:\/\/www.mary-chaplin.com\/artiste-peintre\/wp-content\/uploads\/2021\/05\/Mary-Chaplin-atelier-cany-barville-150x150.jpg\" class=\"attachment-thumbnail size-thumbnail\" alt=\"Atelier de Mary Chaplin Cany-Barville Normandie\" aria-describedby=\"gallery-2-1188\" \/><\/a>\n\t\t\t<\/div>\n\t\t\t\t<figcaption class='wp-caption-text gallery-caption' id='gallery-2-1188'>\n\t\t\t\tAtelier de Mary Chaplin Cany-Barville Normandie\n\t\t\t\t<\/figcaption><\/figure><figure class='gallery-item'>\n\t\t\t<div class='gallery-icon landscape'>\n\t\t\t\t<a href='https:\/\/www.mary-chaplin.com\/artiste-peintre\/wp-content\/uploads\/2021\/05\/exposition-Gand-Galerie-HUISHUIS-Jan-Van-Damme-juin2020.jpg'><img loading=\"lazy\" decoding=\"async\" width=\"150\" height=\"150\" src=\"https:\/\/www.mary-chaplin.com\/artiste-peintre\/wp-content\/uploads\/2021\/05\/exposition-Gand-Galerie-HUISHUIS-Jan-Van-Damme-juin2020-150x150.jpg\" class=\"attachment-thumbnail size-thumbnail\" alt=\"exposition Gand Galerie HUISHUIS Jan Van Damme juin 2020\" aria-describedby=\"gallery-2-1190\" \/><\/a>\n\t\t\t<\/div>\n\t\t\t\t<figcaption class='wp-caption-text gallery-caption' id='gallery-2-1190'>\n\t\t\t\texposition Gand Galerie HUISHUIS Jan Van Damme juin 2020\n\t\t\t\t<\/figcaption><\/figure><figure class='gallery-item'>\n\t\t\t<div class='gallery-icon portrait'>\n\t\t\t\t<a href='https:\/\/www.mary-chaplin.com\/artiste-peintre\/wp-content\/uploads\/2021\/05\/expo-2020-Galerie-Huis-Huis-Gand-scaled.jpg'><img loading=\"lazy\" decoding=\"async\" width=\"150\" height=\"150\" src=\"https:\/\/www.mary-chaplin.com\/artiste-peintre\/wp-content\/uploads\/2021\/05\/expo-2020-Galerie-Huis-Huis-Gand-150x150.jpg\" class=\"attachment-thumbnail size-thumbnail\" alt=\"Exposition Galerie Huis Huis de Jan Van Damme Gand Belgique\" aria-describedby=\"gallery-2-1189\" \/><\/a>\n\t\t\t<\/div>\n\t\t\t\t<figcaption class='wp-caption-text gallery-caption' id='gallery-2-1189'>\n\t\t\t\tExposition Galerie Huis Huis de Jan Van Damme Gand Belgique\n\t\t\t\t<\/figcaption><\/figure><figure class='gallery-item'>\n\t\t\t<div class='gallery-icon portrait'>\n\t\t\t\t<a href='https:\/\/www.mary-chaplin.com\/artiste-peintre\/wp-content\/uploads\/2019\/01\/signetartgalleryw.jpg'><img loading=\"lazy\" decoding=\"async\" width=\"150\" height=\"150\" src=\"https:\/\/www.mary-chaplin.com\/artiste-peintre\/wp-content\/uploads\/2019\/01\/signetartgalleryw-150x150.jpg\" class=\"attachment-thumbnail size-thumbnail\" alt=\"\" aria-describedby=\"gallery-2-783\" \/><\/a>\n\t\t\t<\/div>\n\t\t\t\t<figcaption class='wp-caption-text gallery-caption' id='gallery-2-783'>\n\t\t\t\tMon travail expos\u00e9 chez Signet Art Contemporary Gallery, Chelsea, Londres\n\t\t\t\t<\/figcaption><\/figure><figure class='gallery-item'>\n\t\t\t<div class='gallery-icon landscape'>\n\t\t\t\t<a href='https:\/\/www.mary-chaplin.com\/artiste-peintre\/wp-content\/uploads\/2014\/12\/wychwoodartgallerymarychaplindeborahallan2w-1.jpg'><img loading=\"lazy\" decoding=\"async\" width=\"150\" height=\"150\" src=\"https:\/\/www.mary-chaplin.com\/artiste-peintre\/wp-content\/uploads\/2014\/12\/wychwoodartgallerymarychaplindeborahallan2w-1-150x150.jpg\" class=\"attachment-thumbnail size-thumbnail\" alt=\"At Wychwood Art Gallery with Deborah Allan\" aria-describedby=\"gallery-2-678\" \/><\/a>\n\t\t\t<\/div>\n\t\t\t\t<figcaption class='wp-caption-text gallery-caption' id='gallery-2-678'>\n\t\t\t\tAt Wychwood Art Gallery with Deborah Allan Deddington Angleterre diptyque vendu\n\t\t\t\t<\/figcaption><\/figure><figure class='gallery-item'>\n\t\t\t<div class='gallery-icon portrait'>\n\t\t\t\t<a href='https:\/\/www.mary-chaplin.com\/artiste-peintre\/wp-content\/uploads\/2018\/09\/Mary-Chaplin-et-Deborah-Allanw.jpg'><img loading=\"lazy\" decoding=\"async\" width=\"150\" height=\"150\" src=\"https:\/\/www.mary-chaplin.com\/artiste-peintre\/wp-content\/uploads\/2018\/09\/Mary-Chaplin-et-Deborah-Allanw-150x150.jpg\" class=\"attachment-thumbnail size-thumbnail\" alt=\"Wychwood Art Gallery Deddington, Oxfordshire. Mary Chaplin et Deborah Allan\" aria-describedby=\"gallery-2-763\" \/><\/a>\n\t\t\t<\/div>\n\t\t\t\t<figcaption class='wp-caption-text gallery-caption' id='gallery-2-763'>\n\t\t\t\tWychwood Art Gallery Deddington, Oxfordshire. Mary Chaplin et Deborah Allan\n\t\t\t\t<\/figcaption><\/figure><figure class='gallery-item'>\n\t\t\t<div class='gallery-icon landscape'>\n\t\t\t\t<a href='https:\/\/www.mary-chaplin.com\/artiste-peintre\/wp-content\/uploads\/2014\/12\/wychwoodartgallerymarychaplindeborahallanw.jpg'><img loading=\"lazy\" decoding=\"async\" width=\"150\" height=\"150\" src=\"https:\/\/www.mary-chaplin.com\/artiste-peintre\/wp-content\/uploads\/2014\/12\/wychwoodartgallerymarychaplindeborahallanw-150x150.jpg\" class=\"attachment-thumbnail size-thumbnail\" alt=\"At Wychwood Art Gallery with Deborah Allan\" aria-describedby=\"gallery-2-679\" \/><\/a>\n\t\t\t<\/div>\n\t\t\t\t<figcaption class='wp-caption-text gallery-caption' id='gallery-2-679'>\n\t\t\t\tAt Wychwood Art Gallery with Deborah Allan Deddington Angleterre\n\t\t\t\t<\/figcaption><\/figure><figure class='gallery-item'>\n\t\t\t<div class='gallery-icon portrait'>\n\t\t\t\t<a href='https:\/\/www.mary-chaplin.com\/artiste-peintre\/wp-content\/uploads\/2021\/05\/Galerie-le-Passeur-dArt-Chrisitan-Servant-Sables-dOlonne.jpg'><img loading=\"lazy\" decoding=\"async\" width=\"150\" height=\"150\" src=\"https:\/\/www.mary-chaplin.com\/artiste-peintre\/wp-content\/uploads\/2021\/05\/Galerie-le-Passeur-dArt-Chrisitan-Servant-Sables-dOlonne-150x150.jpg\" class=\"attachment-thumbnail size-thumbnail\" alt=\"Exposition chez Christian Servant, Galerie le Passeur d&#039;Art\" aria-describedby=\"gallery-2-1191\" \/><\/a>\n\t\t\t<\/div>\n\t\t\t\t<figcaption class='wp-caption-text gallery-caption' id='gallery-2-1191'>\n\t\t\t\tExposition chez Christian Servant, Galerie le Passeur d&rsquo;Art\n\t\t\t\t<\/figcaption><\/figure><figure class='gallery-item'>\n\t\t\t<div class='gallery-icon landscape'>\n\t\t\t\t<a href='https:\/\/www.mary-chaplin.com\/artiste-peintre\/wp-content\/uploads\/2014\/12\/DSCN8926.jpg'><img loading=\"lazy\" decoding=\"async\" width=\"150\" height=\"150\" src=\"https:\/\/www.mary-chaplin.com\/artiste-peintre\/wp-content\/uploads\/2014\/12\/DSCN8926-150x150.jpg\" class=\"attachment-thumbnail size-thumbnail\" alt=\"Avec Jan Van Damme, Galerij Huis Huis Gent Belgique\" aria-describedby=\"gallery-2-542\" \/><\/a>\n\t\t\t<\/div>\n\t\t\t\t<figcaption class='wp-caption-text gallery-caption' id='gallery-2-542'>\n\t\t\t\tAvec Jan Van Damme, Galerij Huis Huis Gent Belgique\n\t\t\t\t<\/figcaption><\/figure><figure class='gallery-item'>\n\t\t\t<div class='gallery-icon portrait'>\n\t\t\t\t<a href='https:\/\/www.mary-chaplin.com\/artiste-peintre\/wp-content\/uploads\/2018\/09\/gallery-LymingtonMary-Chaplin-et-Stewart-Mechemw.jpg'><img loading=\"lazy\" decoding=\"async\" width=\"150\" height=\"150\" src=\"https:\/\/www.mary-chaplin.com\/artiste-peintre\/wp-content\/uploads\/2018\/09\/gallery-LymingtonMary-Chaplin-et-Stewart-Mechemw-150x150.jpg\" class=\"attachment-thumbnail size-thumbnail\" alt=\"Coastal Art Gallery Lymington Mary Chaplin et Stewart Mechem\" aria-describedby=\"gallery-2-762\" \/><\/a>\n\t\t\t<\/div>\n\t\t\t\t<figcaption class='wp-caption-text gallery-caption' id='gallery-2-762'>\n\t\t\t\tCoastal Art Gallery Lymington Mary Chaplin et Stewart Mechem\n\t\t\t\t<\/figcaption><\/figure><figure class='gallery-item'>\n\t\t\t<div class='gallery-icon landscape'>\n\t\t\t\t<a href='https:\/\/www.mary-chaplin.com\/artiste-peintre\/wp-content\/uploads\/2014\/12\/ghuishuisgandwp.jpg'><img loading=\"lazy\" decoding=\"async\" width=\"150\" height=\"150\" src=\"https:\/\/www.mary-chaplin.com\/artiste-peintre\/wp-content\/uploads\/2014\/12\/ghuishuisgandwp-150x150.jpg\" class=\"attachment-thumbnail size-thumbnail\" alt=\"12 Burgstraat Gent Belgie Galerie de Jan Van Damme\" aria-describedby=\"gallery-2-478\" \/><\/a>\n\t\t\t<\/div>\n\t\t\t\t<figcaption class='wp-caption-text gallery-caption' id='gallery-2-478'>\n\t\t\t\t12 Burgstraat Gent Belgie\nGalerie de Jan Van Damme\n\t\t\t\t<\/figcaption><\/figure><figure class='gallery-item'>\n\t\t\t<div class='gallery-icon landscape'>\n\t\t\t\t<a href='https:\/\/www.mary-chaplin.com\/artiste-peintre\/wp-content\/uploads\/2014\/12\/ghh2w.jpg'><img loading=\"lazy\" decoding=\"async\" width=\"150\" height=\"150\" src=\"https:\/\/www.mary-chaplin.com\/artiste-peintre\/wp-content\/uploads\/2014\/12\/ghh2w-150x150.jpg\" class=\"attachment-thumbnail size-thumbnail\" alt=\"Galerij Huis Huis Gent Belgique exposition octobre 2017\" aria-describedby=\"gallery-2-543\" \/><\/a>\n\t\t\t<\/div>\n\t\t\t\t<figcaption class='wp-caption-text gallery-caption' id='gallery-2-543'>\n\t\t\t\tGalerij Huis Huis Gent Belgique exposition octobre 2017\n\t\t\t\t<\/figcaption><\/figure><figure class='gallery-item'>\n\t\t\t<div class='gallery-icon landscape'>\n\t\t\t\t<a href='https:\/\/www.mary-chaplin.com\/artiste-peintre\/wp-content\/uploads\/2014\/12\/IMG_1139.jpg'><img loading=\"lazy\" decoding=\"async\" width=\"150\" height=\"150\" src=\"https:\/\/www.mary-chaplin.com\/artiste-peintre\/wp-content\/uploads\/2014\/12\/IMG_1139-150x150.jpg\" class=\"attachment-thumbnail size-thumbnail\" alt=\"Galerij Huis Huis Gent Belgique\" aria-describedby=\"gallery-2-544\" \/><\/a>\n\t\t\t<\/div>\n\t\t\t\t<figcaption class='wp-caption-text gallery-caption' id='gallery-2-544'>\n\t\t\t\tGalerij Huis Huis Gent Belgique\n\t\t\t\t<\/figcaption><\/figure><figure class='gallery-item'>\n\t\t\t<div class='gallery-icon landscape'>\n\t\t\t\t<a href='https:\/\/www.mary-chaplin.com\/artiste-peintre\/wp-content\/uploads\/2014\/12\/1galerieyvert-2.jpg'><img loading=\"lazy\" decoding=\"async\" width=\"150\" height=\"150\" src=\"https:\/\/www.mary-chaplin.com\/artiste-peintre\/wp-content\/uploads\/2014\/12\/1galerieyvert-2-150x150.jpg\" class=\"attachment-thumbnail size-thumbnail\" alt=\"Exposition avec M Enzo Marazzi Galerie Yvert Lyon\" aria-describedby=\"gallery-2-352\" \/><\/a>\n\t\t\t<\/div>\n\t\t\t\t<figcaption class='wp-caption-text gallery-caption' id='gallery-2-352'>\n\t\t\t\tExposition avec M Enzo Marazzi Galerie Yvert Lyon\n\t\t\t\t<\/figcaption><\/figure><figure class='gallery-item'>\n\t\t\t<div class='gallery-icon landscape'>\n\t\t\t\t<a href='https:\/\/www.mary-chaplin.com\/artiste-peintre\/wp-content\/uploads\/2014\/12\/DSCN8809.jpg'><img loading=\"lazy\" decoding=\"async\" width=\"150\" height=\"150\" src=\"https:\/\/www.mary-chaplin.com\/artiste-peintre\/wp-content\/uploads\/2014\/12\/DSCN8809-150x150.jpg\" class=\"attachment-thumbnail size-thumbnail\" alt=\"photo d&#039;atelier, Wailly \u00e9t\u00e9 2016\" aria-describedby=\"gallery-2-546\" \/><\/a>\n\t\t\t<\/div>\n\t\t\t\t<figcaption class='wp-caption-text gallery-caption' id='gallery-2-546'>\n\t\t\t\tphoto d&rsquo;atelier, Wailly \u00e9t\u00e9 2016\n\t\t\t\t<\/figcaption><\/figure><figure class='gallery-item'>\n\t\t\t<div class='gallery-icon landscape'>\n\t\t\t\t<a href='https:\/\/www.mary-chaplin.com\/artiste-peintre\/wp-content\/uploads\/2014\/12\/1DSCN1684.jpg'><img loading=\"lazy\" decoding=\"async\" width=\"150\" height=\"150\" src=\"https:\/\/www.mary-chaplin.com\/artiste-peintre\/wp-content\/uploads\/2014\/12\/1DSCN1684-150x150.jpg\" class=\"attachment-thumbnail size-thumbnail\" alt=\"Exposition avec M Enzo Marazzi Galerie Yvert Lyon\" aria-describedby=\"gallery-2-358\" \/><\/a>\n\t\t\t<\/div>\n\t\t\t\t<figcaption class='wp-caption-text gallery-caption' id='gallery-2-358'>\n\t\t\t\tExposition avec M Enzo Marazzi Galerie Yvert Lyon\n\t\t\t\t<\/figcaption><\/figure><figure class='gallery-item'>\n\t\t\t<div class='gallery-icon portrait'>\n\t\t\t\t<a href='https:\/\/www.mary-chaplin.com\/artiste-peintre\/wp-content\/uploads\/2014\/12\/1DSCN1697.jpg'><img loading=\"lazy\" decoding=\"async\" width=\"150\" height=\"150\" src=\"https:\/\/www.mary-chaplin.com\/artiste-peintre\/wp-content\/uploads\/2014\/12\/1DSCN1697-150x150.jpg\" class=\"attachment-thumbnail size-thumbnail\" alt=\"Exposition avec M Enzo Marazzi Galerie Yvert Lyon\" aria-describedby=\"gallery-2-359\" \/><\/a>\n\t\t\t<\/div>\n\t\t\t\t<figcaption class='wp-caption-text gallery-caption' id='gallery-2-359'>\n\t\t\t\tExposition avec M Enzo Marazzi Galerie Yvert Lyon\n\t\t\t\t<\/figcaption><\/figure><figure class='gallery-item'>\n\t\t\t<div class='gallery-icon landscape'>\n\t\t\t\t<a href='https:\/\/www.mary-chaplin.com\/artiste-peintre\/wp-content\/uploads\/2014\/12\/1DSCN1676.jpg'><img loading=\"lazy\" decoding=\"async\" width=\"150\" height=\"150\" src=\"https:\/\/www.mary-chaplin.com\/artiste-peintre\/wp-content\/uploads\/2014\/12\/1DSCN1676-150x150.jpg\" class=\"attachment-thumbnail size-thumbnail\" alt=\"\" aria-describedby=\"gallery-2-355\" \/><\/a>\n\t\t\t<\/div>\n\t\t\t\t<figcaption class='wp-caption-text gallery-caption' id='gallery-2-355'>\n\t\t\t\tExposition avec M Enzo Marazzi Galerie Yvert Lyon, Madame Laurence Lalart directrice artistique\n\t\t\t\t<\/figcaption><\/figure><figure class='gallery-item'>\n\t\t\t<div class='gallery-icon landscape'>\n\t\t\t\t<a href='https:\/\/www.mary-chaplin.com\/artiste-peintre\/wp-content\/uploads\/2014\/12\/1DSCN1664.jpg'><img loading=\"lazy\" decoding=\"async\" width=\"150\" height=\"150\" src=\"https:\/\/www.mary-chaplin.com\/artiste-peintre\/wp-content\/uploads\/2014\/12\/1DSCN1664-150x150.jpg\" class=\"attachment-thumbnail size-thumbnail\" alt=\"\" aria-describedby=\"gallery-2-354\" \/><\/a>\n\t\t\t<\/div>\n\t\t\t\t<figcaption class='wp-caption-text gallery-caption' id='gallery-2-354'>\n\t\t\t\tExposition avec M Enzo Marazzi Galerie Yvert Lyon\n\t\t\t\t<\/figcaption><\/figure><figure class='gallery-item'>\n\t\t\t<div class='gallery-icon landscape'>\n\t\t\t\t<a href='https:\/\/www.mary-chaplin.com\/artiste-peintre\/wp-content\/uploads\/2014\/12\/1aDSCN1721.jpg'><img loading=\"lazy\" decoding=\"async\" width=\"150\" height=\"150\" src=\"https:\/\/www.mary-chaplin.com\/artiste-peintre\/wp-content\/uploads\/2014\/12\/1aDSCN1721-150x150.jpg\" class=\"attachment-thumbnail size-thumbnail\" alt=\"Exposition avec M Enzo Marazzi Galerie Yvert Lyon\" aria-describedby=\"gallery-2-353\" \/><\/a>\n\t\t\t<\/div>\n\t\t\t\t<figcaption class='wp-caption-text gallery-caption' id='gallery-2-353'>\n\t\t\t\tExposition avec M Enzo Marazzi Galerie Yvert Lyon, vernissage avec M Beno\u00eet Gervais et Madame H\u00e9l\u00e9na Marazzi\n\t\t\t\t<\/figcaption><\/figure><figure class='gallery-item'>\n\t\t\t<div class='gallery-icon landscape'>\n\t\t\t\t<a href='https:\/\/www.mary-chaplin.com\/artiste-peintre\/wp-content\/uploads\/2014\/12\/1DSCN1682.jpg'><img loading=\"lazy\" decoding=\"async\" width=\"150\" height=\"150\" src=\"https:\/\/www.mary-chaplin.com\/artiste-peintre\/wp-content\/uploads\/2014\/12\/1DSCN1682-150x150.jpg\" class=\"attachment-thumbnail size-thumbnail\" alt=\"Exposition avec M Enzo Marazzi Galerie Yvert Lyon\" aria-describedby=\"gallery-2-357\" \/><\/a>\n\t\t\t<\/div>\n\t\t\t\t<figcaption class='wp-caption-text gallery-caption' id='gallery-2-357'>\n\t\t\t\tExposition avec M Enzo Marazzi Galerie Yvert Lyon\n\t\t\t\t<\/figcaption><\/figure><figure class='gallery-item'>\n\t\t\t<div class='gallery-icon landscape'>\n\t\t\t\t<a href='https:\/\/www.mary-chaplin.com\/artiste-peintre\/wp-content\/uploads\/2014\/12\/1DSCN1679.jpg'><img loading=\"lazy\" decoding=\"async\" width=\"150\" height=\"150\" src=\"https:\/\/www.mary-chaplin.com\/artiste-peintre\/wp-content\/uploads\/2014\/12\/1DSCN1679-150x150.jpg\" class=\"attachment-thumbnail size-thumbnail\" alt=\"Exposition avec M Enzo Marazzi Galerie Yvert Lyon\" aria-describedby=\"gallery-2-356\" \/><\/a>\n\t\t\t<\/div>\n\t\t\t\t<figcaption class='wp-caption-text gallery-caption' id='gallery-2-356'>\n\t\t\t\tExposition avec M Enzo Marazzi Galerie Yvert Lyon\n\t\t\t\t<\/figcaption><\/figure><figure class='gallery-item'>\n\t\t\t<div class='gallery-icon landscape'>\n\t\t\t\t<a href='https:\/\/www.mary-chaplin.com\/artiste-peintre\/wp-content\/uploads\/2014\/12\/centredart29avrilDSCN8580.jpg'><img loading=\"lazy\" decoding=\"async\" width=\"150\" height=\"150\" src=\"https:\/\/www.mary-chaplin.com\/artiste-peintre\/wp-content\/uploads\/2014\/12\/centredart29avrilDSCN8580-150x150.jpg\" class=\"attachment-thumbnail size-thumbnail\" alt=\"\" aria-describedby=\"gallery-2-348\" \/><\/a>\n\t\t\t<\/div>\n\t\t\t\t<figcaption class='wp-caption-text gallery-caption' id='gallery-2-348'>\n\t\t\t\tAvec M. WANG Ji lors de la s\u00e9lection au centre d&rsquo;Art d&rsquo;Aulnay sous Bois des oeuvres qui partiront pour la Chine\n\t\t\t\t<\/figcaption><\/figure><figure class='gallery-item'>\n\t\t\t<div class='gallery-icon landscape'>\n\t\t\t\t<a href='https:\/\/www.mary-chaplin.com\/artiste-peintre\/wp-content\/uploads\/2014\/12\/laroseraiew.jpg'><img loading=\"lazy\" decoding=\"async\" width=\"150\" height=\"150\" src=\"https:\/\/www.mary-chaplin.com\/artiste-peintre\/wp-content\/uploads\/2014\/12\/laroseraiew-150x150.jpg\" class=\"attachment-thumbnail size-thumbnail\" alt=\"La roseraie Sains en Ami\u00e9nois\" aria-describedby=\"gallery-2-335\" \/><\/a>\n\t\t\t<\/div>\n\t\t\t\t<figcaption class='wp-caption-text gallery-caption' id='gallery-2-335'>\n\t\t\t\tInvit\u00e9e par la famille Lecomte \u00e0 la Roseraie de Sains en Ami\u00e9nois pendant les journ\u00e9es aux jardins 2015\n\t\t\t\t<\/figcaption><\/figure><figure class='gallery-item'>\n\t\t\t<div class='gallery-icon landscape'>\n\t\t\t\t<a href='https:\/\/www.mary-chaplin.com\/artiste-peintre\/wp-content\/uploads\/2014\/12\/larsoeraie1o.jpg'><img loading=\"lazy\" decoding=\"async\" width=\"150\" height=\"150\" src=\"https:\/\/www.mary-chaplin.com\/artiste-peintre\/wp-content\/uploads\/2014\/12\/larsoeraie1o-150x150.jpg\" class=\"attachment-thumbnail size-thumbnail\" alt=\"\" aria-describedby=\"gallery-2-337\" \/><\/a>\n\t\t\t<\/div>\n\t\t\t\t<figcaption class='wp-caption-text gallery-caption' id='gallery-2-337'>\n\t\t\t\tInvit\u00e9e par la famille Lecomte \u00e0 la Roseraie de Sains en Ami\u00e9nois pendant les journ\u00e9es aux jardins 2015\n\t\t\t\t<\/figcaption><\/figure><figure class='gallery-item'>\n\t\t\t<div class='gallery-icon landscape'>\n\t\t\t\t<a href='https:\/\/www.mary-chaplin.com\/artiste-peintre\/wp-content\/uploads\/2014\/12\/houlgate20052015DSCN9097.jpg'><img loading=\"lazy\" decoding=\"async\" width=\"150\" height=\"150\" src=\"https:\/\/www.mary-chaplin.com\/artiste-peintre\/wp-content\/uploads\/2014\/12\/houlgate20052015DSCN9097-150x150.jpg\" class=\"attachment-thumbnail size-thumbnail\" alt=\"Exposition \u00e0 l&#039;Eglise St AUbin d&#039;Houlgate pendant la Vague d&#039;Art mai 2015\" aria-describedby=\"gallery-2-338\" \/><\/a>\n\t\t\t<\/div>\n\t\t\t\t<figcaption class='wp-caption-text gallery-caption' id='gallery-2-338'>\n\t\t\t\tExposition \u00e0 l&rsquo;Eglise St AUbin d&rsquo;Houlgate pendant la Vague d&rsquo;Art mai 2015\n\t\t\t\t<\/figcaption><\/figure><figure class='gallery-item'>\n\t\t\t<div class='gallery-icon landscape'>\n\t\t\t\t<a href='https:\/\/www.mary-chaplin.com\/artiste-peintre\/wp-content\/uploads\/2014\/12\/vernonDSCN0453.jpg'><img loading=\"lazy\" decoding=\"async\" width=\"150\" height=\"150\" src=\"https:\/\/www.mary-chaplin.com\/artiste-peintre\/wp-content\/uploads\/2014\/12\/vernonDSCN0453-150x150.jpg\" class=\"attachment-thumbnail size-thumbnail\" alt=\"Journ\u00e9e de peinture chez Bertrand et Dani\u00e8le de Vautibault \u00e0 la Roulotte de Bonnard\" aria-describedby=\"gallery-2-341\" \/><\/a>\n\t\t\t<\/div>\n\t\t\t\t<figcaption class='wp-caption-text gallery-caption' id='gallery-2-341'>\n\t\t\t\tJourn\u00e9e de peinture chez Bertrand et Dani\u00e8le de Vautibault \u00e0 la Roulotte de Bonnard\n\t\t\t\t<\/figcaption><\/figure><figure class='gallery-item'>\n\t\t\t<div class='gallery-icon landscape'>\n\t\t\t\t<a href='https:\/\/www.mary-chaplin.com\/artiste-peintre\/wp-content\/uploads\/2014\/12\/vernonDSCN0401.jpg'><img loading=\"lazy\" decoding=\"async\" width=\"150\" height=\"150\" src=\"https:\/\/www.mary-chaplin.com\/artiste-peintre\/wp-content\/uploads\/2014\/12\/vernonDSCN0401-150x150.jpg\" class=\"attachment-thumbnail size-thumbnail\" alt=\"Journ\u00e9e de peinture chez Bertrand et Dani\u00e8le de Vautibault \u00e0 la Roulotte de Bonnard\" aria-describedby=\"gallery-2-344\" \/><\/a>\n\t\t\t<\/div>\n\t\t\t\t<figcaption class='wp-caption-text gallery-caption' id='gallery-2-344'>\n\t\t\t\tJourn\u00e9e de peinture chez Bertrand et Dani\u00e8le de Vautibault \u00e0 la Roulotte de Bonnard\n\t\t\t\t<\/figcaption><\/figure><figure class='gallery-item'>\n\t\t\t<div class='gallery-icon landscape'>\n\t\t\t\t<a href='https:\/\/www.mary-chaplin.com\/artiste-peintre\/wp-content\/uploads\/2014\/12\/vernonDSCN0428.jpg'><img loading=\"lazy\" decoding=\"async\" width=\"150\" height=\"150\" src=\"https:\/\/www.mary-chaplin.com\/artiste-peintre\/wp-content\/uploads\/2014\/12\/vernonDSCN0428-150x150.jpg\" class=\"attachment-thumbnail size-thumbnail\" alt=\"\" aria-describedby=\"gallery-2-342\" \/><\/a>\n\t\t\t<\/div>\n\t\t\t\t<figcaption class='wp-caption-text gallery-caption' id='gallery-2-342'>\n\t\t\t\tJourn\u00e9e de peinture chez Bertrand et Dani\u00e8le de Vautibault \u00e0 la Roulotte de Bonnard\n\t\t\t\t<\/figcaption><\/figure><figure class='gallery-item'>\n\t\t\t<div class='gallery-icon landscape'>\n\t\t\t\t<a href='https:\/\/www.mary-chaplin.com\/artiste-peintre\/wp-content\/uploads\/2014\/12\/vernonDSCN0419.jpg'><img loading=\"lazy\" decoding=\"async\" width=\"150\" height=\"150\" src=\"https:\/\/www.mary-chaplin.com\/artiste-peintre\/wp-content\/uploads\/2014\/12\/vernonDSCN0419-150x150.jpg\" class=\"attachment-thumbnail size-thumbnail\" alt=\"\" aria-describedby=\"gallery-2-343\" \/><\/a>\n\t\t\t<\/div>\n\t\t\t\t<figcaption class='wp-caption-text gallery-caption' id='gallery-2-343'>\n\t\t\t\tLe bateau atelier de Bertrand de Vautibault \u00e0 Vernon\n\t\t\t\t<\/figcaption><\/figure><figure class='gallery-item'>\n\t\t\t<div class='gallery-icon landscape'>\n\t\t\t\t<a href='https:\/\/www.mary-chaplin.com\/artiste-peintre\/wp-content\/uploads\/2014\/12\/ramburesDSC_9904.jpg'><img loading=\"lazy\" decoding=\"async\" width=\"150\" height=\"150\" src=\"https:\/\/www.mary-chaplin.com\/artiste-peintre\/wp-content\/uploads\/2014\/12\/ramburesDSC_9904-150x150.jpg\" class=\"attachment-thumbnail size-thumbnail\" alt=\"Installation d&#039;oeuvres sur b\u00e2ches au ch\u00e2teau de Rambures\" aria-describedby=\"gallery-2-345\" \/><\/a>\n\t\t\t<\/div>\n\t\t\t\t<figcaption class='wp-caption-text gallery-caption' id='gallery-2-345'>\n\t\t\t\tInstallation d&rsquo;oeuvres sur b\u00e2ches au ch\u00e2teau de Rambures\n\t\t\t\t<\/figcaption><\/figure><figure class='gallery-item'>\n\t\t\t<div class='gallery-icon landscape'>\n\t\t\t\t<a href='https:\/\/www.mary-chaplin.com\/artiste-peintre\/wp-content\/uploads\/2014\/12\/ramburesDSC_9892.jpg'><img loading=\"lazy\" decoding=\"async\" width=\"150\" height=\"150\" src=\"https:\/\/www.mary-chaplin.com\/artiste-peintre\/wp-content\/uploads\/2014\/12\/ramburesDSC_9892-150x150.jpg\" class=\"attachment-thumbnail size-thumbnail\" alt=\"Installation d&#039;oeuvres sur b\u00e2ches au ch\u00e2teau de Rambures\" aria-describedby=\"gallery-2-347\" \/><\/a>\n\t\t\t<\/div>\n\t\t\t\t<figcaption class='wp-caption-text gallery-caption' id='gallery-2-347'>\n\t\t\t\tInstallation d&rsquo;oeuvres sur b\u00e2ches au ch\u00e2teau de Rambures\n\t\t\t\t<\/figcaption><\/figure><figure class='gallery-item'>\n\t\t\t<div class='gallery-icon landscape'>\n\t\t\t\t<a href='https:\/\/www.mary-chaplin.com\/artiste-peintre\/wp-content\/uploads\/2014\/12\/ramburesDSC_9903.jpg'><img loading=\"lazy\" decoding=\"async\" width=\"150\" height=\"150\" src=\"https:\/\/www.mary-chaplin.com\/artiste-peintre\/wp-content\/uploads\/2014\/12\/ramburesDSC_9903-150x150.jpg\" class=\"attachment-thumbnail size-thumbnail\" alt=\"Installation d&#039;oeuvres sur b\u00e2ches au ch\u00e2teau de Rambures\" aria-describedby=\"gallery-2-346\" \/><\/a>\n\t\t\t<\/div>\n\t\t\t\t<figcaption class='wp-caption-text gallery-caption' id='gallery-2-346'>\n\t\t\t\tInstallation d&rsquo;oeuvres sur b\u00e2ches au ch\u00e2teau de Rambures\n\t\t\t\t<\/figcaption><\/figure><figure class='gallery-item'>\n\t\t\t<div class='gallery-icon landscape'>\n\t\t\t\t<a href='https:\/\/www.mary-chaplin.com\/artiste-peintre\/wp-content\/uploads\/2014\/12\/vernissagegalerieYvert21.jpg'><img loading=\"lazy\" decoding=\"async\" width=\"150\" height=\"150\" src=\"https:\/\/www.mary-chaplin.com\/artiste-peintre\/wp-content\/uploads\/2014\/12\/vernissagegalerieYvert21-150x150.jpg\" class=\"attachment-thumbnail size-thumbnail\" alt=\"Vernissage galerie Yvert \u00e0 Amiens\" aria-describedby=\"gallery-2-132\" \/><\/a>\n\t\t\t<\/div>\n\t\t\t\t<figcaption class='wp-caption-text gallery-caption' id='gallery-2-132'>\n\t\t\t\tVernissage galerie Yvert \u00e0 Amiens\n\t\t\t\t<\/figcaption><\/figure><figure class='gallery-item'>\n\t\t\t<div class='gallery-icon landscape'>\n\t\t\t\t<a href='https:\/\/www.mary-chaplin.com\/artiste-peintre\/wp-content\/uploads\/2014\/12\/vernissagegalerieYvert3.jpg'><img loading=\"lazy\" decoding=\"async\" width=\"150\" height=\"150\" src=\"https:\/\/www.mary-chaplin.com\/artiste-peintre\/wp-content\/uploads\/2014\/12\/vernissagegalerieYvert3-150x150.jpg\" class=\"attachment-thumbnail size-thumbnail\" alt=\"Vernissage galerie Yvert \u00e0 Amiens\" aria-describedby=\"gallery-2-129\" \/><\/a>\n\t\t\t<\/div>\n\t\t\t\t<figcaption class='wp-caption-text gallery-caption' id='gallery-2-129'>\n\t\t\t\tGalerie d&rsquo;Art Yvert AMiens\n\t\t\t\t<\/figcaption><\/figure><figure class='gallery-item'>\n\t\t\t<div class='gallery-icon landscape'>\n\t\t\t\t<a href='https:\/\/www.mary-chaplin.com\/artiste-peintre\/wp-content\/uploads\/2014\/12\/vernissagegalerieYvert1.jpg'><img loading=\"lazy\" decoding=\"async\" width=\"150\" height=\"150\" src=\"https:\/\/www.mary-chaplin.com\/artiste-peintre\/wp-content\/uploads\/2014\/12\/vernissagegalerieYvert1-150x150.jpg\" class=\"attachment-thumbnail size-thumbnail\" alt=\"Discours de Beno\u00eet Gervais Vernissage Galerie Yvert Amiens mai 2014\" aria-describedby=\"gallery-2-131\" \/><\/a>\n\t\t\t<\/div>\n\t\t\t\t<figcaption class='wp-caption-text gallery-caption' id='gallery-2-131'>\n\t\t\t\tDiscours de Beno\u00eet Gervais Vernissage Galerie Yvert Amiens mai 2014\n\t\t\t\t<\/figcaption><\/figure><figure class='gallery-item'>\n\t\t\t<div class='gallery-icon landscape'>\n\t\t\t\t<a href='https:\/\/www.mary-chaplin.com\/artiste-peintre\/wp-content\/uploads\/2014\/12\/vernissagegalerieYvert2.jpg'><img loading=\"lazy\" decoding=\"async\" width=\"150\" height=\"150\" src=\"https:\/\/www.mary-chaplin.com\/artiste-peintre\/wp-content\/uploads\/2014\/12\/vernissagegalerieYvert2-150x150.jpg\" class=\"attachment-thumbnail size-thumbnail\" alt=\"Discours de Beno\u00eet Gervais Vernissage Galerie Yvert Amiens mai 2014\" aria-describedby=\"gallery-2-128\" \/><\/a>\n\t\t\t<\/div>\n\t\t\t\t<figcaption class='wp-caption-text gallery-caption' id='gallery-2-128'>\n\t\t\t\tVernissage Galerie Yvert Amiens mai 2014\n\t\t\t\t<\/figcaption><\/figure><figure class='gallery-item'>\n\t\t\t<div class='gallery-icon landscape'>\n\t\t\t\t<a href='https:\/\/www.mary-chaplin.com\/artiste-peintre\/wp-content\/uploads\/2014\/12\/balastra3.jpg'><img loading=\"lazy\" decoding=\"async\" width=\"150\" height=\"150\" src=\"https:\/\/www.mary-chaplin.com\/artiste-peintre\/wp-content\/uploads\/2014\/12\/balastra3-150x150.jpg\" class=\"attachment-thumbnail size-thumbnail\" alt=\"Exposition Galerie Balastra Namur\" aria-describedby=\"gallery-2-125\" \/><\/a>\n\t\t\t<\/div>\n\t\t\t\t<figcaption class='wp-caption-text gallery-caption' id='gallery-2-125'>\n\t\t\t\tExposition Galerie Balastra Namur\n\t\t\t\t<\/figcaption><\/figure><figure class='gallery-item'>\n\t\t\t<div class='gallery-icon landscape'>\n\t\t\t\t<a href='https:\/\/www.mary-chaplin.com\/artiste-peintre\/wp-content\/uploads\/2014\/12\/balastra1.jpg'><img loading=\"lazy\" decoding=\"async\" width=\"150\" height=\"150\" src=\"https:\/\/www.mary-chaplin.com\/artiste-peintre\/wp-content\/uploads\/2014\/12\/balastra1-150x150.jpg\" class=\"attachment-thumbnail size-thumbnail\" alt=\"Exposition Galerie Balastra Namur\" aria-describedby=\"gallery-2-124\" \/><\/a>\n\t\t\t<\/div>\n\t\t\t\t<figcaption class='wp-caption-text gallery-caption' id='gallery-2-124'>\n\t\t\t\tExposition Galerie Balastra Namur\n\t\t\t\t<\/figcaption><\/figure><figure class='gallery-item'>\n\t\t\t<div class='gallery-icon landscape'>\n\t\t\t\t<a href='https:\/\/www.mary-chaplin.com\/artiste-peintre\/wp-content\/uploads\/2014\/12\/criel6w.jpg'><img loading=\"lazy\" decoding=\"async\" width=\"150\" height=\"150\" src=\"https:\/\/www.mary-chaplin.com\/artiste-peintre\/wp-content\/uploads\/2014\/12\/criel6w-150x150.jpg\" class=\"attachment-thumbnail size-thumbnail\" alt=\"Exposition Galerie Balastra Namur\" aria-describedby=\"gallery-2-122\" \/><\/a>\n\t\t\t<\/div>\n\t\t\t\t<figcaption class='wp-caption-text gallery-caption' id='gallery-2-122'>\n\t\t\t\tInvit\u00e9e d&rsquo;honneur du Salon des Amis des Arts de Criel sur mer (76)\n\t\t\t\t<\/figcaption><\/figure><figure class='gallery-item'>\n\t\t\t<div class='gallery-icon landscape'>\n\t\t\t\t<a href='https:\/\/www.mary-chaplin.com\/artiste-peintre\/wp-content\/uploads\/2014\/12\/criel1.jpg'><img loading=\"lazy\" decoding=\"async\" width=\"150\" height=\"150\" src=\"https:\/\/www.mary-chaplin.com\/artiste-peintre\/wp-content\/uploads\/2014\/12\/criel1-150x150.jpg\" class=\"attachment-thumbnail size-thumbnail\" alt=\"Exposition Galerie Balastra Namur\" aria-describedby=\"gallery-2-117\" \/><\/a>\n\t\t\t<\/div>\n\t\t\t\t<figcaption class='wp-caption-text gallery-caption' id='gallery-2-117'>\n\t\t\t\tInvit\u00e9e d&rsquo;honneur du Salon des Amis des Arts de Criel sur mer (76)\n\t\t\t\t<\/figcaption><\/figure><figure class='gallery-item'>\n\t\t\t<div class='gallery-icon landscape'>\n\t\t\t\t<a href='https:\/\/www.mary-chaplin.com\/artiste-peintre\/wp-content\/uploads\/2014\/12\/criel4w.jpg'><img loading=\"lazy\" decoding=\"async\" width=\"150\" height=\"150\" src=\"https:\/\/www.mary-chaplin.com\/artiste-peintre\/wp-content\/uploads\/2014\/12\/criel4w-150x150.jpg\" class=\"attachment-thumbnail size-thumbnail\" alt=\"\" aria-describedby=\"gallery-2-120\" \/><\/a>\n\t\t\t<\/div>\n\t\t\t\t<figcaption class='wp-caption-text gallery-caption' id='gallery-2-120'>\n\t\t\t\tInvit\u00e9e d&rsquo;honneur du Salon des Amis des Arts de Criel sur mer (76)\n\t\t\t\t<\/figcaption><\/figure><figure class='gallery-item'>\n\t\t\t<div class='gallery-icon landscape'>\n\t\t\t\t<a href='https:\/\/www.mary-chaplin.com\/artiste-peintre\/wp-content\/uploads\/2014\/12\/criel2w.jpg'><img loading=\"lazy\" decoding=\"async\" width=\"150\" height=\"150\" src=\"https:\/\/www.mary-chaplin.com\/artiste-peintre\/wp-content\/uploads\/2014\/12\/criel2w-150x150.jpg\" class=\"attachment-thumbnail size-thumbnail\" alt=\"\" aria-describedby=\"gallery-2-118\" \/><\/a>\n\t\t\t<\/div>\n\t\t\t\t<figcaption class='wp-caption-text gallery-caption' id='gallery-2-118'>\n\t\t\t\tInvit\u00e9e d&rsquo;honneur du Salon des Amis des Arts de Criel sur mer (76)\n\t\t\t\t<\/figcaption><\/figure><figure class='gallery-item'>\n\t\t\t<div class='gallery-icon landscape'>\n\t\t\t\t<a href='https:\/\/www.mary-chaplin.com\/artiste-peintre\/wp-content\/uploads\/2014\/12\/criel3w.jpg'><img loading=\"lazy\" decoding=\"async\" width=\"150\" height=\"150\" src=\"https:\/\/www.mary-chaplin.com\/artiste-peintre\/wp-content\/uploads\/2014\/12\/criel3w-150x150.jpg\" class=\"attachment-thumbnail size-thumbnail\" alt=\"\" aria-describedby=\"gallery-2-119\" \/><\/a>\n\t\t\t<\/div>\n\t\t\t\t<figcaption class='wp-caption-text gallery-caption' id='gallery-2-119'>\n\t\t\t\tInvit\u00e9e d&rsquo;honneur du Salon des Amis des Arts de Criel sur mer (76)\n\t\t\t\t<\/figcaption><\/figure><figure class='gallery-item'>\n\t\t\t<div class='gallery-icon landscape'>\n\t\t\t\t<a href='https:\/\/www.mary-chaplin.com\/artiste-peintre\/wp-content\/uploads\/2014\/12\/criel5w.jpg'><img loading=\"lazy\" decoding=\"async\" width=\"150\" height=\"150\" src=\"https:\/\/www.mary-chaplin.com\/artiste-peintre\/wp-content\/uploads\/2014\/12\/criel5w-150x150.jpg\" class=\"attachment-thumbnail size-thumbnail\" alt=\"\" aria-describedby=\"gallery-2-121\" \/><\/a>\n\t\t\t<\/div>\n\t\t\t\t<figcaption class='wp-caption-text gallery-caption' id='gallery-2-121'>\n\t\t\t\tInvit\u00e9e d&rsquo;honneur du Salon des Amis des Arts de Criel sur mer (76)\n\t\t\t\t<\/figcaption><\/figure><figure class='gallery-item'>\n\t\t\t<div class='gallery-icon landscape'>\n\t\t\t\t<a href='https:\/\/www.mary-chaplin.com\/artiste-peintre\/wp-content\/uploads\/2020\/01\/ateliermarychaplin.jpg'><img loading=\"lazy\" decoding=\"async\" width=\"150\" height=\"150\" src=\"https:\/\/www.mary-chaplin.com\/artiste-peintre\/wp-content\/uploads\/2020\/01\/ateliermarychaplin-150x150.jpg\" class=\"attachment-thumbnail size-thumbnail\" alt=\"\" aria-describedby=\"gallery-2-1025\" \/><\/a>\n\t\t\t<\/div>\n\t\t\t\t<figcaption class='wp-caption-text gallery-caption' id='gallery-2-1025'>\n\t\t\t\tMary Chaplin \u00e0 Wailly , atelier Vall\u00e9e de la Selle \n\t\t\t\t<\/figcaption><\/figure><figure class='gallery-item'>\n\t\t\t<div class='gallery-icon portrait'>\n\t\t\t\t<a href='https:\/\/www.mary-chaplin.com\/artiste-peintre\/wp-content\/uploads\/2019\/08\/promenade-inspiratrice-a-Giverny-Mary-Chaplin-w.jpg'><img loading=\"lazy\" decoding=\"async\" width=\"150\" height=\"150\" src=\"https:\/\/www.mary-chaplin.com\/artiste-peintre\/wp-content\/uploads\/2019\/08\/promenade-inspiratrice-a-Giverny-Mary-Chaplin-w-150x150.jpg\" class=\"attachment-thumbnail size-thumbnail\" alt=\"\" aria-describedby=\"gallery-2-827\" \/><\/a>\n\t\t\t<\/div>\n\t\t\t\t<figcaption class='wp-caption-text gallery-caption' id='gallery-2-827'>\n\t\t\t\tMary Chaplin sur les pas de Claude Monet dans les jardons de sa maison \u00e0 Giverny\n\t\t\t\t<\/figcaption><\/figure>\n\t\t<\/div>\n\n<div id='gallery-3' class='gallery galleryid-50 gallery-columns-3 gallery-size-thumbnail'><figure class='gallery-item'>\n\t\t\t<div class='gallery-icon landscape'>\n\t\t\t\t<a href='https:\/\/www.mary-chaplin.com\/artiste-peintre\/wp-content\/uploads\/2014\/12\/workinprogress1.jpg'><img loading=\"lazy\" decoding=\"async\" width=\"150\" height=\"150\" src=\"https:\/\/www.mary-chaplin.com\/artiste-peintre\/wp-content\/uploads\/2014\/12\/workinprogress1-150x150.jpg\" class=\"attachment-thumbnail size-thumbnail\" alt=\"\" aria-describedby=\"gallery-3-109\" \/><\/a>\n\t\t\t<\/div>\n\t\t\t\t<figcaption class='wp-caption-text gallery-caption' id='gallery-3-109'>\n\t\t\t\tTravail sur une commande\n\t\t\t\t<\/figcaption><\/figure><figure class='gallery-item'>\n\t\t\t<div class='gallery-icon landscape'>\n\t\t\t\t<a href='https:\/\/www.mary-chaplin.com\/artiste-peintre\/wp-content\/uploads\/2014\/12\/workinprogress2.jpg'><img loading=\"lazy\" decoding=\"async\" width=\"150\" height=\"150\" src=\"https:\/\/www.mary-chaplin.com\/artiste-peintre\/wp-content\/uploads\/2014\/12\/workinprogress2-150x150.jpg\" class=\"attachment-thumbnail size-thumbnail\" alt=\"\" aria-describedby=\"gallery-3-110\" \/><\/a>\n\t\t\t<\/div>\n\t\t\t\t<figcaption class='wp-caption-text gallery-caption' id='gallery-3-110'>\n\t\t\t\tTravail sur une commande\n\t\t\t\t<\/figcaption><\/figure><figure class='gallery-item'>\n\t\t\t<div class='gallery-icon landscape'>\n\t\t\t\t<a href='https:\/\/www.mary-chaplin.com\/artiste-peintre\/wp-content\/uploads\/2014\/12\/1Vernissage-Mary-Chaplin-020S.jpg'><img loading=\"lazy\" decoding=\"async\" width=\"150\" height=\"150\" src=\"https:\/\/www.mary-chaplin.com\/artiste-peintre\/wp-content\/uploads\/2014\/12\/1Vernissage-Mary-Chaplin-020S-150x150.jpg\" class=\"attachment-thumbnail size-thumbnail\" alt=\"\" aria-describedby=\"gallery-3-112\" \/><\/a>\n\t\t\t<\/div>\n\t\t\t\t<figcaption class='wp-caption-text gallery-caption' id='gallery-3-112'>\n\t\t\t\tExposition galerie du Frac Albert (80 France)\n\t\t\t\t<\/figcaption><\/figure><figure class='gallery-item'>\n\t\t\t<div class='gallery-icon landscape'>\n\t\t\t\t<a href='https:\/\/www.mary-chaplin.com\/artiste-peintre\/wp-content\/uploads\/2014\/12\/2Vernissage-Mary-Chaplin-028S.jpg'><img loading=\"lazy\" decoding=\"async\" width=\"150\" height=\"150\" src=\"https:\/\/www.mary-chaplin.com\/artiste-peintre\/wp-content\/uploads\/2014\/12\/2Vernissage-Mary-Chaplin-028S-150x150.jpg\" class=\"attachment-thumbnail size-thumbnail\" alt=\"\" aria-describedby=\"gallery-3-113\" \/><\/a>\n\t\t\t<\/div>\n\t\t\t\t<figcaption class='wp-caption-text gallery-caption' id='gallery-3-113'>\n\t\t\t\tExposition galerie du Frac Albert (80 France)\n\t\t\t\t<\/figcaption><\/figure><figure class='gallery-item'>\n\t\t\t<div class='gallery-icon landscape'>\n\t\t\t\t<a href='https:\/\/www.mary-chaplin.com\/artiste-peintre\/wp-content\/uploads\/2014\/12\/3Vernissage-Mary-Chaplin-023S.jpg'><img loading=\"lazy\" decoding=\"async\" width=\"150\" height=\"150\" src=\"https:\/\/www.mary-chaplin.com\/artiste-peintre\/wp-content\/uploads\/2014\/12\/3Vernissage-Mary-Chaplin-023S-150x150.jpg\" class=\"attachment-thumbnail size-thumbnail\" alt=\"\" aria-describedby=\"gallery-3-114\" \/><\/a>\n\t\t\t<\/div>\n\t\t\t\t<figcaption class='wp-caption-text gallery-caption' id='gallery-3-114'>\n\t\t\t\tExposition galerie du Frac Albert (80 France)\n\t\t\t\t<\/figcaption><\/figure><figure class='gallery-item'>\n\t\t\t<div class='gallery-icon landscape'>\n\t\t\t\t<a href='https:\/\/www.mary-chaplin.com\/artiste-peintre\/wp-content\/uploads\/2014\/12\/4Vernissage-Mary-Chaplin-027S.jpg'><img loading=\"lazy\" decoding=\"async\" width=\"150\" height=\"150\" src=\"https:\/\/www.mary-chaplin.com\/artiste-peintre\/wp-content\/uploads\/2014\/12\/4Vernissage-Mary-Chaplin-027S-150x150.jpg\" class=\"attachment-thumbnail size-thumbnail\" alt=\"\" aria-describedby=\"gallery-3-115\" \/><\/a>\n\t\t\t<\/div>\n\t\t\t\t<figcaption class='wp-caption-text gallery-caption' id='gallery-3-115'>\n\t\t\t\tExposition galerie du Frac Albert (80 France)\n\t\t\t\t<\/figcaption><\/figure>\n\t\t<\/div>\n\n","protected":false},"excerpt":{"rendered":"<p>Mary Chaplin, artiste peintre figuratif et abstrait. Mary a install\u00e9 son nouvel atelier sur les Bords de la Durdent \u00e0 deux pas de la c\u00f4te d&rsquo;Alb\u00e2tre, en centre ville de Cany-Barville, Normandie.\u00a0Elle y re\u00e7oit le public sur rendez-vous. Merci de bien vouloir prendre contact via le formulaire du site. L&rsquo;atelier de Mary Chaplin : C&rsquo;est [&hellip;]<\/p>\n","protected":false},"author":1,"featured_media":0,"parent":0,"menu_order":0,"comment_status":"closed","ping_status":"closed","template":"page-full-width.php","meta":{"footnotes":""},"class_list":["post-50","page","type-page","status-publish","hentry"],"yoast_head":"<!-- This site is optimized with the Yoast SEO plugin v27.4 - https:\/\/yoast.com\/product\/yoast-seo-wordpress\/ -->\n<title>Visite de l&#039;Atelier et galerie artiste peintre impressioniste \/ abstrait<\/title>\n<meta name=\"description\" content=\"Atelier\/Galerie de Mary Chaplin, artiste peintre figuratif et abstrait. Situ\u00e9 \u00e0 Cany-Barville sur les bords de la Durdent, c\u00f4te Alb\u00e2tre.\" \/>\n<meta name=\"robots\" content=\"index, follow, max-snippet:-1, max-image-preview:large, max-video-preview:-1\" \/>\n<link rel=\"canonical\" href=\"https:\/\/www.mary-chaplin.com\/artiste-peintre\/visiter-atelier-peintre-cany-barville\/\" \/>\n<meta property=\"og:locale\" content=\"fr_FR\" \/>\n<meta property=\"og:type\" content=\"article\" \/>\n<meta property=\"og:title\" content=\"Visite de l&#039;Atelier et galerie artiste peintre impressioniste \/ abstrait\" \/>\n<meta property=\"og:description\" content=\"Atelier\/Galerie de Mary Chaplin, artiste peintre figuratif et abstrait. Situ\u00e9 \u00e0 Cany-Barville sur les bords de la Durdent, c\u00f4te Alb\u00e2tre.\" \/>\n<meta property=\"og:url\" content=\"https:\/\/www.mary-chaplin.com\/artiste-peintre\/visiter-atelier-peintre-cany-barville\/\" \/>\n<meta property=\"og:site_name\" content=\"Mary Chaplin Artiste peintre\" \/>\n<meta property=\"article:modified_time\" content=\"2025-01-20T13:36:38+00:00\" \/>\n<meta property=\"og:image\" content=\"https:\/\/www.mary-chaplin.com\/artiste-peintre\/wp-content\/uploads\/2025\/01\/Mary-Chaplin-lartiste-au-travail-dans-son-atelier-en-Normandie-1-1024x768.jpg\" \/>\n<meta name=\"twitter:card\" content=\"summary_large_image\" \/>\n<script type=\"application\/ld+json\" class=\"yoast-schema-graph\">{\"@context\":\"https:\\\/\\\/schema.org\",\"@graph\":[{\"@type\":\"WebPage\",\"@id\":\"https:\\\/\\\/www.mary-chaplin.com\\\/artiste-peintre\\\/visiter-atelier-peintre-cany-barville\\\/\",\"url\":\"https:\\\/\\\/www.mary-chaplin.com\\\/artiste-peintre\\\/visiter-atelier-peintre-cany-barville\\\/\",\"name\":\"Visite de l'Atelier et galerie artiste peintre impressioniste \\\/ abstrait\",\"isPartOf\":{\"@id\":\"https:\\\/\\\/www.mary-chaplin.com\\\/artiste-peintre\\\/#website\"},\"datePublished\":\"2014-12-05T15:51:33+00:00\",\"dateModified\":\"2025-01-20T13:36:38+00:00\",\"description\":\"Atelier\\\/Galerie de Mary Chaplin, artiste peintre figuratif et abstrait. Situ\u00e9 \u00e0 Cany-Barville sur les bords de la Durdent, c\u00f4te Alb\u00e2tre.\",\"inLanguage\":\"fr-FR\",\"potentialAction\":[{\"@type\":\"ReadAction\",\"target\":[\"https:\\\/\\\/www.mary-chaplin.com\\\/artiste-peintre\\\/visiter-atelier-peintre-cany-barville\\\/\"]}]},{\"@type\":\"WebSite\",\"@id\":\"https:\\\/\\\/www.mary-chaplin.com\\\/artiste-peintre\\\/#website\",\"url\":\"https:\\\/\\\/www.mary-chaplin.com\\\/artiste-peintre\\\/\",\"name\":\"Mary Chaplin Artiste peintre\",\"description\":\"Artiste peintre Wailly Conty, Impressionnisme abstrait contemporain Hauts de France\",\"publisher\":{\"@id\":\"https:\\\/\\\/www.mary-chaplin.com\\\/artiste-peintre\\\/#organization\"},\"potentialAction\":[{\"@type\":\"SearchAction\",\"target\":{\"@type\":\"EntryPoint\",\"urlTemplate\":\"https:\\\/\\\/www.mary-chaplin.com\\\/artiste-peintre\\\/?s={search_term_string}\"},\"query-input\":{\"@type\":\"PropertyValueSpecification\",\"valueRequired\":true,\"valueName\":\"search_term_string\"}}],\"inLanguage\":\"fr-FR\"},{\"@type\":\"Organization\",\"@id\":\"https:\\\/\\\/www.mary-chaplin.com\\\/artiste-peintre\\\/#organization\",\"name\":\"Mary Chaplin Artiste peintre\",\"url\":\"https:\\\/\\\/www.mary-chaplin.com\\\/artiste-peintre\\\/\",\"logo\":{\"@type\":\"ImageObject\",\"inLanguage\":\"fr-FR\",\"@id\":\"https:\\\/\\\/www.mary-chaplin.com\\\/artiste-peintre\\\/#\\\/schema\\\/logo\\\/image\\\/\",\"url\":\"https:\\\/\\\/www.mary-chaplin.com\\\/artiste-peintre\\\/wp-content\\\/uploads\\\/2022\\\/09\\\/cropped-logo-mc.png\",\"contentUrl\":\"https:\\\/\\\/www.mary-chaplin.com\\\/artiste-peintre\\\/wp-content\\\/uploads\\\/2022\\\/09\\\/cropped-logo-mc.png\",\"width\":848,\"height\":137,\"caption\":\"Mary Chaplin Artiste peintre\"},\"image\":{\"@id\":\"https:\\\/\\\/www.mary-chaplin.com\\\/artiste-peintre\\\/#\\\/schema\\\/logo\\\/image\\\/\"}}]}<\/script>\n<!-- \/ Yoast SEO plugin. -->","yoast_head_json":{"title":"Visite de l'Atelier et galerie artiste peintre impressioniste \/ abstrait","description":"Atelier\/Galerie de Mary Chaplin, artiste peintre figuratif et abstrait. Situ\u00e9 \u00e0 Cany-Barville sur les bords de la Durdent, c\u00f4te Alb\u00e2tre.","robots":{"index":"index","follow":"follow","max-snippet":"max-snippet:-1","max-image-preview":"max-image-preview:large","max-video-preview":"max-video-preview:-1"},"canonical":"https:\/\/www.mary-chaplin.com\/artiste-peintre\/visiter-atelier-peintre-cany-barville\/","og_locale":"fr_FR","og_type":"article","og_title":"Visite de l'Atelier et galerie artiste peintre impressioniste \/ abstrait","og_description":"Atelier\/Galerie de Mary Chaplin, artiste peintre figuratif et abstrait. Situ\u00e9 \u00e0 Cany-Barville sur les bords de la Durdent, c\u00f4te Alb\u00e2tre.","og_url":"https:\/\/www.mary-chaplin.com\/artiste-peintre\/visiter-atelier-peintre-cany-barville\/","og_site_name":"Mary Chaplin Artiste peintre","article_modified_time":"2025-01-20T13:36:38+00:00","og_image":[{"url":"https:\/\/www.mary-chaplin.com\/artiste-peintre\/wp-content\/uploads\/2025\/01\/Mary-Chaplin-lartiste-au-travail-dans-son-atelier-en-Normandie-1-1024x768.jpg","type":"","width":"","height":""}],"twitter_card":"summary_large_image","schema":{"@context":"https:\/\/schema.org","@graph":[{"@type":"WebPage","@id":"https:\/\/www.mary-chaplin.com\/artiste-peintre\/visiter-atelier-peintre-cany-barville\/","url":"https:\/\/www.mary-chaplin.com\/artiste-peintre\/visiter-atelier-peintre-cany-barville\/","name":"Visite de l'Atelier et galerie artiste peintre impressioniste \/ abstrait","isPartOf":{"@id":"https:\/\/www.mary-chaplin.com\/artiste-peintre\/#website"},"datePublished":"2014-12-05T15:51:33+00:00","dateModified":"2025-01-20T13:36:38+00:00","description":"Atelier\/Galerie de Mary Chaplin, artiste peintre figuratif et abstrait. Situ\u00e9 \u00e0 Cany-Barville sur les bords de la Durdent, c\u00f4te Alb\u00e2tre.","inLanguage":"fr-FR","potentialAction":[{"@type":"ReadAction","target":["https:\/\/www.mary-chaplin.com\/artiste-peintre\/visiter-atelier-peintre-cany-barville\/"]}]},{"@type":"WebSite","@id":"https:\/\/www.mary-chaplin.com\/artiste-peintre\/#website","url":"https:\/\/www.mary-chaplin.com\/artiste-peintre\/","name":"Mary Chaplin Artiste peintre","description":"Artiste peintre Wailly Conty, Impressionnisme abstrait contemporain Hauts de France","publisher":{"@id":"https:\/\/www.mary-chaplin.com\/artiste-peintre\/#organization"},"potentialAction":[{"@type":"SearchAction","target":{"@type":"EntryPoint","urlTemplate":"https:\/\/www.mary-chaplin.com\/artiste-peintre\/?s={search_term_string}"},"query-input":{"@type":"PropertyValueSpecification","valueRequired":true,"valueName":"search_term_string"}}],"inLanguage":"fr-FR"},{"@type":"Organization","@id":"https:\/\/www.mary-chaplin.com\/artiste-peintre\/#organization","name":"Mary Chaplin Artiste peintre","url":"https:\/\/www.mary-chaplin.com\/artiste-peintre\/","logo":{"@type":"ImageObject","inLanguage":"fr-FR","@id":"https:\/\/www.mary-chaplin.com\/artiste-peintre\/#\/schema\/logo\/image\/","url":"https:\/\/www.mary-chaplin.com\/artiste-peintre\/wp-content\/uploads\/2022\/09\/cropped-logo-mc.png","contentUrl":"https:\/\/www.mary-chaplin.com\/artiste-peintre\/wp-content\/uploads\/2022\/09\/cropped-logo-mc.png","width":848,"height":137,"caption":"Mary Chaplin Artiste peintre"},"image":{"@id":"https:\/\/www.mary-chaplin.com\/artiste-peintre\/#\/schema\/logo\/image\/"}}]}},"_links":{"self":[{"href":"https:\/\/www.mary-chaplin.com\/artiste-peintre\/wp-json\/wp\/v2\/pages\/50","targetHints":{"allow":["GET"]}}],"collection":[{"href":"https:\/\/www.mary-chaplin.com\/artiste-peintre\/wp-json\/wp\/v2\/pages"}],"about":[{"href":"https:\/\/www.mary-chaplin.com\/artiste-peintre\/wp-json\/wp\/v2\/types\/page"}],"author":[{"embeddable":true,"href":"https:\/\/www.mary-chaplin.com\/artiste-peintre\/wp-json\/wp\/v2\/users\/1"}],"replies":[{"embeddable":true,"href":"https:\/\/www.mary-chaplin.com\/artiste-peintre\/wp-json\/wp\/v2\/comments?post=50"}],"version-history":[{"count":52,"href":"https:\/\/www.mary-chaplin.com\/artiste-peintre\/wp-json\/wp\/v2\/pages\/50\/revisions"}],"predecessor-version":[{"id":1985,"href":"https:\/\/www.mary-chaplin.com\/artiste-peintre\/wp-json\/wp\/v2\/pages\/50\/revisions\/1985"}],"wp:attachment":[{"href":"https:\/\/www.mary-chaplin.com\/artiste-peintre\/wp-json\/wp\/v2\/media?parent=50"}],"curies":[{"name":"wp","href":"https:\/\/api.w.org\/{rel}","templated":true}]}}