{"id":30,"date":"2014-12-05T16:17:41","date_gmt":"2014-12-05T15:17:41","guid":{"rendered":"http:\/\/www.mary-chaplin.com\/artiste-peintre\/?page_id=30"},"modified":"2024-01-18T09:39:11","modified_gmt":"2024-01-18T08:39:11","slug":"presentation-de-lartiste-peintre-luministe-mary-chaplin","status":"publish","type":"page","link":"https:\/\/www.mary-chaplin.com\/artiste-peintre\/presentation-de-lartiste-peintre-luministe-mary-chaplin\/","title":{"rendered":""},"content":{"rendered":"<p style=\"text-align: center;\"><style id=\"depicter-63-inline-pre-css\">\n\n.depicter-63:not(.depicter-ready){\n\theight:calc( 100vh - 0px );\n}\n\n<\/style>\n<div id=\"depicter-63\" class=\"depicter depicter-document depicter-revert depicter-63 depicter-layout-fullscreen\">\n\n<div class=\"depicter-loading-container depicter-loading rings-dark\"><svg class=\"depicter-single-svg-loading\" viewBox=\"0 0 45 45\" xmlns=\"http:\/\/www.w3.org\/2000\/svg\">\n   <g fill=\"none\" fill-rule=\"evenodd\" transform=\"translate(1 1)\" stroke-width=\"2\">\n      <circle cx=\"22\" cy=\"22\" r=\"6\" stroke-opacity=\"0\">\n         <animate attributeName=\"r\" begin=\"1.5s\" dur=\"3s\" values=\"6;22\" calcMode=\"linear\" repeatCount=\"indefinite\" \/>\n         <animate attributeName=\"stroke-opacity\" begin=\"1.5s\" dur=\"3s\" values=\"1;0\" calcMode=\"linear\" repeatCount=\"indefinite\" \/>\n         <animate attributeName=\"stroke-width\" begin=\"1.5s\" dur=\"3s\" values=\"2;0\" calcMode=\"linear\" repeatCount=\"indefinite\" \/>\n      <\/circle>\n      <circle cx=\"22\" cy=\"22\" r=\"6\" stroke-opacity=\"0\">\n         <animate attributeName=\"r\" begin=\"3s\" dur=\"3s\" values=\"6;22\" calcMode=\"linear\" repeatCount=\"indefinite\" \/>\n         <animate attributeName=\"stroke-opacity\" begin=\"3s\" dur=\"3s\" values=\"1;0\" calcMode=\"linear\" repeatCount=\"indefinite\" \/>\n         <animate attributeName=\"stroke-width\" begin=\"3s\" dur=\"3s\" values=\"2;0\" calcMode=\"linear\" repeatCount=\"indefinite\" \/>\n      <\/circle>\n      <circle cx=\"22\" cy=\"22\" r=\"8\">\n         <animate attributeName=\"r\" begin=\"0s\" dur=\"1.5s\" values=\"6;1;2;3;4;5;6\" calcMode=\"linear\" repeatCount=\"indefinite\" \/>\n      <\/circle>\n   <\/g>\n<\/svg>\n<\/div>\n\n<div class=\"depicter-overlay-layers\">\n<picture id=\"depicter-63-element-8\" class=\"depicter-element depicter-layer depicter-63-element-8\" data-type=\"image\" data-wrap=\"true\" data-name=\"Image 4\" data-local-id=\"element-8\" data-offset=\"x:116px;y:270px;origin:ml\" data-mobile-offset=\"x:-126px;y:345px;origin:ml\" data-width=\"595px,,595px\" data-height=\"80px,,80px\" data-responsive-scale=\"true,,\" data-crop=\"false\">\n<source data-depicter-srcset=\"https:\/\/www.mary-chaplin.com\/artiste-peintre\/wp-content\/uploads\/2022\/09\/cropped-logo-mc-2022-595x80.png, https:\/\/www.mary-chaplin.com\/artiste-peintre\/wp-content\/uploads\/2022\/09\/cropped-logo-mc-2022-1190x160.png 2x\" srcset=\"data:image\/gif;base64,R0lGODlhAQABAIAAAAAAAP\/\/\/yH5BAEAAAAALAAAAAABAAEAAAIBRAA7\" \/>\n<img decoding=\"async\" src=\"data:image\/gif;base64,R0lGODlhAQABAIAAAAAAAP\/\/\/yH5BAEAAAAALAAAAAABAAEAAAIBRAA7\" data-depicter-src=\"https:\/\/www.mary-chaplin.com\/artiste-peintre\/wp-content\/uploads\/2022\/09\/cropped-logo-mc-2022-595x80.png\" alt=\"\" \/>\n<\/picture>\n<h1 data-animation-in=\"{'direction':'right','easing':'easeInOutExpo','duration':2500,'movement':300,'type':'move'}\" data-between-in-out=\"false\" id=\"depicter-63-element-7\" class=\"depicter-element depicter-layer depicter-63-element-7\" data-type=\"text\" data-wrap=\"true\" data-name=\"Text 1\" data-local-id=\"element-7\" data-offset=\"x:73px;y:-209px;origin:mr\" data-tablet-offset=\"x:35px;y:-197px;origin:ml\" data-mobile-offset=\"x:8px;y:-261px;origin:mc\" data-width=\"271.438px,271.438px,271.438px\" data-height=\"auto,auto,auto\" data-responsive-scale=\"true,,\">PRESENTATION<br>MARY CHAPLIN<\/h1>\n\n<\/div>\n\n<div id=\"depicter-63-section-1\" class=\"depicter-section depicter-63-section-1\" data-name=\"Slide 1\" data-type=\"section\" data-local-id=\"section-1\">\n<picture id=\"depicter-63-element-2\" class=\"depicter-element depicter-layer depicter-63-element-2\" data-type=\"image\" data-wrap=\"true\" data-name=\"Image 1\" data-local-id=\"element-2\" data-offset=\"x:45px;y:-72px;origin:ml\" data-mobile-offset=\"x:-180px;y:0px;origin:ml\" data-width=\"720px,,720px\" data-height=\"547px,,480px\" data-responsive-scale=\"true,,\" data-crop=\"false\">\n<source data-depicter-srcset=\"https:\/\/www.mary-chaplin.com\/artiste-peintre\/wp-content\/uploads\/2022\/09\/mary-chaplin-720x480.jpg, https:\/\/www.mary-chaplin.com\/artiste-peintre\/wp-content\/uploads\/2022\/09\/mary-chaplin-1440x960.jpg 2x\" srcset=\"data:image\/gif;base64,R0lGODlhAQABAIAAAAAAAP\/\/\/yH5BAEAAAAALAAAAAABAAEAAAIBRAA7\" media=\"(max-width: 767px)\" \/>\n\n<source data-depicter-srcset=\"https:\/\/www.mary-chaplin.com\/artiste-peintre\/wp-content\/uploads\/2022\/09\/mary-chaplin-821x547.jpg, https:\/\/www.mary-chaplin.com\/artiste-peintre\/wp-content\/uploads\/2022\/09\/mary-chaplin-1642x1094.jpg 2x\" srcset=\"data:image\/gif;base64,R0lGODlhAQABAIAAAAAAAP\/\/\/yH5BAEAAAAALAAAAAABAAEAAAIBRAA7\" media=\"(max-width: 1024px)\" \/>\n\n<source data-depicter-srcset=\"https:\/\/www.mary-chaplin.com\/artiste-peintre\/wp-content\/uploads\/2022\/09\/mary-chaplin-720x547.jpg, https:\/\/www.mary-chaplin.com\/artiste-peintre\/wp-content\/uploads\/2022\/09\/mary-chaplin-1440x1094.jpg 2x\" srcset=\"data:image\/gif;base64,R0lGODlhAQABAIAAAAAAAP\/\/\/yH5BAEAAAAALAAAAAABAAEAAAIBRAA7\" media=\"(min-width: 1025px)\" \/>\n<img decoding=\"async\" src=\"data:image\/gif;base64,R0lGODlhAQABAIAAAAAAAP\/\/\/yH5BAEAAAAALAAAAAABAAEAAAIBRAA7\" data-depicter-src=\"https:\/\/www.mary-chaplin.com\/artiste-peintre\/wp-content\/uploads\/2022\/09\/mary-chaplin-720x547.jpg\" alt=\"\" \/>\n<\/picture>\n<div data-animation-in=\"{'direction':'left','easing':'easeOutQuart','duration':2200,'movement':0,'scale':1.6,'delay':250,'type':'move'}\" data-between-in-out=\"false\" id=\"depicter-63-element-5\" class=\"depicter-element depicter-layer depicter-63-element-5\" data-type=\"shape\" data-wrap=\"true\" data-name=\"Shape 1\" data-local-id=\"element-5\" data-offset=\"x:67px;y:-207px;origin:mr\" data-mobile-offset=\"x:-131px;y:-159px;origin:mr\" data-width=\"150px,,150px\" data-height=\"150px,,150px\" data-responsive-scale=\"true,,\"><\/div>\n\n<div data-animation-in=\"{'direction':'left','easing':'easeInOutExpo','duration':2500,'movement':{'value':250,'unit':'px'},'type':'move'}\" data-between-in-out=\"false\" id=\"depicter-63-element-6\" class=\"depicter-element depicter-layer depicter-63-element-6\" data-type=\"shape\" data-wrap=\"true\" data-name=\"Shape 2\" data-local-id=\"element-6\" data-offset=\"x:89px;y:227px;origin:mr\" data-mobile-offset=\"x:33px;y:227px;origin:mc\" data-width=\"115px,,\" data-height=\"108px,,\" data-responsive-scale=\"true,,\"><\/div>\n\n<h3 id=\"depicter-63-element-36\" class=\"depicter-element depicter-layer depicter-63-element-36\" data-type=\"text\" data-wrap=\"true\" data-name=\"Text 5\" data-local-id=\"element-36\" data-offset=\"x:32px;y:-40px;origin:mr\" data-tablet-offset=\"x:28px;y:-36px;origin:mr\" data-mobile-offset=\"x:20px;y:77px;origin:mc\" data-width=\"auto,auto,auto\" data-height=\"auto,auto,auto\" data-responsive-scale=\"true,,\">Artiste Peintre Luministe<\/h3>\n<\/div>\n\n<div id=\"depicter-63-section-23\" class=\"depicter-section depicter-63-section-23\" data-name=\"Slide 5\" data-type=\"section\" data-local-id=\"section-23\">\n<picture id=\"depicter-63-element-31\" class=\"depicter-element depicter-layer depicter-63-element-31\" data-type=\"image\" data-wrap=\"true\" data-name=\"Image 13\" data-local-id=\"element-31\" data-offset=\"x:0px;y:-4px;origin:ml\" data-tablet-offset=\"x:-119px;y:-4px;origin:ml\" data-width=\"1205px,1205px,\" data-height=\"692px,692px,\" data-responsive-scale=\"true,,\" data-crop=\"false\">\n<source data-depicter-srcset=\"https:\/\/www.mary-chaplin.com\/artiste-peintre\/wp-content\/uploads\/2022\/10\/mary-expositions-1205x868.jpg, https:\/\/www.mary-chaplin.com\/artiste-peintre\/wp-content\/uploads\/2022\/10\/mary-expositions-2410x1736.jpg 2x\" srcset=\"data:image\/gif;base64,R0lGODlhAQABAIAAAAAAAP\/\/\/yH5BAEAAAAALAAAAAABAAEAAAIBRAA7\" media=\"(max-width: 767px)\" \/>\n\n<source data-depicter-srcset=\"https:\/\/www.mary-chaplin.com\/artiste-peintre\/wp-content\/uploads\/2022\/10\/mary-expositions-1205x692.jpg, https:\/\/www.mary-chaplin.com\/artiste-peintre\/wp-content\/uploads\/2022\/10\/mary-expositions-2410x1384.jpg 2x\" srcset=\"data:image\/gif;base64,R0lGODlhAQABAIAAAAAAAP\/\/\/yH5BAEAAAAALAAAAAABAAEAAAIBRAA7\" media=\"(min-width: 768px)\" \/>\n<img decoding=\"async\" src=\"data:image\/gif;base64,R0lGODlhAQABAIAAAAAAAP\/\/\/yH5BAEAAAAALAAAAAABAAEAAAIBRAA7\" data-depicter-src=\"https:\/\/www.mary-chaplin.com\/artiste-peintre\/wp-content\/uploads\/2022\/10\/mary-expositions-1205x692.jpg\" alt=\"\" \/>\n<\/picture><\/div>\n\n<div id=\"depicter-63-section-9\" class=\"depicter-section depicter-63-section-9\" data-name=\"Slide 2\" data-type=\"section\" data-local-id=\"section-9\">\n<picture id=\"depicter-63-element-37\" class=\"depicter-element depicter-layer depicter-63-element-37\" data-type=\"image\" data-wrap=\"true\" data-name=\"Image 14\" data-local-id=\"element-37\" data-offset=\"x:0px;y:0px;origin:ml\" data-width=\"1205px,,\" data-height=\"700px,,\" data-responsive-scale=\"true,,\" data-crop=\"false\">\n<source data-depicter-srcset=\"https:\/\/www.mary-chaplin.com\/artiste-peintre\/wp-content\/uploads\/2022\/10\/Mary-etat-dame-nature-1205x791.jpg, https:\/\/www.mary-chaplin.com\/artiste-peintre\/wp-content\/uploads\/2022\/10\/Mary-etat-dame-nature-2410x1582.jpg 2x\" srcset=\"data:image\/gif;base64,R0lGODlhAQABAIAAAAAAAP\/\/\/yH5BAEAAAAALAAAAAABAAEAAAIBRAA7\" media=\"(max-width: 1024px)\" \/>\n\n<source data-depicter-srcset=\"https:\/\/www.mary-chaplin.com\/artiste-peintre\/wp-content\/uploads\/2022\/10\/Mary-etat-dame-nature-1205x700.jpg, https:\/\/www.mary-chaplin.com\/artiste-peintre\/wp-content\/uploads\/2022\/10\/Mary-etat-dame-nature-2410x1400.jpg 2x\" srcset=\"data:image\/gif;base64,R0lGODlhAQABAIAAAAAAAP\/\/\/yH5BAEAAAAALAAAAAABAAEAAAIBRAA7\" media=\"(min-width: 1025px)\" \/>\n<img decoding=\"async\" src=\"data:image\/gif;base64,R0lGODlhAQABAIAAAAAAAP\/\/\/yH5BAEAAAAALAAAAAABAAEAAAIBRAA7\" data-depicter-src=\"https:\/\/www.mary-chaplin.com\/artiste-peintre\/wp-content\/uploads\/2022\/10\/Mary-etat-dame-nature-1205x700.jpg\" alt=\"\" \/>\n<\/picture>\n<div data-animation-in=\"{'direction':'top','easing':'easeOutQuart','duration':3500,'movement':1000,'fade':false,'type':'move'}\" data-between-in-out=\"false\" id=\"depicter-63-element-39\" class=\"depicter-element depicter-layer depicter-63-element-39\" data-type=\"svg\" data-wrap=\"true\" data-name=\"SVG 2\" data-local-id=\"element-39\" data-offset=\"x:127px;y:-57px;origin:mr\" data-mobile-offset=\"x:9px;y:-57px;origin:mc\" data-width=\"150px,,150px\" data-height=\"130px,,130px\" data-responsive-scale=\"true,,\">\n\t<svg width=\"100%\" height=\"100%\" viewBox=\"0 0 100 87\"><path d=\"M50 0l50 86.984H0zm0 0\" \/><\/svg>\n<\/div>\n<\/div>\n\n<div id=\"depicter-63-section-11\" class=\"depicter-section depicter-63-section-11\" data-name=\"Slide 3\" data-type=\"section\" data-local-id=\"section-11\">\n<picture id=\"depicter-63-element-12\" class=\"depicter-element depicter-layer depicter-63-element-12\" data-type=\"image\" data-wrap=\"true\" data-name=\"Image 6\" data-local-id=\"element-12\" data-offset=\"x:0px;y:0px;origin:ml\" data-mobile-offset=\"x:-240px;y:-17px;origin:ml\" data-width=\"1200px,,840px\" data-height=\"700px,,560px\" data-responsive-scale=\"true,,\" data-crop=\"false\">\n<source data-depicter-srcset=\"https:\/\/www.mary-chaplin.com\/artiste-peintre\/wp-content\/uploads\/2022\/05\/Wisteria-and-roses-100x100cm-in-situ-2-840x560.jpg, https:\/\/www.mary-chaplin.com\/artiste-peintre\/wp-content\/uploads\/2022\/05\/Wisteria-and-roses-100x100cm-in-situ-2-1680x1120.jpg 2x\" srcset=\"data:image\/gif;base64,R0lGODlhAQABAIAAAAAAAP\/\/\/yH5BAEAAAAALAAAAAABAAEAAAIBRAA7\" media=\"(max-width: 767px)\" \/>\n\n<source data-depicter-srcset=\"https:\/\/www.mary-chaplin.com\/artiste-peintre\/wp-content\/uploads\/2022\/05\/Wisteria-and-roses-100x100cm-in-situ-2-1200x800.jpg, https:\/\/www.mary-chaplin.com\/artiste-peintre\/wp-content\/uploads\/2022\/05\/Wisteria-and-roses-100x100cm-in-situ-2-2400x1600.jpg 2x\" srcset=\"data:image\/gif;base64,R0lGODlhAQABAIAAAAAAAP\/\/\/yH5BAEAAAAALAAAAAABAAEAAAIBRAA7\" media=\"(max-width: 1024px)\" \/>\n\n<source data-depicter-srcset=\"https:\/\/www.mary-chaplin.com\/artiste-peintre\/wp-content\/uploads\/2022\/05\/Wisteria-and-roses-100x100cm-in-situ-2-1200x700.jpg, https:\/\/www.mary-chaplin.com\/artiste-peintre\/wp-content\/uploads\/2022\/05\/Wisteria-and-roses-100x100cm-in-situ-2-2400x1400.jpg 2x\" srcset=\"data:image\/gif;base64,R0lGODlhAQABAIAAAAAAAP\/\/\/yH5BAEAAAAALAAAAAABAAEAAAIBRAA7\" media=\"(min-width: 1025px)\" \/>\n<img decoding=\"async\" src=\"data:image\/gif;base64,R0lGODlhAQABAIAAAAAAAP\/\/\/yH5BAEAAAAALAAAAAABAAEAAAIBRAA7\" data-depicter-src=\"https:\/\/www.mary-chaplin.com\/artiste-peintre\/wp-content\/uploads\/2022\/05\/Wisteria-and-roses-100x100cm-in-situ-2-1200x700.jpg\" alt=\"Wisteria and roses 100x100cm in situ (2)\" \/>\n<\/picture>\n<div data-animation-in=\"{'direction':'bottom','easing':'easeOutQuart','duration':3500,'movement':1000,'fade':true,'type':'move'}\" data-animation-out=\"{'direction':'left','easing':'easeInOutQuart','duration':1600,'movement':0,'rotate':-35,'type':'move'}\" data-between-in-out=\"false\" id=\"depicter-63-element-40\" class=\"depicter-element depicter-layer depicter-63-element-40\" data-type=\"svg\" data-wrap=\"true\" data-name=\"SVG 3\" data-local-id=\"element-40\" data-offset=\"x:126px;y:-28px;origin:mr\" data-mobile-offset=\"x:17px;y:-17px;origin:mc\" data-width=\"150px,,150px\" data-height=\"130px,,130px\" data-responsive-scale=\"true,,\">\n\t<svg width=\"100%\" height=\"100%\" viewBox=\"0 0 100 87\"><path d=\"M50 0l50 86.984H0zm0 0\" \/><\/svg>\n<\/div>\n<\/div>\n\n<div id=\"depicter-63-section-21\" class=\"depicter-section depicter-63-section-21\" data-name=\"Slide 4\" data-type=\"section\" data-local-id=\"section-21\">\n<picture id=\"depicter-63-element-22\" class=\"depicter-element depicter-layer depicter-63-element-22\" data-type=\"image\" data-wrap=\"true\" data-name=\"Image 7\" data-local-id=\"element-22\" data-offset=\"x:0px;y:12px;origin:ml\" data-mobile-offset=\"x:-313px;y:-49px;origin:ml\" data-width=\"1205px,,997px\" data-height=\"725px,,600px\" data-responsive-scale=\"true,,\" data-crop=\"false\">\n<source data-depicter-srcset=\"https:\/\/www.mary-chaplin.com\/artiste-peintre\/wp-content\/uploads\/2022\/09\/galerie-dart-mary-chaplin-997x600.jpg, https:\/\/www.mary-chaplin.com\/artiste-peintre\/wp-content\/uploads\/2022\/09\/galerie-dart-mary-chaplin-1994x1200.jpg 2x\" srcset=\"data:image\/gif;base64,R0lGODlhAQABAIAAAAAAAP\/\/\/yH5BAEAAAAALAAAAAABAAEAAAIBRAA7\" media=\"(max-width: 1024px)\" \/>\n\n<source data-depicter-srcset=\"https:\/\/www.mary-chaplin.com\/artiste-peintre\/wp-content\/uploads\/2022\/09\/galerie-dart-mary-chaplin-1205x725.jpg, https:\/\/www.mary-chaplin.com\/artiste-peintre\/wp-content\/uploads\/2022\/09\/galerie-dart-mary-chaplin-2410x1450.jpg 2x\" srcset=\"data:image\/gif;base64,R0lGODlhAQABAIAAAAAAAP\/\/\/yH5BAEAAAAALAAAAAABAAEAAAIBRAA7\" media=\"(min-width: 1025px)\" \/>\n<img decoding=\"async\" src=\"data:image\/gif;base64,R0lGODlhAQABAIAAAAAAAP\/\/\/yH5BAEAAAAALAAAAAABAAEAAAIBRAA7\" data-depicter-src=\"https:\/\/www.mary-chaplin.com\/artiste-peintre\/wp-content\/uploads\/2022\/09\/galerie-dart-mary-chaplin-1205x725.jpg\" alt=\"\" \/>\n<\/picture><\/div>\n<\/div>\n<script>\n(window.depicterSetups = window.depicterSetups || []).push(function(){\n\tDepicter.basePath = 'https:\/\/www.mary-chaplin.com\/artiste-peintre\/wp-content\/plugins\/depicter\/resources\/scripts\/player\/';\n\tconst dpPlayer = Depicter.setup('.depicter-63',\n\t\t{\"width\":[\"1200\",\"1024\",\"360\"],\"height\":[\"700\",\"700\",\"740\"],\"view\":\"fade\",\"keepAspectRatio\":false,\"preload\":0,\"layout\":\"fullscreen\",\"rtl\":false,\"initAfterAppear\":false,\"ajaxApiUrl\":\"https:\\\/\\\/www.mary-chaplin.com\\\/artiste-peintre\\\/wp-admin\\\/admin-ajax.php\",\"slideshow\":{\"duration\":3,\"pauseOnHover\":false,\"autostart\":true},\"mouseSwipe\":true,\"touchSwipe\":true,\"fullscreenMargin\":\"0\",\"useWatermark\":false}\n\t);\n});\n<\/script><\/p>\n<h1 style=\"text-align: center;\">Mary Chaplin, Artiste peintre luministe contemporain :<\/h1>\n<blockquote>\n<p style=\"text-align: center;\">Venez visiter ma galerie de pr\u00e9sentation de mon \u0153uvre sur les bords de la Durdent \u00e0 Cany-Barville, Haute Normandie. Cette galerie est situ\u00e9e \u00e0 deux pas de la magnifique c\u00f4te d&rsquo;Alb\u00e2tre, berceau de l\u2019impressionnisme !<\/p>\n<figure id=\"attachment_1264\" aria-describedby=\"caption-attachment-1264\" style=\"width: 565px\" class=\"wp-caption aligncenter\"><a href=\"http:\/\/www.mary-chaplin.com\/artiste-peintre\/wp-content\/uploads\/2021\/08\/portrait-cany-jardin-scaled.jpg\"><img loading=\"lazy\" decoding=\"async\" class=\" wp-image-1264\" src=\"http:\/\/www.mary-chaplin.com\/artiste-peintre\/wp-content\/uploads\/2021\/08\/portrait-cany-jardin-300x179.jpg\" alt=\"L'artiste Mary Chaplin dans son jardin \u00e0 Cany Barville\" width=\"565\" height=\"337\" srcset=\"https:\/\/www.mary-chaplin.com\/artiste-peintre\/wp-content\/uploads\/2021\/08\/portrait-cany-jardin-300x179.jpg 300w, https:\/\/www.mary-chaplin.com\/artiste-peintre\/wp-content\/uploads\/2021\/08\/portrait-cany-jardin-1024x610.jpg 1024w, https:\/\/www.mary-chaplin.com\/artiste-peintre\/wp-content\/uploads\/2021\/08\/portrait-cany-jardin-768x458.jpg 768w, https:\/\/www.mary-chaplin.com\/artiste-peintre\/wp-content\/uploads\/2021\/08\/portrait-cany-jardin-1536x915.jpg 1536w, https:\/\/www.mary-chaplin.com\/artiste-peintre\/wp-content\/uploads\/2021\/08\/portrait-cany-jardin-2048x1221.jpg 2048w\" sizes=\"auto, (max-width: 565px) 100vw, 565px\" \/><\/a><figcaption id=\"caption-attachment-1264\" class=\"wp-caption-text\">L&rsquo;artiste Mary Chaplin dans son jardin \u00e0 Cany Barville<\/figcaption><\/figure><\/blockquote>\n<h2 style=\"text-align: left;\"><strong>Je suis artiste peintre professionnelle affili\u00e9e \u00e0 la Maison des Artistes. <\/strong><\/h2>\n<p style=\"text-align: left;\"><strong>Je vis entre la Picardie et la Normandie. Je travaille principalement \u00e0 Cany-Barville o\u00f9 se trouve mon atelier. Id\u00e9alement situ\u00e9 sur les bords de la Durdent en Normandie. <\/strong>Mon travail est r\u00e9guli\u00e8rement expos\u00e9 en galerie ou autres expositions en France et au del\u00e0 de ses fronti\u00e8res. A noter que mon atelier de cr\u00e9ation n&rsquo;est pas ouvert au public.\u00a0 Tarif des \u0153uvres\u00a0 sur simple demande par le <a href=\"https:\/\/www.mary-chaplin.com\/artiste-peintre\/contact-mary-chaplin-artiste-peintre-luministe\/\">formulaire contact du site.<\/a><\/p>\n<figure id=\"attachment_818\" aria-describedby=\"caption-attachment-818\" style=\"width: 350px\" class=\"wp-caption alignleft\"><a href=\"http:\/\/www.mary-chaplin.com\/artiste-peintre\/wp-content\/uploads\/2019\/05\/portrait-atelier2019w.jpg\"><img loading=\"lazy\" decoding=\"async\" class=\"wp-image-818\" src=\"http:\/\/www.mary-chaplin.com\/artiste-peintre\/wp-content\/uploads\/2019\/05\/portrait-atelier2019w-300x209.jpg\" alt=\"Portrait de Mary Chaplin\" width=\"350\" height=\"243\" srcset=\"https:\/\/www.mary-chaplin.com\/artiste-peintre\/wp-content\/uploads\/2019\/05\/portrait-atelier2019w-300x209.jpg 300w, https:\/\/www.mary-chaplin.com\/artiste-peintre\/wp-content\/uploads\/2019\/05\/portrait-atelier2019w-768x534.jpg 768w, https:\/\/www.mary-chaplin.com\/artiste-peintre\/wp-content\/uploads\/2019\/05\/portrait-atelier2019w-1024x712.jpg 1024w, https:\/\/www.mary-chaplin.com\/artiste-peintre\/wp-content\/uploads\/2019\/05\/portrait-atelier2019w.jpg 1989w\" sizes=\"auto, (max-width: 350px) 100vw, 350px\" \/><\/a><figcaption id=\"caption-attachment-818\" class=\"wp-caption-text\">Portrait de Mary Chaplin dans son ancien atelier de Wailly<\/figcaption><\/figure>\n<p align=\"justify\">Peintre issue du milieu figuratif, je travaille parall\u00e8lement des sujets non-figuratifs voire abstraits et reviens r\u00e9guli\u00e8rement vers la nature comme sujet de recherches.<\/p>\n<p align=\"justify\">Je travaille sur l\u2019observation de la Nature par la M\u00e9ditation de Pleine Conscience que j&rsquo;utilise pour raconter mes <strong>Paysages Int\u00e9rieurs<\/strong>, souvenirs de ma vie de moments qui furent \u00e9motionnellement tr\u00e8s forts. Pour traduire\u00a0 mon amour des jardins, leurs\u00a0 histoires, les traces qu&rsquo;ils ont laiss\u00e9es dans ma m\u00e9moire, parfums des bouquets de l&rsquo;enfance,\u00a0 la s\u00e9rie\u00a0 \u00ab\u00a0<strong>\u00c9tats d\u2019\u00e2me nature\u00a0\u00bb<\/strong> me fait voyager de l\u2019impressionnisme vers l&rsquo;abstraction. Quant \u00e0 la s\u00e9rie <strong>&lsquo;Nature d&rsquo;Oxymores&rsquo;<\/strong> elle est est le point de jonction o\u00f9\u00a0 mon travail abstrait rencontre\u00a0 des sujets qui restent d&rsquo;inspiration figurative.<\/p>\n<p align=\"justify\"><strong>Je voyage par des chemins qui vont du figuratif au non-figuratif selon mon humeur, je ne cherche pas \u00e0 suivre une mode; j\u2019exprime mes \u00e9motions, j\u2019\u00e9coute mon c\u0153ur et pour moi cette libert\u00e9 est le sens premier du m\u00e9tier d\u2019artiste.<\/strong><\/p>\n<header class=\"entry-header\">\n<blockquote>\n<h1 class=\"entry-title\">Mary Chaplin : Peintre luministe ?<\/h1>\n<\/blockquote>\n<\/header>\n<div class=\"entry-content\">Peintre luministe, mes toiles sont l\u2019expression de l\u2019\u00e9motion apport\u00e9e par la lumi\u00e8re dans ce qu\u2019elle offre de sacr\u00e9.<br \/>\nEn effet, l\u2019observation des reflets des vitraux dans certains \u00e9difices religieux est le point de d\u00e9part de ma recherche plastique. De cette recherche, naissent mes \u2018r\u00e9flexions\u2019, \u2018inspirations orphiques\u2019. Elles seront silencieuses, fragment\u00e9es, v\u00e9g\u00e9tales ou vagabondes selon l\u2019empreinte du lieu.<br \/>\nLa peinture m\u2019emm\u00e8ne sur un chemin de m\u00e9ditation. Chaque toile est une \u00e9tape d\u2019un parcours spirituel que j\u2019accomplis dans et vers la lumi\u00e8re comme une c\u00e9l\u00e9bration de l\u2019ineffable. L\u2019ombre n\u2019est que l\u2019excuse de la lumi\u00e8re et leur expression n\u2019est rien d\u2019autre que mon langage non-figuratif, la parole de mon indicible expression int\u00e9rieure.<br \/>\nJ\u2019ai choisi le terme \u00ab reflexions \u00bb, (ce mot dans le langage de Shakespeare veut dire reflets ) car il \u00e9voque la source de mon inspiration et r\u00e9sume parfaitement le fruit de mon travail.Et c\u2019est dans les \u00e9glises, chapelles et cath\u00e9drales de Picardie et d\u2019ailleurs que j\u2019ai observ\u00e9 les effets \u00e9ph\u00e9m\u00e8res des reflets cr\u00e9es par la lumi\u00e8re passant au travers des vitraux. Cette observation a \u00e9t\u00e9 le d\u00e9part en 2005 d\u2019un travail qui m\u2019a men\u00e9e vers le non-figuratif.<br \/>\nAujourd\u2019hui ce travail a \u00e9volu\u00e9 vers l\u2019abstraction, l\u2019orphisme. L\u2019id\u00e9e de la lumi\u00e8re est toujours omnipr\u00e9sente mais les liens avec la figuration s\u2019\u00e9loignent pour laisser place \u00e0 une expression lib\u00e9r\u00e9e de toute repr\u00e9sentation figurative.<br \/>\nJe voyage par des chemins qui vont du figuratif au non-figuratif selon mon humeur, je ne cherche pas \u00e0 suivre une mode; j\u2019exprime mes \u00e9motions, j\u2019\u00e9coute mon c\u0153ur et pour moi cette libert\u00e9 est le sens premier du m\u00e9tier d\u2019artiste.<\/div>\n<div><a href=\"https:\/\/fr.wikipedia.org\/wiki\/Mary_Chaplin\" target=\"_blank\" rel=\"noopener\">Lien page Wikipedia<\/a><\/div>\n<p align=\"justify\"><strong>Mon parcours:<\/strong><\/p>\n<ul>\n<li>2024 &#8211; <a href=\"https:\/\/www.calameo.com\/read\/005485905099dbe1eb5de\" target=\"_blank\" rel=\"noopener\">Entretien avec Nathalie Calm\u00e9<\/a>, journaliste et \u00e9crivain pour la <a href=\"https:\/\/www.mary-chaplin.com\/artiste-peintre\/expositions-de-mary-chaplin\/\" target=\"_blank\" rel=\"noopener\">Revue SOURCES dans le cadre de sa qu\u00eate vers la lumi\u00e8re.<\/a><\/li>\n<li>2023 &#8211; Nouveau partenariat avec la <a href=\"https:\/\/www.kunstkauf24.de\/kuenstler\/mary-chaplin\/\" target=\"_blank\" rel=\"noopener\">galerie SCHILL<\/a> de Stuttgart Allemagne<\/li>\n<li>2023- exposition \u00e0 la Maison Henri IV de St Valery en Caux intitul\u00e9e &lsquo;Histoire d&rsquo;eau&rsquo; organis\u00e9e par la Municipalit\u00e9 de Saint Valery en Caux<\/li>\n<li>2020 &#8211; cr\u00e9ation de l&rsquo;atelier\/galerie de Mary Chaplin \u00e0<a href=\"https:\/\/www.kunstkauf24.de\/kuenstler\/mary-chaplin\/\" target=\"_blank\" rel=\"noopener\"> Cany-Barville 76450 Normandie<\/a><\/li>\n<li>2020-2021- Exposition R\u00e9trospective intitul\u00e9e <a href=\"http:\/\/marychaplin-peintreluministe.com\/artiste\/\" target=\"_blank\" rel=\"noopener\">\u2018Permanences de l\u2019\u00c9ph\u00e9m\u00e8re&rsquo;<\/a> organis\u00e9e par le Conseil \u00a0\u00a0\u00a0\u00a0\u00a0\u00a0\u00a0\u00a0\u00a0\u00a0\u00a0\u00a0 D\u00e9partemental de la Somme au Mus\u00e9e de l\u2019Abbaye de St Riquier<\/li>\n<li>2020 &#8211; De mars \u00e0 la fin Octobre 2020: Exposition Galerie <a href=\"https:\/\/galerijhuishuis.be\/content\/mary-chaplin-0\" target=\"_blank\" rel=\"noopener\">Huis Huis de Jan Van Damme<\/a> , Gand, Belgique<\/li>\n<li>2019 &#8211; Exposition <b>Galerie l\u2019Imprimerie Amiens<\/b><\/li>\n<li>2019 \u2013 Bourse de travail obtenu par la <b>R\u00e9gion des Hauts de France <\/b>pour le projet de recherches plastiques sur <b>la maladie d\u2019Alzheimer<\/b><\/li>\n<li>2020 <b>&#8211; <\/b>Exposition\u00a0 invit\u00e9e par l\u2019artiste<b>\u00a0 <a href=\"https:\/\/www.rozanesmonique.com\/\" target=\"_blank\" rel=\"noopener\">Monique Rozanes<\/a><\/b><\/li>\n<li>2019 : Partenariat avec<a href=\"https:\/\/signetcontemporaryart.com\/artist\/mary-chaplin\/\" target=\"_blank\" rel=\"noopener noreferrer\"> Signe and James Giles, Signet Contemporary Art Gallery Chelsea, London UK<\/a><\/li>\n<li>2018 : Partenariat avec la <a href=\"https:\/\/www.aubergineart.co.uk\/artists\/102-mary-chaplin\/overview\/\" target=\"_blank\" rel=\"noopener noreferrer\">Galerie Aubergine, Londres Wimbledon Angleterre<\/a><\/li>\n<li>2018 : Partenariat avec la <a href=\"http:\/\/www.coastal-gallery.co.uk\/artist\/mary-chaplin\/\" target=\"_blank\" rel=\"noopener noreferrer\">Coastal Gallery Lymington, New Forest UK<\/a><\/li>\n<li>2017 : Partenariat avec la <a href=\"http:\/\/www.wychwoodart.com\/shop\/original-painting\/farandolle\/\">Galerie Wychwood Art, Deddington<\/a>, Angleterre<\/li>\n<li>2017 : Participation \u00e0 l&rsquo;exposition d&rsquo;\u00e9t\u00e9 de la <a href=\"https:\/\/www.oriel.org.uk\/en\/artists\/chaplin-mary\">Galerie Oriel Plas Glyn Y-Weddw Llanbredog<\/a>, Pays de Galles<\/li>\n<li>2017 : Exposition, Ville d&rsquo;Yport (76) <a href=\"http:\/\/www.mary-chaplin.com\/artiste-peintre\/mon-actualite\/\">Galerie Jef Friboulet<\/a><\/li>\n<li><a href=\"https:\/\/www.mary-chaplin.com\/artiste-peintre\/wp-content\/uploads\/2018\/01\/parcours-en-quelques-dates.pdf\" target=\"_blank\" rel=\"noopener\">Parcours en quelques dates<\/a><\/li>\n<\/ul>\n<h4>Article de Fran\u00e7oise Coffrant sur ma qu\u00eate de lumi\u00e8re, magazine artistes n\u00b0126 , photos de Cyrille Struy<\/h4>\n<figure id=\"attachment_671\" aria-describedby=\"caption-attachment-671\" style=\"width: 724px\" class=\"wp-caption alignleft\"><img loading=\"lazy\" decoding=\"async\" class=\"wp-image-671 size-large\" src=\"https:\/\/www.mary-chaplin.com\/artiste-peintre\/wp-content\/uploads\/2014\/12\/artistemagazine126-1-724x1024.jpg\" alt=\"Secret d'artistes artiste magazine N\u00b0126\" width=\"724\" height=\"1024\" srcset=\"https:\/\/www.mary-chaplin.com\/artiste-peintre\/wp-content\/uploads\/2014\/12\/artistemagazine126-1-724x1024.jpg 724w, https:\/\/www.mary-chaplin.com\/artiste-peintre\/wp-content\/uploads\/2014\/12\/artistemagazine126-1-212x300.jpg 212w, https:\/\/www.mary-chaplin.com\/artiste-peintre\/wp-content\/uploads\/2014\/12\/artistemagazine126-1-768x1086.jpg 768w, https:\/\/www.mary-chaplin.com\/artiste-peintre\/wp-content\/uploads\/2014\/12\/artistemagazine126-1-300x424.jpg 300w\" sizes=\"auto, (max-width: 724px) 100vw, 724px\" \/><figcaption id=\"caption-attachment-671\" class=\"wp-caption-text\">Secret d&rsquo;artistes artiste magazine N\u00b0126<\/figcaption><\/figure>\n<figure id=\"attachment_672\" aria-describedby=\"caption-attachment-672\" style=\"width: 724px\" class=\"wp-caption alignright\"><img loading=\"lazy\" decoding=\"async\" class=\"wp-image-672 size-large\" src=\"https:\/\/www.mary-chaplin.com\/artiste-peintre\/wp-content\/uploads\/2014\/12\/artistemagazine126-2-724x1024.jpg\" alt=\"Secret d'artistes artiste magazine N\u00b0126\" width=\"724\" height=\"1024\" srcset=\"https:\/\/www.mary-chaplin.com\/artiste-peintre\/wp-content\/uploads\/2014\/12\/artistemagazine126-2-724x1024.jpg 724w, https:\/\/www.mary-chaplin.com\/artiste-peintre\/wp-content\/uploads\/2014\/12\/artistemagazine126-2-212x300.jpg 212w, https:\/\/www.mary-chaplin.com\/artiste-peintre\/wp-content\/uploads\/2014\/12\/artistemagazine126-2-768x1086.jpg 768w, https:\/\/www.mary-chaplin.com\/artiste-peintre\/wp-content\/uploads\/2014\/12\/artistemagazine126-2-300x424.jpg 300w\" sizes=\"auto, (max-width: 724px) 100vw, 724px\" \/><figcaption id=\"caption-attachment-672\" class=\"wp-caption-text\">Secret d&rsquo;artistes artiste magazine N\u00b0126<\/figcaption><\/figure>\n<figure id=\"attachment_673\" aria-describedby=\"caption-attachment-673\" style=\"width: 724px\" class=\"wp-caption alignleft\"><img loading=\"lazy\" decoding=\"async\" class=\"wp-image-673 size-large\" src=\"https:\/\/www.mary-chaplin.com\/artiste-peintre\/wp-content\/uploads\/2014\/12\/artistemagazine126-3-724x1024.jpg\" alt=\"Secret d'artistes artiste magazine N\u00b0126\" width=\"724\" height=\"1024\" srcset=\"https:\/\/www.mary-chaplin.com\/artiste-peintre\/wp-content\/uploads\/2014\/12\/artistemagazine126-3-724x1024.jpg 724w, https:\/\/www.mary-chaplin.com\/artiste-peintre\/wp-content\/uploads\/2014\/12\/artistemagazine126-3-212x300.jpg 212w, https:\/\/www.mary-chaplin.com\/artiste-peintre\/wp-content\/uploads\/2014\/12\/artistemagazine126-3-768x1086.jpg 768w, https:\/\/www.mary-chaplin.com\/artiste-peintre\/wp-content\/uploads\/2014\/12\/artistemagazine126-3-300x424.jpg 300w\" sizes=\"auto, (max-width: 724px) 100vw, 724px\" \/><figcaption id=\"caption-attachment-673\" class=\"wp-caption-text\">Secret d&rsquo;artistes artiste magazine N\u00b0126<\/figcaption><\/figure>\n<figure id=\"attachment_674\" aria-describedby=\"caption-attachment-674\" style=\"width: 724px\" class=\"wp-caption alignright\"><img loading=\"lazy\" decoding=\"async\" class=\"wp-image-674 size-large\" src=\"https:\/\/www.mary-chaplin.com\/artiste-peintre\/wp-content\/uploads\/2014\/12\/artistemagazine126-4-724x1024.jpg\" alt=\"Secret d'artistes artiste magazine N\u00b0126\" width=\"724\" height=\"1024\" srcset=\"https:\/\/www.mary-chaplin.com\/artiste-peintre\/wp-content\/uploads\/2014\/12\/artistemagazine126-4-724x1024.jpg 724w, https:\/\/www.mary-chaplin.com\/artiste-peintre\/wp-content\/uploads\/2014\/12\/artistemagazine126-4-212x300.jpg 212w, https:\/\/www.mary-chaplin.com\/artiste-peintre\/wp-content\/uploads\/2014\/12\/artistemagazine126-4-768x1086.jpg 768w, https:\/\/www.mary-chaplin.com\/artiste-peintre\/wp-content\/uploads\/2014\/12\/artistemagazine126-4-300x424.jpg 300w\" sizes=\"auto, (max-width: 724px) 100vw, 724px\" \/><figcaption id=\"caption-attachment-674\" class=\"wp-caption-text\">Secret d&rsquo;artistes artiste magazine N\u00b0126<\/figcaption><\/figure>\n","protected":false},"excerpt":{"rendered":"<p>Mary Chaplin, Artiste peintre luministe contemporain : Venez visiter ma galerie de pr\u00e9sentation de mon \u0153uvre sur les bords de la Durdent \u00e0 Cany-Barville, Haute Normandie. Cette galerie est situ\u00e9e \u00e0 deux pas de la magnifique c\u00f4te d&rsquo;Alb\u00e2tre, berceau de l\u2019impressionnisme ! Je suis artiste peintre professionnelle affili\u00e9e \u00e0 la Maison des Artistes. Je vis [&hellip;]<\/p>\n","protected":false},"author":1,"featured_media":0,"parent":0,"menu_order":0,"comment_status":"closed","ping_status":"closed","template":"page-full-width.php","meta":{"footnotes":""},"class_list":["post-30","page","type-page","status-publish","hentry"],"yoast_head":"<!-- This site is optimized with the Yoast SEO plugin v27.4 - https:\/\/yoast.com\/product\/yoast-seo-wordpress\/ -->\n<title>Artiste Peintre professionnelle normandie \/ cany-barville.<\/title>\n<meta name=\"description\" content=\"D\u00e9couvrez l&#039;univers de l&#039;Artiste peintre luministe Mary Chaplin dont les recherches plastiques vont de l&#039;art figuratif \u00e0 l&#039;abstraction.\" \/>\n<meta name=\"robots\" content=\"index, follow, max-snippet:-1, max-image-preview:large, max-video-preview:-1\" \/>\n<link rel=\"canonical\" href=\"https:\/\/www.mary-chaplin.com\/artiste-peintre\/presentation-de-lartiste-peintre-luministe-mary-chaplin\/\" \/>\n<meta property=\"og:locale\" content=\"fr_FR\" \/>\n<meta property=\"og:type\" content=\"article\" \/>\n<meta property=\"og:title\" content=\"Artiste Peintre professionnelle normandie \/ cany-barville.\" \/>\n<meta property=\"og:description\" content=\"D\u00e9couvrez l&#039;univers de l&#039;Artiste peintre luministe Mary Chaplin dont les recherches plastiques vont de l&#039;art figuratif \u00e0 l&#039;abstraction.\" \/>\n<meta property=\"og:url\" content=\"https:\/\/www.mary-chaplin.com\/artiste-peintre\/presentation-de-lartiste-peintre-luministe-mary-chaplin\/\" \/>\n<meta property=\"og:site_name\" content=\"Mary Chaplin Artiste peintre\" \/>\n<meta property=\"article:modified_time\" content=\"2024-01-18T08:39:11+00:00\" \/>\n<meta property=\"og:image\" content=\"http:\/\/www.mary-chaplin.com\/artiste-peintre\/wp-content\/uploads\/2021\/08\/portrait-cany-jardin-300x179.jpg\" \/>\n<meta name=\"twitter:card\" content=\"summary_large_image\" \/>\n<script type=\"application\/ld+json\" class=\"yoast-schema-graph\">{\"@context\":\"https:\\\/\\\/schema.org\",\"@graph\":[{\"@type\":\"WebPage\",\"@id\":\"https:\\\/\\\/www.mary-chaplin.com\\\/artiste-peintre\\\/presentation-de-lartiste-peintre-luministe-mary-chaplin\\\/\",\"url\":\"https:\\\/\\\/www.mary-chaplin.com\\\/artiste-peintre\\\/presentation-de-lartiste-peintre-luministe-mary-chaplin\\\/\",\"name\":\"Artiste Peintre professionnelle normandie \\\/ cany-barville.\",\"isPartOf\":{\"@id\":\"https:\\\/\\\/www.mary-chaplin.com\\\/artiste-peintre\\\/#website\"},\"primaryImageOfPage\":{\"@id\":\"https:\\\/\\\/www.mary-chaplin.com\\\/artiste-peintre\\\/presentation-de-lartiste-peintre-luministe-mary-chaplin\\\/#primaryimage\"},\"image\":{\"@id\":\"https:\\\/\\\/www.mary-chaplin.com\\\/artiste-peintre\\\/presentation-de-lartiste-peintre-luministe-mary-chaplin\\\/#primaryimage\"},\"thumbnailUrl\":\"http:\\\/\\\/www.mary-chaplin.com\\\/artiste-peintre\\\/wp-content\\\/uploads\\\/2021\\\/08\\\/portrait-cany-jardin-300x179.jpg\",\"datePublished\":\"2014-12-05T15:17:41+00:00\",\"dateModified\":\"2024-01-18T08:39:11+00:00\",\"description\":\"D\u00e9couvrez l'univers de l'Artiste peintre luministe Mary Chaplin dont les recherches plastiques vont de l'art figuratif \u00e0 l'abstraction.\",\"inLanguage\":\"fr-FR\",\"potentialAction\":[{\"@type\":\"ReadAction\",\"target\":[\"https:\\\/\\\/www.mary-chaplin.com\\\/artiste-peintre\\\/presentation-de-lartiste-peintre-luministe-mary-chaplin\\\/\"]}]},{\"@type\":\"ImageObject\",\"inLanguage\":\"fr-FR\",\"@id\":\"https:\\\/\\\/www.mary-chaplin.com\\\/artiste-peintre\\\/presentation-de-lartiste-peintre-luministe-mary-chaplin\\\/#primaryimage\",\"url\":\"http:\\\/\\\/www.mary-chaplin.com\\\/artiste-peintre\\\/wp-content\\\/uploads\\\/2021\\\/08\\\/portrait-cany-jardin-300x179.jpg\",\"contentUrl\":\"http:\\\/\\\/www.mary-chaplin.com\\\/artiste-peintre\\\/wp-content\\\/uploads\\\/2021\\\/08\\\/portrait-cany-jardin-300x179.jpg\"},{\"@type\":\"WebSite\",\"@id\":\"https:\\\/\\\/www.mary-chaplin.com\\\/artiste-peintre\\\/#website\",\"url\":\"https:\\\/\\\/www.mary-chaplin.com\\\/artiste-peintre\\\/\",\"name\":\"Mary Chaplin Artiste peintre\",\"description\":\"Artiste peintre Wailly Conty, Impressionnisme abstrait contemporain Hauts de France\",\"publisher\":{\"@id\":\"https:\\\/\\\/www.mary-chaplin.com\\\/artiste-peintre\\\/#organization\"},\"potentialAction\":[{\"@type\":\"SearchAction\",\"target\":{\"@type\":\"EntryPoint\",\"urlTemplate\":\"https:\\\/\\\/www.mary-chaplin.com\\\/artiste-peintre\\\/?s={search_term_string}\"},\"query-input\":{\"@type\":\"PropertyValueSpecification\",\"valueRequired\":true,\"valueName\":\"search_term_string\"}}],\"inLanguage\":\"fr-FR\"},{\"@type\":\"Organization\",\"@id\":\"https:\\\/\\\/www.mary-chaplin.com\\\/artiste-peintre\\\/#organization\",\"name\":\"Mary Chaplin Artiste peintre\",\"url\":\"https:\\\/\\\/www.mary-chaplin.com\\\/artiste-peintre\\\/\",\"logo\":{\"@type\":\"ImageObject\",\"inLanguage\":\"fr-FR\",\"@id\":\"https:\\\/\\\/www.mary-chaplin.com\\\/artiste-peintre\\\/#\\\/schema\\\/logo\\\/image\\\/\",\"url\":\"https:\\\/\\\/www.mary-chaplin.com\\\/artiste-peintre\\\/wp-content\\\/uploads\\\/2022\\\/09\\\/cropped-logo-mc.png\",\"contentUrl\":\"https:\\\/\\\/www.mary-chaplin.com\\\/artiste-peintre\\\/wp-content\\\/uploads\\\/2022\\\/09\\\/cropped-logo-mc.png\",\"width\":848,\"height\":137,\"caption\":\"Mary Chaplin Artiste peintre\"},\"image\":{\"@id\":\"https:\\\/\\\/www.mary-chaplin.com\\\/artiste-peintre\\\/#\\\/schema\\\/logo\\\/image\\\/\"}}]}<\/script>\n<!-- \/ Yoast SEO plugin. -->","yoast_head_json":{"title":"Artiste Peintre professionnelle normandie \/ cany-barville.","description":"D\u00e9couvrez l'univers de l'Artiste peintre luministe Mary Chaplin dont les recherches plastiques vont de l'art figuratif \u00e0 l'abstraction.","robots":{"index":"index","follow":"follow","max-snippet":"max-snippet:-1","max-image-preview":"max-image-preview:large","max-video-preview":"max-video-preview:-1"},"canonical":"https:\/\/www.mary-chaplin.com\/artiste-peintre\/presentation-de-lartiste-peintre-luministe-mary-chaplin\/","og_locale":"fr_FR","og_type":"article","og_title":"Artiste Peintre professionnelle normandie \/ cany-barville.","og_description":"D\u00e9couvrez l'univers de l'Artiste peintre luministe Mary Chaplin dont les recherches plastiques vont de l'art figuratif \u00e0 l'abstraction.","og_url":"https:\/\/www.mary-chaplin.com\/artiste-peintre\/presentation-de-lartiste-peintre-luministe-mary-chaplin\/","og_site_name":"Mary Chaplin Artiste peintre","article_modified_time":"2024-01-18T08:39:11+00:00","og_image":[{"url":"http:\/\/www.mary-chaplin.com\/artiste-peintre\/wp-content\/uploads\/2021\/08\/portrait-cany-jardin-300x179.jpg","type":"","width":"","height":""}],"twitter_card":"summary_large_image","schema":{"@context":"https:\/\/schema.org","@graph":[{"@type":"WebPage","@id":"https:\/\/www.mary-chaplin.com\/artiste-peintre\/presentation-de-lartiste-peintre-luministe-mary-chaplin\/","url":"https:\/\/www.mary-chaplin.com\/artiste-peintre\/presentation-de-lartiste-peintre-luministe-mary-chaplin\/","name":"Artiste Peintre professionnelle normandie \/ cany-barville.","isPartOf":{"@id":"https:\/\/www.mary-chaplin.com\/artiste-peintre\/#website"},"primaryImageOfPage":{"@id":"https:\/\/www.mary-chaplin.com\/artiste-peintre\/presentation-de-lartiste-peintre-luministe-mary-chaplin\/#primaryimage"},"image":{"@id":"https:\/\/www.mary-chaplin.com\/artiste-peintre\/presentation-de-lartiste-peintre-luministe-mary-chaplin\/#primaryimage"},"thumbnailUrl":"http:\/\/www.mary-chaplin.com\/artiste-peintre\/wp-content\/uploads\/2021\/08\/portrait-cany-jardin-300x179.jpg","datePublished":"2014-12-05T15:17:41+00:00","dateModified":"2024-01-18T08:39:11+00:00","description":"D\u00e9couvrez l'univers de l'Artiste peintre luministe Mary Chaplin dont les recherches plastiques vont de l'art figuratif \u00e0 l'abstraction.","inLanguage":"fr-FR","potentialAction":[{"@type":"ReadAction","target":["https:\/\/www.mary-chaplin.com\/artiste-peintre\/presentation-de-lartiste-peintre-luministe-mary-chaplin\/"]}]},{"@type":"ImageObject","inLanguage":"fr-FR","@id":"https:\/\/www.mary-chaplin.com\/artiste-peintre\/presentation-de-lartiste-peintre-luministe-mary-chaplin\/#primaryimage","url":"http:\/\/www.mary-chaplin.com\/artiste-peintre\/wp-content\/uploads\/2021\/08\/portrait-cany-jardin-300x179.jpg","contentUrl":"http:\/\/www.mary-chaplin.com\/artiste-peintre\/wp-content\/uploads\/2021\/08\/portrait-cany-jardin-300x179.jpg"},{"@type":"WebSite","@id":"https:\/\/www.mary-chaplin.com\/artiste-peintre\/#website","url":"https:\/\/www.mary-chaplin.com\/artiste-peintre\/","name":"Mary Chaplin Artiste peintre","description":"Artiste peintre Wailly Conty, Impressionnisme abstrait contemporain Hauts de France","publisher":{"@id":"https:\/\/www.mary-chaplin.com\/artiste-peintre\/#organization"},"potentialAction":[{"@type":"SearchAction","target":{"@type":"EntryPoint","urlTemplate":"https:\/\/www.mary-chaplin.com\/artiste-peintre\/?s={search_term_string}"},"query-input":{"@type":"PropertyValueSpecification","valueRequired":true,"valueName":"search_term_string"}}],"inLanguage":"fr-FR"},{"@type":"Organization","@id":"https:\/\/www.mary-chaplin.com\/artiste-peintre\/#organization","name":"Mary Chaplin Artiste peintre","url":"https:\/\/www.mary-chaplin.com\/artiste-peintre\/","logo":{"@type":"ImageObject","inLanguage":"fr-FR","@id":"https:\/\/www.mary-chaplin.com\/artiste-peintre\/#\/schema\/logo\/image\/","url":"https:\/\/www.mary-chaplin.com\/artiste-peintre\/wp-content\/uploads\/2022\/09\/cropped-logo-mc.png","contentUrl":"https:\/\/www.mary-chaplin.com\/artiste-peintre\/wp-content\/uploads\/2022\/09\/cropped-logo-mc.png","width":848,"height":137,"caption":"Mary Chaplin Artiste peintre"},"image":{"@id":"https:\/\/www.mary-chaplin.com\/artiste-peintre\/#\/schema\/logo\/image\/"}}]}},"_links":{"self":[{"href":"https:\/\/www.mary-chaplin.com\/artiste-peintre\/wp-json\/wp\/v2\/pages\/30","targetHints":{"allow":["GET"]}}],"collection":[{"href":"https:\/\/www.mary-chaplin.com\/artiste-peintre\/wp-json\/wp\/v2\/pages"}],"about":[{"href":"https:\/\/www.mary-chaplin.com\/artiste-peintre\/wp-json\/wp\/v2\/types\/page"}],"author":[{"embeddable":true,"href":"https:\/\/www.mary-chaplin.com\/artiste-peintre\/wp-json\/wp\/v2\/users\/1"}],"replies":[{"embeddable":true,"href":"https:\/\/www.mary-chaplin.com\/artiste-peintre\/wp-json\/wp\/v2\/comments?post=30"}],"version-history":[{"count":76,"href":"https:\/\/www.mary-chaplin.com\/artiste-peintre\/wp-json\/wp\/v2\/pages\/30\/revisions"}],"predecessor-version":[{"id":1908,"href":"https:\/\/www.mary-chaplin.com\/artiste-peintre\/wp-json\/wp\/v2\/pages\/30\/revisions\/1908"}],"wp:attachment":[{"href":"https:\/\/www.mary-chaplin.com\/artiste-peintre\/wp-json\/wp\/v2\/media?parent=30"}],"curies":[{"name":"wp","href":"https:\/\/api.w.org\/{rel}","templated":true}]}}